{"version":"1.0","provider_name":"L&#039;Institut International pour La Justice et l&#039;Etat de Droit","provider_url":"https:\/\/theiij.org\/fr\/","title":"Initiative Retour des Combattant terroriste \u00e9tranger (CTE) - L&#039;Institut International pour La Justice et l&#039;Etat de Droit","type":"rich","width":600,"height":338,"html":"<blockquote class=\"wp-embedded-content\" data-secret=\"9iKYdCLfqq\"><a href=\"https:\/\/theiij.org\/fr\/rftfs-initiative\/\">Initiative Retour des Combattant terroriste \u00e9tranger (CTE)<\/a><\/blockquote><iframe sandbox=\"allow-scripts\" security=\"restricted\" src=\"https:\/\/theiij.org\/fr\/rftfs-initiative\/embed\/#?secret=9iKYdCLfqq\" width=\"600\" height=\"338\" title=\"\u00ab\u00a0Initiative Retour des Combattant terroriste \u00e9tranger (CTE)\u00a0\u00bb &#8212; L&#039;Institut International pour La Justice et l&#039;Etat de Droit\" data-secret=\"9iKYdCLfqq\" frameborder=\"0\" marginwidth=\"0\" marginheight=\"0\" scrolling=\"no\" class=\"wp-embedded-content\"><\/iframe><script>\n\/*! This file is auto-generated *\/\n!function(d,l){\"use strict\";l.querySelector&&d.addEventListener&&\"undefined\"!=typeof URL&&(d.wp=d.wp||{},d.wp.receiveEmbedMessage||(d.wp.receiveEmbedMessage=function(e){var t=e.data;if((t||t.secret||t.message||t.value)&&!\/[^a-zA-Z0-9]\/.test(t.secret)){for(var s,r,n,a=l.querySelectorAll('iframe[data-secret=\"'+t.secret+'\"]'),o=l.querySelectorAll('blockquote[data-secret=\"'+t.secret+'\"]'),c=new RegExp(\"^https?:$\",\"i\"),i=0;i<o.length;i++)o[i].style.display=\"none\";for(i=0;i<a.length;i++)s=a[i],e.source===s.contentWindow&&(s.removeAttribute(\"style\"),\"height\"===t.message?(1e3<(r=parseInt(t.value,10))?r=1e3:~~r<200&&(r=200),s.height=r):\"link\"===t.message&&(r=new URL(s.getAttribute(\"src\")),n=new URL(t.value),c.test(n.protocol))&&n.host===r.host&&l.activeElement===s&&(d.top.location.href=t.value))}},d.addEventListener(\"message\",d.wp.receiveEmbedMessage,!1),l.addEventListener(\"DOMContentLoaded\",function(){for(var e,t,s=l.querySelectorAll(\"iframe.wp-embedded-content\"),r=0;r<s.length;r++)(t=(e=s[r]).getAttribute(\"data-secret\"))||(t=Math.random().toString(36).substring(2,12),e.src+=\"#?secret=\"+t,e.setAttribute(\"data-secret\",t)),e.contentWindow.postMessage({message:\"ready\",secret:t},\"*\")},!1)))}(window,document);\n\/\/# sourceURL=https:\/\/theiij.org\/wp-includes\/js\/wp-embed.min.js\n<\/script>\n","description":"L&rsquo;Initiative relative au retour des combattants terroristes \u00e9trangers (CTE) d\u00e9veloppe une approche interinstitutionnelle afin de mobiliser diff\u00e9rentes disciplines pour traiter la question de la r\u00e9habilitation et de la r\u00e9int\u00e9gration des combattants terroristes."}