{"id":10439,"date":"2022-01-17T13:08:52","date_gmt":"2022-01-17T13:08:52","guid":{"rendered":"https:\/\/www.theiij.org\/event\/iij-global-central-authorities-initiative-national-workshop-on-developing-a-comprehensive-legal-framework-for-international-judicial-cooperation-in-criminal-matters-in-senegal\/"},"modified":"2022-01-17T13:19:51","modified_gmt":"2022-01-17T13:19:51","slug":"iij-global-central-authorities-initiative-national-workshop-on-developing-a-comprehensive-legal-framework-for-international-judicial-cooperation-in-criminal-matters-in-senegal","status":"publish","type":"event","link":"https:\/\/theiij.org\/fr\/event\/iij-global-central-authorities-initiative-national-workshop-on-developing-a-comprehensive-legal-framework-for-international-judicial-cooperation-in-criminal-matters-in-senegal\/","title":{"rendered":"Initiative mondiale de l\u2019IIJ relative aux Autorit\u00e9s centrales : Atelier national sur l&rsquo;\u00e9laboration d\u2019un cadre juridique exhaustif pour la coop\u00e9ration judiciaire internationale en mati\u00e8re p\u00e9nale au S\u00e9n\u00e9gal"},"content":{"rendered":"\n<p>En d\u00e9cembre 2021, l&rsquo;IIJ s&rsquo;est joint \u00e0 16 juges, procureurs et experts en r\u00e9daction juridique du minist\u00e8re de la Justice du S\u00e9n\u00e9gal pour commenter et r\u00e9viser le nouveau projet de loi s\u00e9n\u00e9galais sur la coop\u00e9ration judiciaire internationale. La nouvelle loi, qui cr\u00e9e un cadre juridique pour l&rsquo;entraide judiciaire, l&rsquo;extradition, le transfert international de prisonniers et les enqu\u00eates conjointes, serait la premi\u00e8re r\u00e9vision majeure de la l\u00e9gislation s\u00e9n\u00e9galaise depuis 1971.<\/p>\n\n\n\n<figure class=\"wp-block-image size-large\"><img loading=\"lazy\" decoding=\"async\" width=\"1024\" height=\"767\" src=\"https:\/\/www.theiij.org\/wp-content\/uploads\/2022\/01\/FHSD2QNXwAg45CC-1024x767.jpg\" alt=\"\" class=\"wp-image-10438\" srcset=\"https:\/\/theiij.org\/wp-content\/uploads\/2022\/01\/FHSD2QNXwAg45CC-1024x767.jpg 1024w, https:\/\/theiij.org\/wp-content\/uploads\/2022\/01\/FHSD2QNXwAg45CC-300x225.jpg 300w, https:\/\/theiij.org\/wp-content\/uploads\/2022\/01\/FHSD2QNXwAg45CC-768x575.jpg 768w, https:\/\/theiij.org\/wp-content\/uploads\/2022\/01\/FHSD2QNXwAg45CC-1536x1150.jpg 1536w, https:\/\/theiij.org\/wp-content\/uploads\/2022\/01\/FHSD2QNXwAg45CC-2048x1533.jpg 2048w, https:\/\/theiij.org\/wp-content\/uploads\/2022\/01\/FHSD2QNXwAg45CC-1920x1438.jpg 1920w, https:\/\/theiij.org\/wp-content\/uploads\/2022\/01\/FHSD2QNXwAg45CC-1280x958.jpg 1280w\" sizes=\"auto, (max-width: 1024px) 100vw, 1024px\" \/><\/figure>\n\n\n\n<p>L&rsquo;atelier de r\u00e9daction, financ\u00e9 dans le cadre de l&rsquo;Initiative mondiale pour les autorit\u00e9s centrales de l&rsquo;IIJ par le gouvernement des \u00c9tats-Unis, a affin\u00e9 le libell\u00e9 de la nouvelle loi et veill\u00e9 \u00e0 ce qu&rsquo;elle soit conforme aux normes convenues au niveau international. Il s&rsquo;agissait notamment des Bonnes pratiques de l&rsquo;IIJ pour les Autorit\u00e9s centrales, un ensemble de recommandations pour guider le travail des Autorit\u00e9s centrales &#8211; les entit\u00e9s nationales responsables des questions de coop\u00e9ration judiciaire &#8211; publi\u00e9es par l&rsquo;IIJ en septembre 2018. Le d\u00e9bat a \u00e9t\u00e9 enrichi par les contributions fournies par les intervenants invit\u00e9s des Autorit\u00e9s centrales de la France, du Royaume-Uni et des \u00c9tats-Unis, qui ont partag\u00e9 des exemples importants d&rsquo;enseignements tir\u00e9s de leur longue exp\u00e9rience dans le traitement des demandes d&rsquo;entraide judiciaire et d&rsquo;extradition.<\/p>\n\n\n\n<p>Avec le recueil de commentaires, l&rsquo;IIJ et le minist\u00e8re de la Justice du S\u00e9n\u00e9gal ont mis \u00e0 jour le projet de loi sur la coop\u00e9ration judiciaire internationale, qui sera partag\u00e9 avec tous les experts participants pour des contributions suppl\u00e9mentaires. Une version finale du texte sera pr\u00e9sent\u00e9e lors d&rsquo;un atelier de validation en f\u00e9vrier 2022, qui visera \u00e0 obtenir le soutien de hauts responsables gouvernementaux pour l&rsquo;adoption et la mise en \u0153uvre officielles de l&rsquo;acte juridique.<\/p>\n\n\n\n<p>La promulgation de la loi sur la coop\u00e9ration judiciaire internationale devrait permettre aux praticiens nationaux et \u00e9trangers de mieux comprendre les m\u00e9thodes et les processus utilis\u00e9s au S\u00e9n\u00e9gal pour partager des preuves et des renseignements avec d&rsquo;autres pays, ce qui contribuera \u00e0 am\u00e9liorer la coop\u00e9ration judiciaire dans la r\u00e9gion et au-del\u00e0. Elle placera \u00e9galement le S\u00e9n\u00e9gal dans une position de leader en Afrique de l&rsquo;Ouest en ce qui concerne l&rsquo;\u00e9tablissement d&rsquo;un cadre juridique moderne et efficace pour lutter contre la criminalit\u00e9 transnationale.<\/p>\n\n\n\n<p><em><em><em>Pour plus d&rsquo;informations sur cet atelier ou sur l&rsquo;initiative mondiale des autorit\u00e9s centrales de l&rsquo;IIJ, veuillez contacter le charg\u00e9 de programme de l&rsquo;IIJ, <\/em><a href=\"mailto:mcarbajoa@theiij.org\"><em>Adri\u00e1n Carbajo<\/em><\/a><em>.<\/em><\/em><\/em><\/p>\n\n\n\n<p><\/p>\n\n\n\n<p><\/p>\n","protected":false},"featured_media":10438,"template":"","event_type":[187],"event_topic":[209],"pages_relationship":[82],"event_category":[],"class_list":["post-10439","event","type-event","status-publish","has-post-thumbnail","hentry","event_type-workshops-fr","event_topic-global-central-authorities-fr","pages_relationship-global-central-authorities-initiative"],"acf":[],"yoast_head":"<!-- This site is optimized with the Yoast SEO plugin v26.5 - https:\/\/yoast.com\/wordpress\/plugins\/seo\/ -->\n<title>Initiative mondiale de l\u2019IIJ relative aux Autorit\u00e9s centrales : Atelier national sur l&#039;\u00e9laboration d\u2019un cadre juridique exhaustif pour la coop\u00e9ration judiciaire internationale en mati\u00e8re p\u00e9nale au S\u00e9n\u00e9gal - L&#039;Institut International pour La Justice et l&#039;Etat de Droit<\/title>\n<meta name=\"robots\" content=\"index, follow, max-snippet:-1, max-image-preview:large, max-video-preview:-1\" \/>\n<link rel=\"canonical\" href=\"https:\/\/theiij.org\/fr\/event\/iij-global-central-authorities-initiative-national-workshop-on-developing-a-comprehensive-legal-framework-for-international-judicial-cooperation-in-criminal-matters-in-senegal\/\" \/>\n<meta property=\"og:locale\" content=\"fr_FR\" \/>\n<meta property=\"og:type\" content=\"article\" \/>\n<meta property=\"og:title\" content=\"Initiative mondiale de l\u2019IIJ relative aux Autorit\u00e9s centrales : Atelier national sur l&#039;\u00e9laboration d\u2019un cadre juridique exhaustif pour la coop\u00e9ration judiciaire internationale en mati\u00e8re p\u00e9nale au S\u00e9n\u00e9gal - L&#039;Institut International pour La Justice et l&#039;Etat de Droit\" \/>\n<meta property=\"og:description\" content=\"En d\u00e9cembre 2021, l&rsquo;IIJ s&rsquo;est joint \u00e0 16 juges, procureurs et experts en r\u00e9daction juridique du minist\u00e8re de la Justice du S\u00e9n\u00e9gal pour commenter et r\u00e9viser le nouveau projet de loi s\u00e9n\u00e9galais sur la coop\u00e9ration judiciaire...\" \/>\n<meta property=\"og:url\" content=\"https:\/\/theiij.org\/fr\/event\/iij-global-central-authorities-initiative-national-workshop-on-developing-a-comprehensive-legal-framework-for-international-judicial-cooperation-in-criminal-matters-in-senegal\/\" \/>\n<meta property=\"og:site_name\" content=\"L&#039;Institut International pour La Justice et l&#039;Etat de Droit\" \/>\n<meta property=\"article:modified_time\" content=\"2022-01-17T13:19:51+00:00\" \/>\n<meta property=\"og:image\" content=\"https:\/\/theiij.org\/wp-content\/uploads\/2022\/01\/FHSD2QNXwAg45CC-scaled.jpg\" \/>\n\t<meta property=\"og:image:width\" content=\"2560\" \/>\n\t<meta property=\"og:image:height\" content=\"1917\" \/>\n\t<meta property=\"og:image:type\" content=\"image\/jpeg\" \/>\n<meta name=\"twitter:card\" content=\"summary_large_image\" \/>\n<meta name=\"twitter:label1\" content=\"Dur\u00e9e de lecture estim\u00e9e\" \/>\n\t<meta name=\"twitter:data1\" content=\"2 minutes\" \/>\n<script type=\"application\/ld+json\" class=\"yoast-schema-graph\">{\"@context\":\"https:\/\/schema.org\",\"@graph\":[{\"@type\":\"WebPage\",\"@id\":\"https:\/\/theiij.org\/fr\/event\/iij-global-central-authorities-initiative-national-workshop-on-developing-a-comprehensive-legal-framework-for-international-judicial-cooperation-in-criminal-matters-in-senegal\/\",\"url\":\"https:\/\/theiij.org\/fr\/event\/iij-global-central-authorities-initiative-national-workshop-on-developing-a-comprehensive-legal-framework-for-international-judicial-cooperation-in-criminal-matters-in-senegal\/\",\"name\":\"Initiative mondiale de l\u2019IIJ relative aux Autorit\u00e9s centrales : Atelier national sur l'\u00e9laboration d\u2019un cadre juridique exhaustif pour la coop\u00e9ration judiciaire internationale en mati\u00e8re p\u00e9nale au S\u00e9n\u00e9gal - L&#039;Institut International pour La Justice et l&#039;Etat de Droit\",\"isPartOf\":{\"@id\":\"https:\/\/cms.soundme.app\/#website\"},\"primaryImageOfPage\":{\"@id\":\"https:\/\/theiij.org\/fr\/event\/iij-global-central-authorities-initiative-national-workshop-on-developing-a-comprehensive-legal-framework-for-international-judicial-cooperation-in-criminal-matters-in-senegal\/#primaryimage\"},\"image\":{\"@id\":\"https:\/\/theiij.org\/fr\/event\/iij-global-central-authorities-initiative-national-workshop-on-developing-a-comprehensive-legal-framework-for-international-judicial-cooperation-in-criminal-matters-in-senegal\/#primaryimage\"},\"thumbnailUrl\":\"https:\/\/theiij.org\/wp-content\/uploads\/2022\/01\/FHSD2QNXwAg45CC-scaled.jpg\",\"datePublished\":\"2022-01-17T13:08:52+00:00\",\"dateModified\":\"2022-01-17T13:19:51+00:00\",\"breadcrumb\":{\"@id\":\"https:\/\/theiij.org\/fr\/event\/iij-global-central-authorities-initiative-national-workshop-on-developing-a-comprehensive-legal-framework-for-international-judicial-cooperation-in-criminal-matters-in-senegal\/#breadcrumb\"},\"inLanguage\":\"fr-FR\",\"potentialAction\":[{\"@type\":\"ReadAction\",\"target\":[\"https:\/\/theiij.org\/fr\/event\/iij-global-central-authorities-initiative-national-workshop-on-developing-a-comprehensive-legal-framework-for-international-judicial-cooperation-in-criminal-matters-in-senegal\/\"]}]},{\"@type\":\"ImageObject\",\"inLanguage\":\"fr-FR\",\"@id\":\"https:\/\/theiij.org\/fr\/event\/iij-global-central-authorities-initiative-national-workshop-on-developing-a-comprehensive-legal-framework-for-international-judicial-cooperation-in-criminal-matters-in-senegal\/#primaryimage\",\"url\":\"https:\/\/theiij.org\/wp-content\/uploads\/2022\/01\/FHSD2QNXwAg45CC-scaled.jpg\",\"contentUrl\":\"https:\/\/theiij.org\/wp-content\/uploads\/2022\/01\/FHSD2QNXwAg45CC-scaled.jpg\",\"width\":2560,\"height\":1917},{\"@type\":\"BreadcrumbList\",\"@id\":\"https:\/\/theiij.org\/fr\/event\/iij-global-central-authorities-initiative-national-workshop-on-developing-a-comprehensive-legal-framework-for-international-judicial-cooperation-in-criminal-matters-in-senegal\/#breadcrumb\",\"itemListElement\":[{\"@type\":\"ListItem\",\"position\":1,\"name\":\"Home\",\"item\":\"https:\/\/theiij.org\/fr\/\"},{\"@type\":\"ListItem\",\"position\":2,\"name\":\"Initiative mondiale de l\u2019IIJ relative aux Autorit\u00e9s centrales : Atelier national sur l&rsquo;\u00e9laboration d\u2019un cadre juridique exhaustif pour la coop\u00e9ration judiciaire internationale en mati\u00e8re p\u00e9nale au S\u00e9n\u00e9gal\"}]},{\"@type\":\"WebSite\",\"@id\":\"https:\/\/cms.soundme.app\/#website\",\"url\":\"https:\/\/cms.soundme.app\/\",\"name\":\"The International Institute for Justice and the Rule of Law\",\"description\":\"Building the Capacity of Criminal Justice Practitioners\",\"publisher\":{\"@id\":\"https:\/\/cms.soundme.app\/#organization\"},\"potentialAction\":[{\"@type\":\"SearchAction\",\"target\":{\"@type\":\"EntryPoint\",\"urlTemplate\":\"https:\/\/cms.soundme.app\/?s={search_term_string}\"},\"query-input\":{\"@type\":\"PropertyValueSpecification\",\"valueRequired\":true,\"valueName\":\"search_term_string\"}}],\"inLanguage\":\"fr-FR\"},{\"@type\":\"Organization\",\"@id\":\"https:\/\/cms.soundme.app\/#organization\",\"name\":\"The International Institute for Justice and the Rule of Law\",\"url\":\"https:\/\/cms.soundme.app\/\",\"logo\":{\"@type\":\"ImageObject\",\"inLanguage\":\"fr-FR\",\"@id\":\"https:\/\/cms.soundme.app\/#\/schema\/logo\/image\/\",\"url\":\"https:\/\/theiij.org\/wp-content\/uploads\/2024\/06\/IIJ-Logo.svg\",\"contentUrl\":\"https:\/\/theiij.org\/wp-content\/uploads\/2024\/06\/IIJ-Logo.svg\",\"caption\":\"The International Institute for Justice and the Rule of Law\"},\"image\":{\"@id\":\"https:\/\/cms.soundme.app\/#\/schema\/logo\/image\/\"}}]}<\/script>\n<!-- \/ Yoast SEO plugin. -->","yoast_head_json":{"title":"Initiative mondiale de l\u2019IIJ relative aux Autorit\u00e9s centrales : Atelier national sur l'\u00e9laboration d\u2019un cadre juridique exhaustif pour la coop\u00e9ration judiciaire internationale en mati\u00e8re p\u00e9nale au S\u00e9n\u00e9gal - L&#039;Institut International pour La Justice et l&#039;Etat de Droit","robots":{"index":"index","follow":"follow","max-snippet":"max-snippet:-1","max-image-preview":"max-image-preview:large","max-video-preview":"max-video-preview:-1"},"canonical":"https:\/\/theiij.org\/fr\/event\/iij-global-central-authorities-initiative-national-workshop-on-developing-a-comprehensive-legal-framework-for-international-judicial-cooperation-in-criminal-matters-in-senegal\/","og_locale":"fr_FR","og_type":"article","og_title":"Initiative mondiale de l\u2019IIJ relative aux Autorit\u00e9s centrales : Atelier national sur l'\u00e9laboration d\u2019un cadre juridique exhaustif pour la coop\u00e9ration judiciaire internationale en mati\u00e8re p\u00e9nale au S\u00e9n\u00e9gal - L&#039;Institut International pour La Justice et l&#039;Etat de Droit","og_description":"En d\u00e9cembre 2021, l&rsquo;IIJ s&rsquo;est joint \u00e0 16 juges, procureurs et experts en r\u00e9daction juridique du minist\u00e8re de la Justice du S\u00e9n\u00e9gal pour commenter et r\u00e9viser le nouveau projet de loi s\u00e9n\u00e9galais sur la coop\u00e9ration judiciaire...","og_url":"https:\/\/theiij.org\/fr\/event\/iij-global-central-authorities-initiative-national-workshop-on-developing-a-comprehensive-legal-framework-for-international-judicial-cooperation-in-criminal-matters-in-senegal\/","og_site_name":"L&#039;Institut International pour La Justice et l&#039;Etat de Droit","article_modified_time":"2022-01-17T13:19:51+00:00","og_image":[{"width":2560,"height":1917,"url":"https:\/\/theiij.org\/wp-content\/uploads\/2022\/01\/FHSD2QNXwAg45CC-scaled.jpg","type":"image\/jpeg"}],"twitter_card":"summary_large_image","twitter_misc":{"Dur\u00e9e de lecture estim\u00e9e":"2 minutes"},"schema":{"@context":"https:\/\/schema.org","@graph":[{"@type":"WebPage","@id":"https:\/\/theiij.org\/fr\/event\/iij-global-central-authorities-initiative-national-workshop-on-developing-a-comprehensive-legal-framework-for-international-judicial-cooperation-in-criminal-matters-in-senegal\/","url":"https:\/\/theiij.org\/fr\/event\/iij-global-central-authorities-initiative-national-workshop-on-developing-a-comprehensive-legal-framework-for-international-judicial-cooperation-in-criminal-matters-in-senegal\/","name":"Initiative mondiale de l\u2019IIJ relative aux Autorit\u00e9s centrales : Atelier national sur l'\u00e9laboration d\u2019un cadre juridique exhaustif pour la coop\u00e9ration judiciaire internationale en mati\u00e8re p\u00e9nale au S\u00e9n\u00e9gal - L&#039;Institut International pour La Justice et l&#039;Etat de Droit","isPartOf":{"@id":"https:\/\/cms.soundme.app\/#website"},"primaryImageOfPage":{"@id":"https:\/\/theiij.org\/fr\/event\/iij-global-central-authorities-initiative-national-workshop-on-developing-a-comprehensive-legal-framework-for-international-judicial-cooperation-in-criminal-matters-in-senegal\/#primaryimage"},"image":{"@id":"https:\/\/theiij.org\/fr\/event\/iij-global-central-authorities-initiative-national-workshop-on-developing-a-comprehensive-legal-framework-for-international-judicial-cooperation-in-criminal-matters-in-senegal\/#primaryimage"},"thumbnailUrl":"https:\/\/theiij.org\/wp-content\/uploads\/2022\/01\/FHSD2QNXwAg45CC-scaled.jpg","datePublished":"2022-01-17T13:08:52+00:00","dateModified":"2022-01-17T13:19:51+00:00","breadcrumb":{"@id":"https:\/\/theiij.org\/fr\/event\/iij-global-central-authorities-initiative-national-workshop-on-developing-a-comprehensive-legal-framework-for-international-judicial-cooperation-in-criminal-matters-in-senegal\/#breadcrumb"},"inLanguage":"fr-FR","potentialAction":[{"@type":"ReadAction","target":["https:\/\/theiij.org\/fr\/event\/iij-global-central-authorities-initiative-national-workshop-on-developing-a-comprehensive-legal-framework-for-international-judicial-cooperation-in-criminal-matters-in-senegal\/"]}]},{"@type":"ImageObject","inLanguage":"fr-FR","@id":"https:\/\/theiij.org\/fr\/event\/iij-global-central-authorities-initiative-national-workshop-on-developing-a-comprehensive-legal-framework-for-international-judicial-cooperation-in-criminal-matters-in-senegal\/#primaryimage","url":"https:\/\/theiij.org\/wp-content\/uploads\/2022\/01\/FHSD2QNXwAg45CC-scaled.jpg","contentUrl":"https:\/\/theiij.org\/wp-content\/uploads\/2022\/01\/FHSD2QNXwAg45CC-scaled.jpg","width":2560,"height":1917},{"@type":"BreadcrumbList","@id":"https:\/\/theiij.org\/fr\/event\/iij-global-central-authorities-initiative-national-workshop-on-developing-a-comprehensive-legal-framework-for-international-judicial-cooperation-in-criminal-matters-in-senegal\/#breadcrumb","itemListElement":[{"@type":"ListItem","position":1,"name":"Home","item":"https:\/\/theiij.org\/fr\/"},{"@type":"ListItem","position":2,"name":"Initiative mondiale de l\u2019IIJ relative aux Autorit\u00e9s centrales : Atelier national sur l&rsquo;\u00e9laboration d\u2019un cadre juridique exhaustif pour la coop\u00e9ration judiciaire internationale en mati\u00e8re p\u00e9nale au S\u00e9n\u00e9gal"}]},{"@type":"WebSite","@id":"https:\/\/cms.soundme.app\/#website","url":"https:\/\/cms.soundme.app\/","name":"The International Institute for Justice and the Rule of Law","description":"Building the Capacity of Criminal Justice Practitioners","publisher":{"@id":"https:\/\/cms.soundme.app\/#organization"},"potentialAction":[{"@type":"SearchAction","target":{"@type":"EntryPoint","urlTemplate":"https:\/\/cms.soundme.app\/?s={search_term_string}"},"query-input":{"@type":"PropertyValueSpecification","valueRequired":true,"valueName":"search_term_string"}}],"inLanguage":"fr-FR"},{"@type":"Organization","@id":"https:\/\/cms.soundme.app\/#organization","name":"The International Institute for Justice and the Rule of Law","url":"https:\/\/cms.soundme.app\/","logo":{"@type":"ImageObject","inLanguage":"fr-FR","@id":"https:\/\/cms.soundme.app\/#\/schema\/logo\/image\/","url":"https:\/\/theiij.org\/wp-content\/uploads\/2024\/06\/IIJ-Logo.svg","contentUrl":"https:\/\/theiij.org\/wp-content\/uploads\/2024\/06\/IIJ-Logo.svg","caption":"The International Institute for Justice and the Rule of Law"},"image":{"@id":"https:\/\/cms.soundme.app\/#\/schema\/logo\/image\/"}}]}},"_links":{"self":[{"href":"https:\/\/theiij.org\/fr\/wp-json\/wp\/v2\/event\/10439","targetHints":{"allow":["GET"]}}],"collection":[{"href":"https:\/\/theiij.org\/fr\/wp-json\/wp\/v2\/event"}],"about":[{"href":"https:\/\/theiij.org\/fr\/wp-json\/wp\/v2\/types\/event"}],"wp:featuredmedia":[{"embeddable":true,"href":"https:\/\/theiij.org\/fr\/wp-json\/wp\/v2\/media\/10438"}],"wp:attachment":[{"href":"https:\/\/theiij.org\/fr\/wp-json\/wp\/v2\/media?parent=10439"}],"wp:term":[{"taxonomy":"event_type","embeddable":true,"href":"https:\/\/theiij.org\/fr\/wp-json\/wp\/v2\/event_type?post=10439"},{"taxonomy":"event_topic","embeddable":true,"href":"https:\/\/theiij.org\/fr\/wp-json\/wp\/v2\/event_topic?post=10439"},{"taxonomy":"pages_relationship","embeddable":true,"href":"https:\/\/theiij.org\/fr\/wp-json\/wp\/v2\/pages_relationship?post=10439"},{"taxonomy":"event_category","embeddable":true,"href":"https:\/\/theiij.org\/fr\/wp-json\/wp\/v2\/event_category?post=10439"}],"curies":[{"name":"wp","href":"https:\/\/api.w.org\/{rel}","templated":true}]}}