{"id":10881,"date":"2022-03-03T11:17:58","date_gmt":"2022-03-03T11:17:58","guid":{"rendered":"https:\/\/www.theiij.org\/event\/iij-global-central-authorities-initiative-national-workshop-for-validating-senegals-law-on-international-judicial-cooperation\/"},"modified":"2022-03-03T11:53:15","modified_gmt":"2022-03-03T11:53:15","slug":"iij-global-central-authorities-initiative-national-workshop-for-validating-senegals-law-on-international-judicial-cooperation","status":"publish","type":"event","link":"https:\/\/theiij.org\/fr\/event\/iij-global-central-authorities-initiative-national-workshop-for-validating-senegals-law-on-international-judicial-cooperation\/","title":{"rendered":"Initiative de l\u2019IIJ sur les autorit\u00e9s centrales mondiales : Projet de loi sur la coop\u00e9ration judiciaire &#8211; S\u00e9n\u00e9gal"},"content":{"rendered":"\n<p>En f\u00e9vrier 2022, l&rsquo;IIJ a organis\u00e9 un deuxi\u00e8me atelier pour soutenir le Minist\u00e8re de la Justice s\u00e9n\u00e9galais dans la finalisation d&rsquo;un projet de loi sur la coop\u00e9ration judiciaire internationale. Si elle est adopt\u00e9e, la nouvelle loi, qui pr\u00e9voit un cadre juridique pour la coop\u00e9ration judiciaire, l&rsquo;extradition, le transfert international de prisonniers et les enqu\u00eates conjointes, repr\u00e9senterait la premi\u00e8re r\u00e9vision majeure de la l\u00e9gislation s\u00e9n\u00e9galaise dans le domaine en cinquante ans.<\/p>\n\n\n\n<figure class=\"wp-block-image size-large\"><img loading=\"lazy\" decoding=\"async\" width=\"1024\" height=\"567\" src=\"https:\/\/www.theiij.org\/wp-content\/uploads\/2022\/03\/MG_9999-1024x567.jpg\" alt=\"\" class=\"wp-image-10877\" srcset=\"https:\/\/theiij.org\/wp-content\/uploads\/2022\/03\/MG_9999-1024x567.jpg 1024w, https:\/\/theiij.org\/wp-content\/uploads\/2022\/03\/MG_9999-300x166.jpg 300w, https:\/\/theiij.org\/wp-content\/uploads\/2022\/03\/MG_9999-768x426.jpg 768w, https:\/\/theiij.org\/wp-content\/uploads\/2022\/03\/MG_9999-1536x851.jpg 1536w, https:\/\/theiij.org\/wp-content\/uploads\/2022\/03\/MG_9999-2048x1135.jpg 2048w, https:\/\/theiij.org\/wp-content\/uploads\/2022\/03\/MG_9999-1920x1064.jpg 1920w, https:\/\/theiij.org\/wp-content\/uploads\/2022\/03\/MG_9999-1280x709.jpg 1280w\" sizes=\"auto, (max-width: 1024px) 100vw, 1024px\" \/><\/figure>\n\n\n\n<p>Cet atelier, organis\u00e9 avec le soutien du gouvernement des \u00c9tats-Unis, a r\u00e9uni 35 praticiens charg\u00e9s de parfaire la structure et le contenu du texte et de veiller \u00e0 ce qu&rsquo;il soit conforme aux normes internationales. Parmi les participants figuraient des juges d&rsquo;instruction et des procureurs des cours d&rsquo;appel de Saint-Louis et de Thi\u00e8s et du tribunal de grande instance de Dakar, ainsi que des sp\u00e9cialistes du droit p\u00e9nal et proc\u00e9dural.<\/p>\n\n\n\n<p>Des repr\u00e9sentants des autorit\u00e9s centrales de France, du Royaume-Uni et des \u00c9tats-Unis ont partag\u00e9 avec les participants les enseignements tir\u00e9s de leur longue exp\u00e9rience dans le traitement des demandes de coop\u00e9ration judiciaire et d&rsquo;extradition. Un repr\u00e9sentant de l&rsquo;Office des Nations Unies contre la drogue et le crime (ONUDC) a \u00e9galement soulign\u00e9 l&rsquo;importance d&rsquo;inclure des dispositions pour l\u2019obtention de preuves \u00e9lectroniques aupr\u00e8s de prestataires de services bas\u00e9s hors du S\u00e9n\u00e9gal.<\/p>\n\n\n\n<figure class=\"wp-block-image size-large\"><img loading=\"lazy\" decoding=\"async\" width=\"1024\" height=\"683\" src=\"https:\/\/www.theiij.org\/wp-content\/uploads\/2022\/03\/MG_9760-1024x683.jpg\" alt=\"\" class=\"wp-image-10880\" srcset=\"https:\/\/theiij.org\/wp-content\/uploads\/2022\/03\/MG_9760-1024x683.jpg 1024w, https:\/\/theiij.org\/wp-content\/uploads\/2022\/03\/MG_9760-300x200.jpg 300w, https:\/\/theiij.org\/wp-content\/uploads\/2022\/03\/MG_9760-768x512.jpg 768w, https:\/\/theiij.org\/wp-content\/uploads\/2022\/03\/MG_9760-1536x1024.jpg 1536w, https:\/\/theiij.org\/wp-content\/uploads\/2022\/03\/MG_9760-2048x1365.jpg 2048w, https:\/\/theiij.org\/wp-content\/uploads\/2022\/03\/MG_9760-1920x1280.jpg 1920w, https:\/\/theiij.org\/wp-content\/uploads\/2022\/03\/MG_9760-1280x853.jpg 1280w\" sizes=\"auto, (max-width: 1024px) 100vw, 1024px\" \/><\/figure>\n\n\n\n<p>Ce projet de loi est guid\u00e9 par deux principes : simplification et modernisation. D&rsquo;une part, il vise \u00e0 favoriser la coop\u00e9ration r\u00e9gionale et internationale en \u00e9liminant les proc\u00e9dures inefficaces entra\u00eenant des retards inutiles dans le traitement et l&rsquo;ex\u00e9cution des demandes d&rsquo;entraide. D&rsquo;autre part, le texte entend int\u00e9grer des concepts modernes qui n&rsquo;\u00e9taient pas concevables, sur le plan technologique ou autre, en 1971 &#8211; date \u00e0 laquelle le cadre juridique actuel de la coop\u00e9ration judiciaire et de l&rsquo;extradition au S\u00e9n\u00e9gal a \u00e9t\u00e9 \u00e9tabli.<\/p>\n\n\n\n<p>L&rsquo;IIJ et le Minist\u00e8re de la Justice s\u00e9n\u00e9galais incorporeront dans la version finale du projet de loi les observations faites par les participants, et celle-ci sera ensuite officiellement pr\u00e9sent\u00e9e au Ministre de la Justice pour examen et soumission \u00e9ventuelle \u00e0 l&rsquo;Assembl\u00e9e Nationale. Il est estim\u00e9 que la promulgation de la loi sur la coop\u00e9ration judiciaire internationale placera le S\u00e9n\u00e9gal en position de leader en Afrique de l&rsquo;Ouest dans le d\u00e9veloppement d&rsquo;une l\u00e9gislation moderne et efficace pour combattre le crime transnational.<\/p>\n\n\n\n<p><em><em><em>Pour plus d&rsquo;informations sur cet atelier ou sur l&rsquo;initiative de l&rsquo;IIJ sur les autorit\u00e9s centrales mondiales, veuillez contacter <\/em><a href=\"mailto:mcarbajoa@theiij.org\"><em>Adri\u00e1n Carbajo<\/em><\/a><em>, charg\u00e9 de programme \u00e0 l&rsquo;IIJ.<\/em><\/em><\/em><\/p>\n\n\n\n<p><\/p>\n\n\n\n<p><\/p>\n","protected":false},"featured_media":10880,"template":"","event_type":[187],"event_topic":[209],"pages_relationship":[82],"event_category":[],"class_list":["post-10881","event","type-event","status-publish","has-post-thumbnail","hentry","event_type-workshops-fr","event_topic-global-central-authorities-fr","pages_relationship-global-central-authorities-initiative"],"acf":[],"yoast_head":"<!-- This site is optimized with the Yoast SEO plugin v26.5 - https:\/\/yoast.com\/wordpress\/plugins\/seo\/ -->\n<title>Initiative de l\u2019IIJ sur les autorit\u00e9s centrales mondiales : Projet de loi sur la coop\u00e9ration judiciaire - S\u00e9n\u00e9gal - L&#039;Institut International pour La Justice et l&#039;Etat de Droit<\/title>\n<meta name=\"robots\" content=\"index, follow, max-snippet:-1, max-image-preview:large, max-video-preview:-1\" \/>\n<link rel=\"canonical\" href=\"https:\/\/theiij.org\/fr\/event\/iij-global-central-authorities-initiative-national-workshop-for-validating-senegals-law-on-international-judicial-cooperation\/\" \/>\n<meta property=\"og:locale\" content=\"fr_FR\" \/>\n<meta property=\"og:type\" content=\"article\" \/>\n<meta property=\"og:title\" content=\"Initiative de l\u2019IIJ sur les autorit\u00e9s centrales mondiales : Projet de loi sur la coop\u00e9ration judiciaire - S\u00e9n\u00e9gal - L&#039;Institut International pour La Justice et l&#039;Etat de Droit\" \/>\n<meta property=\"og:description\" content=\"En f\u00e9vrier 2022, l&rsquo;IIJ a organis\u00e9 un deuxi\u00e8me atelier pour soutenir le Minist\u00e8re de la Justice s\u00e9n\u00e9galais dans la finalisation d&rsquo;un projet de loi sur la coop\u00e9ration judiciaire internationale. Si elle est adopt\u00e9e, la nouvelle loi,...\" \/>\n<meta property=\"og:url\" content=\"https:\/\/theiij.org\/fr\/event\/iij-global-central-authorities-initiative-national-workshop-for-validating-senegals-law-on-international-judicial-cooperation\/\" \/>\n<meta property=\"og:site_name\" content=\"L&#039;Institut International pour La Justice et l&#039;Etat de Droit\" \/>\n<meta property=\"article:modified_time\" content=\"2022-03-03T11:53:15+00:00\" \/>\n<meta property=\"og:image\" content=\"https:\/\/theiij.org\/wp-content\/uploads\/2022\/03\/MG_9760-scaled.jpg\" \/>\n\t<meta property=\"og:image:width\" content=\"2560\" \/>\n\t<meta property=\"og:image:height\" content=\"1707\" \/>\n\t<meta property=\"og:image:type\" content=\"image\/jpeg\" \/>\n<meta name=\"twitter:card\" content=\"summary_large_image\" \/>\n<meta name=\"twitter:label1\" content=\"Dur\u00e9e de lecture estim\u00e9e\" \/>\n\t<meta name=\"twitter:data1\" content=\"3 minutes\" \/>\n<script type=\"application\/ld+json\" class=\"yoast-schema-graph\">{\"@context\":\"https:\/\/schema.org\",\"@graph\":[{\"@type\":\"WebPage\",\"@id\":\"https:\/\/theiij.org\/fr\/event\/iij-global-central-authorities-initiative-national-workshop-for-validating-senegals-law-on-international-judicial-cooperation\/\",\"url\":\"https:\/\/theiij.org\/fr\/event\/iij-global-central-authorities-initiative-national-workshop-for-validating-senegals-law-on-international-judicial-cooperation\/\",\"name\":\"Initiative de l\u2019IIJ sur les autorit\u00e9s centrales mondiales : Projet de loi sur la coop\u00e9ration judiciaire - S\u00e9n\u00e9gal - L&#039;Institut International pour La Justice et l&#039;Etat de Droit\",\"isPartOf\":{\"@id\":\"https:\/\/cms.soundme.app\/#website\"},\"primaryImageOfPage\":{\"@id\":\"https:\/\/theiij.org\/fr\/event\/iij-global-central-authorities-initiative-national-workshop-for-validating-senegals-law-on-international-judicial-cooperation\/#primaryimage\"},\"image\":{\"@id\":\"https:\/\/theiij.org\/fr\/event\/iij-global-central-authorities-initiative-national-workshop-for-validating-senegals-law-on-international-judicial-cooperation\/#primaryimage\"},\"thumbnailUrl\":\"https:\/\/theiij.org\/wp-content\/uploads\/2022\/03\/MG_9760-scaled.jpg\",\"datePublished\":\"2022-03-03T11:17:58+00:00\",\"dateModified\":\"2022-03-03T11:53:15+00:00\",\"breadcrumb\":{\"@id\":\"https:\/\/theiij.org\/fr\/event\/iij-global-central-authorities-initiative-national-workshop-for-validating-senegals-law-on-international-judicial-cooperation\/#breadcrumb\"},\"inLanguage\":\"fr-FR\",\"potentialAction\":[{\"@type\":\"ReadAction\",\"target\":[\"https:\/\/theiij.org\/fr\/event\/iij-global-central-authorities-initiative-national-workshop-for-validating-senegals-law-on-international-judicial-cooperation\/\"]}]},{\"@type\":\"ImageObject\",\"inLanguage\":\"fr-FR\",\"@id\":\"https:\/\/theiij.org\/fr\/event\/iij-global-central-authorities-initiative-national-workshop-for-validating-senegals-law-on-international-judicial-cooperation\/#primaryimage\",\"url\":\"https:\/\/theiij.org\/wp-content\/uploads\/2022\/03\/MG_9760-scaled.jpg\",\"contentUrl\":\"https:\/\/theiij.org\/wp-content\/uploads\/2022\/03\/MG_9760-scaled.jpg\",\"width\":2560,\"height\":1707},{\"@type\":\"BreadcrumbList\",\"@id\":\"https:\/\/theiij.org\/fr\/event\/iij-global-central-authorities-initiative-national-workshop-for-validating-senegals-law-on-international-judicial-cooperation\/#breadcrumb\",\"itemListElement\":[{\"@type\":\"ListItem\",\"position\":1,\"name\":\"Home\",\"item\":\"https:\/\/theiij.org\/fr\/\"},{\"@type\":\"ListItem\",\"position\":2,\"name\":\"Initiative de l\u2019IIJ sur les autorit\u00e9s centrales mondiales : Projet de loi sur la coop\u00e9ration judiciaire &#8211; S\u00e9n\u00e9gal\"}]},{\"@type\":\"WebSite\",\"@id\":\"https:\/\/cms.soundme.app\/#website\",\"url\":\"https:\/\/cms.soundme.app\/\",\"name\":\"The International Institute for Justice and the Rule of Law\",\"description\":\"Building the Capacity of Criminal Justice Practitioners\",\"publisher\":{\"@id\":\"https:\/\/cms.soundme.app\/#organization\"},\"potentialAction\":[{\"@type\":\"SearchAction\",\"target\":{\"@type\":\"EntryPoint\",\"urlTemplate\":\"https:\/\/cms.soundme.app\/?s={search_term_string}\"},\"query-input\":{\"@type\":\"PropertyValueSpecification\",\"valueRequired\":true,\"valueName\":\"search_term_string\"}}],\"inLanguage\":\"fr-FR\"},{\"@type\":\"Organization\",\"@id\":\"https:\/\/cms.soundme.app\/#organization\",\"name\":\"The International Institute for Justice and the Rule of Law\",\"url\":\"https:\/\/cms.soundme.app\/\",\"logo\":{\"@type\":\"ImageObject\",\"inLanguage\":\"fr-FR\",\"@id\":\"https:\/\/cms.soundme.app\/#\/schema\/logo\/image\/\",\"url\":\"https:\/\/theiij.org\/wp-content\/uploads\/2024\/06\/IIJ-Logo.svg\",\"contentUrl\":\"https:\/\/theiij.org\/wp-content\/uploads\/2024\/06\/IIJ-Logo.svg\",\"caption\":\"The International Institute for Justice and the Rule of Law\"},\"image\":{\"@id\":\"https:\/\/cms.soundme.app\/#\/schema\/logo\/image\/\"}}]}<\/script>\n<!-- \/ Yoast SEO plugin. -->","yoast_head_json":{"title":"Initiative de l\u2019IIJ sur les autorit\u00e9s centrales mondiales : Projet de loi sur la coop\u00e9ration judiciaire - S\u00e9n\u00e9gal - L&#039;Institut International pour La Justice et l&#039;Etat de Droit","robots":{"index":"index","follow":"follow","max-snippet":"max-snippet:-1","max-image-preview":"max-image-preview:large","max-video-preview":"max-video-preview:-1"},"canonical":"https:\/\/theiij.org\/fr\/event\/iij-global-central-authorities-initiative-national-workshop-for-validating-senegals-law-on-international-judicial-cooperation\/","og_locale":"fr_FR","og_type":"article","og_title":"Initiative de l\u2019IIJ sur les autorit\u00e9s centrales mondiales : Projet de loi sur la coop\u00e9ration judiciaire - S\u00e9n\u00e9gal - L&#039;Institut International pour La Justice et l&#039;Etat de Droit","og_description":"En f\u00e9vrier 2022, l&rsquo;IIJ a organis\u00e9 un deuxi\u00e8me atelier pour soutenir le Minist\u00e8re de la Justice s\u00e9n\u00e9galais dans la finalisation d&rsquo;un projet de loi sur la coop\u00e9ration judiciaire internationale. Si elle est adopt\u00e9e, la nouvelle loi,...","og_url":"https:\/\/theiij.org\/fr\/event\/iij-global-central-authorities-initiative-national-workshop-for-validating-senegals-law-on-international-judicial-cooperation\/","og_site_name":"L&#039;Institut International pour La Justice et l&#039;Etat de Droit","article_modified_time":"2022-03-03T11:53:15+00:00","og_image":[{"width":2560,"height":1707,"url":"https:\/\/theiij.org\/wp-content\/uploads\/2022\/03\/MG_9760-scaled.jpg","type":"image\/jpeg"}],"twitter_card":"summary_large_image","twitter_misc":{"Dur\u00e9e de lecture estim\u00e9e":"3 minutes"},"schema":{"@context":"https:\/\/schema.org","@graph":[{"@type":"WebPage","@id":"https:\/\/theiij.org\/fr\/event\/iij-global-central-authorities-initiative-national-workshop-for-validating-senegals-law-on-international-judicial-cooperation\/","url":"https:\/\/theiij.org\/fr\/event\/iij-global-central-authorities-initiative-national-workshop-for-validating-senegals-law-on-international-judicial-cooperation\/","name":"Initiative de l\u2019IIJ sur les autorit\u00e9s centrales mondiales : Projet de loi sur la coop\u00e9ration judiciaire - S\u00e9n\u00e9gal - L&#039;Institut International pour La Justice et l&#039;Etat de Droit","isPartOf":{"@id":"https:\/\/cms.soundme.app\/#website"},"primaryImageOfPage":{"@id":"https:\/\/theiij.org\/fr\/event\/iij-global-central-authorities-initiative-national-workshop-for-validating-senegals-law-on-international-judicial-cooperation\/#primaryimage"},"image":{"@id":"https:\/\/theiij.org\/fr\/event\/iij-global-central-authorities-initiative-national-workshop-for-validating-senegals-law-on-international-judicial-cooperation\/#primaryimage"},"thumbnailUrl":"https:\/\/theiij.org\/wp-content\/uploads\/2022\/03\/MG_9760-scaled.jpg","datePublished":"2022-03-03T11:17:58+00:00","dateModified":"2022-03-03T11:53:15+00:00","breadcrumb":{"@id":"https:\/\/theiij.org\/fr\/event\/iij-global-central-authorities-initiative-national-workshop-for-validating-senegals-law-on-international-judicial-cooperation\/#breadcrumb"},"inLanguage":"fr-FR","potentialAction":[{"@type":"ReadAction","target":["https:\/\/theiij.org\/fr\/event\/iij-global-central-authorities-initiative-national-workshop-for-validating-senegals-law-on-international-judicial-cooperation\/"]}]},{"@type":"ImageObject","inLanguage":"fr-FR","@id":"https:\/\/theiij.org\/fr\/event\/iij-global-central-authorities-initiative-national-workshop-for-validating-senegals-law-on-international-judicial-cooperation\/#primaryimage","url":"https:\/\/theiij.org\/wp-content\/uploads\/2022\/03\/MG_9760-scaled.jpg","contentUrl":"https:\/\/theiij.org\/wp-content\/uploads\/2022\/03\/MG_9760-scaled.jpg","width":2560,"height":1707},{"@type":"BreadcrumbList","@id":"https:\/\/theiij.org\/fr\/event\/iij-global-central-authorities-initiative-national-workshop-for-validating-senegals-law-on-international-judicial-cooperation\/#breadcrumb","itemListElement":[{"@type":"ListItem","position":1,"name":"Home","item":"https:\/\/theiij.org\/fr\/"},{"@type":"ListItem","position":2,"name":"Initiative de l\u2019IIJ sur les autorit\u00e9s centrales mondiales : Projet de loi sur la coop\u00e9ration judiciaire &#8211; S\u00e9n\u00e9gal"}]},{"@type":"WebSite","@id":"https:\/\/cms.soundme.app\/#website","url":"https:\/\/cms.soundme.app\/","name":"The International Institute for Justice and the Rule of Law","description":"Building the Capacity of Criminal Justice Practitioners","publisher":{"@id":"https:\/\/cms.soundme.app\/#organization"},"potentialAction":[{"@type":"SearchAction","target":{"@type":"EntryPoint","urlTemplate":"https:\/\/cms.soundme.app\/?s={search_term_string}"},"query-input":{"@type":"PropertyValueSpecification","valueRequired":true,"valueName":"search_term_string"}}],"inLanguage":"fr-FR"},{"@type":"Organization","@id":"https:\/\/cms.soundme.app\/#organization","name":"The International Institute for Justice and the Rule of Law","url":"https:\/\/cms.soundme.app\/","logo":{"@type":"ImageObject","inLanguage":"fr-FR","@id":"https:\/\/cms.soundme.app\/#\/schema\/logo\/image\/","url":"https:\/\/theiij.org\/wp-content\/uploads\/2024\/06\/IIJ-Logo.svg","contentUrl":"https:\/\/theiij.org\/wp-content\/uploads\/2024\/06\/IIJ-Logo.svg","caption":"The International Institute for Justice and the Rule of Law"},"image":{"@id":"https:\/\/cms.soundme.app\/#\/schema\/logo\/image\/"}}]}},"_links":{"self":[{"href":"https:\/\/theiij.org\/fr\/wp-json\/wp\/v2\/event\/10881","targetHints":{"allow":["GET"]}}],"collection":[{"href":"https:\/\/theiij.org\/fr\/wp-json\/wp\/v2\/event"}],"about":[{"href":"https:\/\/theiij.org\/fr\/wp-json\/wp\/v2\/types\/event"}],"wp:featuredmedia":[{"embeddable":true,"href":"https:\/\/theiij.org\/fr\/wp-json\/wp\/v2\/media\/10880"}],"wp:attachment":[{"href":"https:\/\/theiij.org\/fr\/wp-json\/wp\/v2\/media?parent=10881"}],"wp:term":[{"taxonomy":"event_type","embeddable":true,"href":"https:\/\/theiij.org\/fr\/wp-json\/wp\/v2\/event_type?post=10881"},{"taxonomy":"event_topic","embeddable":true,"href":"https:\/\/theiij.org\/fr\/wp-json\/wp\/v2\/event_topic?post=10881"},{"taxonomy":"pages_relationship","embeddable":true,"href":"https:\/\/theiij.org\/fr\/wp-json\/wp\/v2\/pages_relationship?post=10881"},{"taxonomy":"event_category","embeddable":true,"href":"https:\/\/theiij.org\/fr\/wp-json\/wp\/v2\/event_category?post=10881"}],"curies":[{"name":"wp","href":"https:\/\/api.w.org\/{rel}","templated":true}]}}