{"id":10898,"date":"2022-03-03T12:16:13","date_gmt":"2022-03-03T12:16:13","guid":{"rendered":"https:\/\/www.theiij.org\/event\/iij-juvenile-justice-initiative-second-niger-workshop-on-justice-for-children-in-terrorism-cases\/"},"modified":"2022-03-03T12:18:28","modified_gmt":"2022-03-03T12:18:28","slug":"iij-juvenile-justice-initiative-second-niger-workshop-on-justice-for-children-in-terrorism-cases","status":"publish","type":"event","link":"https:\/\/theiij.org\/fr\/event\/iij-juvenile-justice-initiative-second-niger-workshop-on-justice-for-children-in-terrorism-cases\/","title":{"rendered":"Initiative de l&rsquo;IIJ en mati\u00e8re de justice pour mineurs : Deuxi\u00e8me atelier sur la justice pour mineurs en mati\u00e8re de lutte contre le terrorisme au Niger"},"content":{"rendered":"\n<p>En d\u00e9cembre dernier, l&rsquo;IIJ a tenu son deuxi\u00e8me atelier au profit des acteurs du Niger dans le cadre de son Initiative sur la justice pour mineurs, \u00e0 la demande des autorit\u00e9s nig\u00e9riennes et avec le soutien inestimable du conseiller juridique r\u00e9sident (RLA) de l&rsquo;OPDAT du Minist\u00e8re am\u00e9ricain de la Justice bas\u00e9 au Niger.<\/p>\n\n\n\n<p>Ce second atelier sur la justice pour mineurs en mati\u00e8re de lutte contre le terrorisme au Niger s&rsquo;est tenu en pr\u00e9sentiel \u00e0 Niamey et a r\u00e9uni 20 enqu\u00eateurs, procureurs, juges, fonctionnaires de l&rsquo;administration p\u00e9nitentiaire, repr\u00e9sentants de l&rsquo;\u00c9cole de Formation Judiciaire du Niger, fonctionnaires des Centres de Transit et d&rsquo;Orientation pour les mineurs, travailleurs sociaux et autres acteurs concern\u00e9s.<\/p>\n\n\n\n<figure class=\"wp-block-image size-large is-resized\"><img loading=\"lazy\" decoding=\"async\" src=\"https:\/\/www.theiij.org\/wp-content\/uploads\/2022\/03\/DSC_2485-917x1024.jpg\" alt=\"\" class=\"wp-image-10894\" width=\"633\" height=\"707\" srcset=\"https:\/\/theiij.org\/wp-content\/uploads\/2022\/03\/DSC_2485-917x1024.jpg 917w, https:\/\/theiij.org\/wp-content\/uploads\/2022\/03\/DSC_2485-269x300.jpg 269w, https:\/\/theiij.org\/wp-content\/uploads\/2022\/03\/DSC_2485-768x858.jpg 768w, https:\/\/theiij.org\/wp-content\/uploads\/2022\/03\/DSC_2485-1376x1536.jpg 1376w, https:\/\/theiij.org\/wp-content\/uploads\/2022\/03\/DSC_2485-1280x1429.jpg 1280w, https:\/\/theiij.org\/wp-content\/uploads\/2022\/03\/DSC_2485.jpg 1647w\" sizes=\"auto, (max-width: 633px) 100vw, 633px\" \/><\/figure>\n\n\n\n<p>Au cours de cet atelier, les praticiens ont discut\u00e9 des m\u00e9thodes permettant d&rsquo;assurer une repr\u00e9sentation imm\u00e9diate des jeunes en conflit avec la loi, de l&rsquo;importance d&rsquo;impliquer les travailleurs sociaux dans les d\u00e9cisions \u00e0 prendre concernant l&rsquo;enfant, de la m\u00e9connaissance de la loi sur la justice pour mineurs par les praticiens eux-m\u00eames et du manque de sp\u00e9cialisation de la brigade antiterroriste.<\/p>\n\n\n\n<p>Lors du dernier jour de l&rsquo;atelier, les participants ont finalis\u00e9 leurs recommandations intersectorielles pour la prise en charge des enfants en mati\u00e8re de lutte contre le terrorisme, qui consistent en des conseils pratiques \u00e0 l&rsquo;intention des praticiens sur la mani\u00e8re dont ils peuvent assurer le respect des droits des enfants soup\u00e7onn\u00e9s de terrorisme sans avoir \u00e0 modifier la loi et avec des ressources et un investissement moindres. Au cours de ce second atelier, les participants ont dress\u00e9 une feuille de route claire pour op\u00e9rer des changements durables dans les pratiques actuelles de gestion des enfants impliqu\u00e9s dans des activit\u00e9s terroristes.<\/p>\n\n\n\n<p>On the final day of the workshop, participants finalised the cross-sectoral recommendations for dealing with children in a counter-terrorism context, consisting of practical guidance to practitioners on how they can ensure the rights of children suspected of terrorism-related offences without changing the law and with fewer resources and commitment. With this second workshop, participants established a clear roadmap to achieve sustainable changes in current practices of dealing with children involved in terrorism.<\/p>\n\n\n\n<p><em>Pour plus d&rsquo;informations sur cet atelier ou sur l&rsquo;initiative de l&rsquo;IIJ en mati\u00e8re de justice pour mineurs, veuillez contacter M.<\/em>\u00a0<a href=\"mailto:cachone@theiij.org\"><em>Emerson Cachon<\/em><\/a>, charg\u00e9 de programme \u00e0 l&rsquo;IIJ.<\/p>\n","protected":false},"featured_media":10897,"template":"","event_type":[187],"event_topic":[203],"pages_relationship":[75],"event_category":[],"class_list":["post-10898","event","type-event","status-publish","has-post-thumbnail","hentry","event_type-workshops-fr","event_topic-juvenile-justice-fr","pages_relationship-juvenile-justice-initiative"],"acf":[],"yoast_head":"<!-- This site is optimized with the Yoast SEO plugin v26.5 - https:\/\/yoast.com\/wordpress\/plugins\/seo\/ -->\n<title>Initiative de l&#039;IIJ en mati\u00e8re de justice pour mineurs : Deuxi\u00e8me atelier sur la justice pour mineurs en mati\u00e8re de lutte contre le terrorisme au Niger - L&#039;Institut International pour La Justice et l&#039;Etat de Droit<\/title>\n<meta name=\"robots\" content=\"index, follow, max-snippet:-1, max-image-preview:large, max-video-preview:-1\" \/>\n<link rel=\"canonical\" href=\"https:\/\/theiij.org\/fr\/event\/iij-juvenile-justice-initiative-second-niger-workshop-on-justice-for-children-in-terrorism-cases\/\" \/>\n<meta property=\"og:locale\" content=\"fr_FR\" \/>\n<meta property=\"og:type\" content=\"article\" \/>\n<meta property=\"og:title\" content=\"Initiative de l&#039;IIJ en mati\u00e8re de justice pour mineurs : Deuxi\u00e8me atelier sur la justice pour mineurs en mati\u00e8re de lutte contre le terrorisme au Niger - L&#039;Institut International pour La Justice et l&#039;Etat de Droit\" \/>\n<meta property=\"og:description\" content=\"En d\u00e9cembre dernier, l&rsquo;IIJ a tenu son deuxi\u00e8me atelier au profit des acteurs du Niger dans le cadre de son Initiative sur la justice pour mineurs, \u00e0 la demande des autorit\u00e9s nig\u00e9riennes et avec le soutien...\" \/>\n<meta property=\"og:url\" content=\"https:\/\/theiij.org\/fr\/event\/iij-juvenile-justice-initiative-second-niger-workshop-on-justice-for-children-in-terrorism-cases\/\" \/>\n<meta property=\"og:site_name\" content=\"L&#039;Institut International pour La Justice et l&#039;Etat de Droit\" \/>\n<meta property=\"article:modified_time\" content=\"2022-03-03T12:18:28+00:00\" \/>\n<meta property=\"og:image\" content=\"https:\/\/theiij.org\/wp-content\/uploads\/2022\/03\/DSC_2417-scaled.jpg\" \/>\n\t<meta property=\"og:image:width\" content=\"2560\" \/>\n\t<meta property=\"og:image:height\" content=\"1706\" \/>\n\t<meta property=\"og:image:type\" content=\"image\/jpeg\" \/>\n<meta name=\"twitter:card\" content=\"summary_large_image\" \/>\n<meta name=\"twitter:label1\" content=\"Dur\u00e9e de lecture estim\u00e9e\" \/>\n\t<meta name=\"twitter:data1\" content=\"2 minutes\" \/>\n<script type=\"application\/ld+json\" class=\"yoast-schema-graph\">{\"@context\":\"https:\/\/schema.org\",\"@graph\":[{\"@type\":\"WebPage\",\"@id\":\"https:\/\/theiij.org\/fr\/event\/iij-juvenile-justice-initiative-second-niger-workshop-on-justice-for-children-in-terrorism-cases\/\",\"url\":\"https:\/\/theiij.org\/fr\/event\/iij-juvenile-justice-initiative-second-niger-workshop-on-justice-for-children-in-terrorism-cases\/\",\"name\":\"Initiative de l'IIJ en mati\u00e8re de justice pour mineurs : Deuxi\u00e8me atelier sur la justice pour mineurs en mati\u00e8re de lutte contre le terrorisme au Niger - L&#039;Institut International pour La Justice et l&#039;Etat de Droit\",\"isPartOf\":{\"@id\":\"https:\/\/cms.soundme.app\/#website\"},\"primaryImageOfPage\":{\"@id\":\"https:\/\/theiij.org\/fr\/event\/iij-juvenile-justice-initiative-second-niger-workshop-on-justice-for-children-in-terrorism-cases\/#primaryimage\"},\"image\":{\"@id\":\"https:\/\/theiij.org\/fr\/event\/iij-juvenile-justice-initiative-second-niger-workshop-on-justice-for-children-in-terrorism-cases\/#primaryimage\"},\"thumbnailUrl\":\"https:\/\/theiij.org\/wp-content\/uploads\/2022\/03\/DSC_2417-scaled.jpg\",\"datePublished\":\"2022-03-03T12:16:13+00:00\",\"dateModified\":\"2022-03-03T12:18:28+00:00\",\"breadcrumb\":{\"@id\":\"https:\/\/theiij.org\/fr\/event\/iij-juvenile-justice-initiative-second-niger-workshop-on-justice-for-children-in-terrorism-cases\/#breadcrumb\"},\"inLanguage\":\"fr-FR\",\"potentialAction\":[{\"@type\":\"ReadAction\",\"target\":[\"https:\/\/theiij.org\/fr\/event\/iij-juvenile-justice-initiative-second-niger-workshop-on-justice-for-children-in-terrorism-cases\/\"]}]},{\"@type\":\"ImageObject\",\"inLanguage\":\"fr-FR\",\"@id\":\"https:\/\/theiij.org\/fr\/event\/iij-juvenile-justice-initiative-second-niger-workshop-on-justice-for-children-in-terrorism-cases\/#primaryimage\",\"url\":\"https:\/\/theiij.org\/wp-content\/uploads\/2022\/03\/DSC_2417-scaled.jpg\",\"contentUrl\":\"https:\/\/theiij.org\/wp-content\/uploads\/2022\/03\/DSC_2417-scaled.jpg\",\"width\":2560,\"height\":1706},{\"@type\":\"BreadcrumbList\",\"@id\":\"https:\/\/theiij.org\/fr\/event\/iij-juvenile-justice-initiative-second-niger-workshop-on-justice-for-children-in-terrorism-cases\/#breadcrumb\",\"itemListElement\":[{\"@type\":\"ListItem\",\"position\":1,\"name\":\"Home\",\"item\":\"https:\/\/theiij.org\/fr\/\"},{\"@type\":\"ListItem\",\"position\":2,\"name\":\"Initiative de l&rsquo;IIJ en mati\u00e8re de justice pour mineurs : Deuxi\u00e8me atelier sur la justice pour mineurs en mati\u00e8re de lutte contre le terrorisme au Niger\"}]},{\"@type\":\"WebSite\",\"@id\":\"https:\/\/cms.soundme.app\/#website\",\"url\":\"https:\/\/cms.soundme.app\/\",\"name\":\"The International Institute for Justice and the Rule of Law\",\"description\":\"Building the Capacity of Criminal Justice Practitioners\",\"publisher\":{\"@id\":\"https:\/\/cms.soundme.app\/#organization\"},\"potentialAction\":[{\"@type\":\"SearchAction\",\"target\":{\"@type\":\"EntryPoint\",\"urlTemplate\":\"https:\/\/cms.soundme.app\/?s={search_term_string}\"},\"query-input\":{\"@type\":\"PropertyValueSpecification\",\"valueRequired\":true,\"valueName\":\"search_term_string\"}}],\"inLanguage\":\"fr-FR\"},{\"@type\":\"Organization\",\"@id\":\"https:\/\/cms.soundme.app\/#organization\",\"name\":\"The International Institute for Justice and the Rule of Law\",\"url\":\"https:\/\/cms.soundme.app\/\",\"logo\":{\"@type\":\"ImageObject\",\"inLanguage\":\"fr-FR\",\"@id\":\"https:\/\/cms.soundme.app\/#\/schema\/logo\/image\/\",\"url\":\"https:\/\/theiij.org\/wp-content\/uploads\/2024\/06\/IIJ-Logo.svg\",\"contentUrl\":\"https:\/\/theiij.org\/wp-content\/uploads\/2024\/06\/IIJ-Logo.svg\",\"caption\":\"The International Institute for Justice and the Rule of Law\"},\"image\":{\"@id\":\"https:\/\/cms.soundme.app\/#\/schema\/logo\/image\/\"}}]}<\/script>\n<!-- \/ Yoast SEO plugin. -->","yoast_head_json":{"title":"Initiative de l'IIJ en mati\u00e8re de justice pour mineurs : Deuxi\u00e8me atelier sur la justice pour mineurs en mati\u00e8re de lutte contre le terrorisme au Niger - L&#039;Institut International pour La Justice et l&#039;Etat de Droit","robots":{"index":"index","follow":"follow","max-snippet":"max-snippet:-1","max-image-preview":"max-image-preview:large","max-video-preview":"max-video-preview:-1"},"canonical":"https:\/\/theiij.org\/fr\/event\/iij-juvenile-justice-initiative-second-niger-workshop-on-justice-for-children-in-terrorism-cases\/","og_locale":"fr_FR","og_type":"article","og_title":"Initiative de l'IIJ en mati\u00e8re de justice pour mineurs : Deuxi\u00e8me atelier sur la justice pour mineurs en mati\u00e8re de lutte contre le terrorisme au Niger - L&#039;Institut International pour La Justice et l&#039;Etat de Droit","og_description":"En d\u00e9cembre dernier, l&rsquo;IIJ a tenu son deuxi\u00e8me atelier au profit des acteurs du Niger dans le cadre de son Initiative sur la justice pour mineurs, \u00e0 la demande des autorit\u00e9s nig\u00e9riennes et avec le soutien...","og_url":"https:\/\/theiij.org\/fr\/event\/iij-juvenile-justice-initiative-second-niger-workshop-on-justice-for-children-in-terrorism-cases\/","og_site_name":"L&#039;Institut International pour La Justice et l&#039;Etat de Droit","article_modified_time":"2022-03-03T12:18:28+00:00","og_image":[{"width":2560,"height":1706,"url":"https:\/\/theiij.org\/wp-content\/uploads\/2022\/03\/DSC_2417-scaled.jpg","type":"image\/jpeg"}],"twitter_card":"summary_large_image","twitter_misc":{"Dur\u00e9e de lecture estim\u00e9e":"2 minutes"},"schema":{"@context":"https:\/\/schema.org","@graph":[{"@type":"WebPage","@id":"https:\/\/theiij.org\/fr\/event\/iij-juvenile-justice-initiative-second-niger-workshop-on-justice-for-children-in-terrorism-cases\/","url":"https:\/\/theiij.org\/fr\/event\/iij-juvenile-justice-initiative-second-niger-workshop-on-justice-for-children-in-terrorism-cases\/","name":"Initiative de l'IIJ en mati\u00e8re de justice pour mineurs : Deuxi\u00e8me atelier sur la justice pour mineurs en mati\u00e8re de lutte contre le terrorisme au Niger - L&#039;Institut International pour La Justice et l&#039;Etat de Droit","isPartOf":{"@id":"https:\/\/cms.soundme.app\/#website"},"primaryImageOfPage":{"@id":"https:\/\/theiij.org\/fr\/event\/iij-juvenile-justice-initiative-second-niger-workshop-on-justice-for-children-in-terrorism-cases\/#primaryimage"},"image":{"@id":"https:\/\/theiij.org\/fr\/event\/iij-juvenile-justice-initiative-second-niger-workshop-on-justice-for-children-in-terrorism-cases\/#primaryimage"},"thumbnailUrl":"https:\/\/theiij.org\/wp-content\/uploads\/2022\/03\/DSC_2417-scaled.jpg","datePublished":"2022-03-03T12:16:13+00:00","dateModified":"2022-03-03T12:18:28+00:00","breadcrumb":{"@id":"https:\/\/theiij.org\/fr\/event\/iij-juvenile-justice-initiative-second-niger-workshop-on-justice-for-children-in-terrorism-cases\/#breadcrumb"},"inLanguage":"fr-FR","potentialAction":[{"@type":"ReadAction","target":["https:\/\/theiij.org\/fr\/event\/iij-juvenile-justice-initiative-second-niger-workshop-on-justice-for-children-in-terrorism-cases\/"]}]},{"@type":"ImageObject","inLanguage":"fr-FR","@id":"https:\/\/theiij.org\/fr\/event\/iij-juvenile-justice-initiative-second-niger-workshop-on-justice-for-children-in-terrorism-cases\/#primaryimage","url":"https:\/\/theiij.org\/wp-content\/uploads\/2022\/03\/DSC_2417-scaled.jpg","contentUrl":"https:\/\/theiij.org\/wp-content\/uploads\/2022\/03\/DSC_2417-scaled.jpg","width":2560,"height":1706},{"@type":"BreadcrumbList","@id":"https:\/\/theiij.org\/fr\/event\/iij-juvenile-justice-initiative-second-niger-workshop-on-justice-for-children-in-terrorism-cases\/#breadcrumb","itemListElement":[{"@type":"ListItem","position":1,"name":"Home","item":"https:\/\/theiij.org\/fr\/"},{"@type":"ListItem","position":2,"name":"Initiative de l&rsquo;IIJ en mati\u00e8re de justice pour mineurs : Deuxi\u00e8me atelier sur la justice pour mineurs en mati\u00e8re de lutte contre le terrorisme au Niger"}]},{"@type":"WebSite","@id":"https:\/\/cms.soundme.app\/#website","url":"https:\/\/cms.soundme.app\/","name":"The International Institute for Justice and the Rule of Law","description":"Building the Capacity of Criminal Justice Practitioners","publisher":{"@id":"https:\/\/cms.soundme.app\/#organization"},"potentialAction":[{"@type":"SearchAction","target":{"@type":"EntryPoint","urlTemplate":"https:\/\/cms.soundme.app\/?s={search_term_string}"},"query-input":{"@type":"PropertyValueSpecification","valueRequired":true,"valueName":"search_term_string"}}],"inLanguage":"fr-FR"},{"@type":"Organization","@id":"https:\/\/cms.soundme.app\/#organization","name":"The International Institute for Justice and the Rule of Law","url":"https:\/\/cms.soundme.app\/","logo":{"@type":"ImageObject","inLanguage":"fr-FR","@id":"https:\/\/cms.soundme.app\/#\/schema\/logo\/image\/","url":"https:\/\/theiij.org\/wp-content\/uploads\/2024\/06\/IIJ-Logo.svg","contentUrl":"https:\/\/theiij.org\/wp-content\/uploads\/2024\/06\/IIJ-Logo.svg","caption":"The International Institute for Justice and the Rule of Law"},"image":{"@id":"https:\/\/cms.soundme.app\/#\/schema\/logo\/image\/"}}]}},"_links":{"self":[{"href":"https:\/\/theiij.org\/fr\/wp-json\/wp\/v2\/event\/10898","targetHints":{"allow":["GET"]}}],"collection":[{"href":"https:\/\/theiij.org\/fr\/wp-json\/wp\/v2\/event"}],"about":[{"href":"https:\/\/theiij.org\/fr\/wp-json\/wp\/v2\/types\/event"}],"wp:featuredmedia":[{"embeddable":true,"href":"https:\/\/theiij.org\/fr\/wp-json\/wp\/v2\/media\/10897"}],"wp:attachment":[{"href":"https:\/\/theiij.org\/fr\/wp-json\/wp\/v2\/media?parent=10898"}],"wp:term":[{"taxonomy":"event_type","embeddable":true,"href":"https:\/\/theiij.org\/fr\/wp-json\/wp\/v2\/event_type?post=10898"},{"taxonomy":"event_topic","embeddable":true,"href":"https:\/\/theiij.org\/fr\/wp-json\/wp\/v2\/event_topic?post=10898"},{"taxonomy":"pages_relationship","embeddable":true,"href":"https:\/\/theiij.org\/fr\/wp-json\/wp\/v2\/pages_relationship?post=10898"},{"taxonomy":"event_category","embeddable":true,"href":"https:\/\/theiij.org\/fr\/wp-json\/wp\/v2\/event_category?post=10898"}],"curies":[{"name":"wp","href":"https:\/\/api.w.org\/{rel}","templated":true}]}}