{"id":11725,"date":"2022-06-06T13:19:12","date_gmt":"2022-06-06T13:19:12","guid":{"rendered":"https:\/\/www.theiij.org\/event\/iij-judicial-capacity-building-initiative-icct-iij-workshop-for-francophone-african-countries-on-the-criminal-justice-approaches-to-the-interlinkages-between-terrorism-and-core-international-crimes\/"},"modified":"2022-09-09T11:35:34","modified_gmt":"2022-09-09T09:35:34","slug":"iij-judicial-capacity-building-initiative-icct-iij-workshop-for-francophone-african-countries-on-the-criminal-justice-approaches-to-the-interlinkages-between-terrorism-and-core-international-crimes","status":"publish","type":"event","link":"https:\/\/theiij.org\/fr\/event\/iij-judicial-capacity-building-initiative-icct-iij-workshop-for-francophone-african-countries-on-the-criminal-justice-approaches-to-the-interlinkages-between-terrorism-and-core-international-crimes\/","title":{"rendered":"Initiative de Renforcement des Capacit\u00e9s Judiciaires de l&rsquo;IIJ: Atelier Icct-IIJ sur les Approches de la Justice P\u00e9nale Face aux Liens entre le Terrorisme et les Principaux Crimes Internationaux, les Crimes de Violence Sexuelle et Sexiste, La Traite des \u00catres Humains, Le Trafic de Migrants, L\u2019esclavage et les Crimes Contre les Enfants"},"content":{"rendered":"\n<p>En mai 2022, l&rsquo;IIJ, en collaboration avec le Centre International de lutte contre le terrorisme (ICCT), a organis\u00e9 un atelier en ligne de quatre jours sur les \u00ab\u00a0Approches de la justice p\u00e9nales aux liens entre le terrorisme et les principaux crimes internationaux\u00a0\u00bb. L&rsquo;atelier, soutenu par le Gouvernement suisse, a r\u00e9uni 50 praticiens du Burkina Faso, du Cameroun, du Tchad, de la C\u00f4te d&rsquo;Ivoire, du Mali et du Niger pour discuter du M\u00e9morandum du GCTF sur les Approches de la Justice p\u00e9nale aux liens entre le terrorisme et les principaux crimes internationaux, les crimes de violence sexuelle et sexiste, la traite des \u00eatres Humains, le trafic de migrants, l&rsquo;esclavage et les crimes contre les enfants.<\/p>\n\n\n\n<figure class=\"wp-block-gallery has-nested-images columns-default is-cropped wp-block-gallery-1 is-layout-flex wp-block-gallery-is-layout-flex\">\n<figure class=\"wp-block-image size-large\"><img loading=\"lazy\" decoding=\"async\" width=\"1024\" height=\"572\" data-id=\"11390\" src=\"https:\/\/www.theiij.org\/wp-content\/uploads\/2022\/06\/IIJ-ICCT-May-2022-5-1024x572.png\" alt=\"\" class=\"wp-image-11390\" srcset=\"https:\/\/theiij.org\/wp-content\/uploads\/2022\/06\/IIJ-ICCT-May-2022-5-1024x572.png 1024w, https:\/\/theiij.org\/wp-content\/uploads\/2022\/06\/IIJ-ICCT-May-2022-5-300x168.png 300w, https:\/\/theiij.org\/wp-content\/uploads\/2022\/06\/IIJ-ICCT-May-2022-5-768x429.png 768w, https:\/\/theiij.org\/wp-content\/uploads\/2022\/06\/IIJ-ICCT-May-2022-5.png 1210w\" sizes=\"auto, (max-width: 1024px) 100vw, 1024px\" \/><\/figure>\n<\/figure>\n\n\n\n<p>L&rsquo;objectif de cet atelier \u00e9tait de mieux comprendre comment le terrorisme est inextricablement li\u00e9 \u00e0 un large \u00e9ventail d&rsquo;autres activit\u00e9s criminelles et comment les efforts de lutte contre le terrorisme exigent que les praticiens connaissent et s&rsquo;appuient sur tous les outils juridiques mis \u00e0 leur disposition. Cela permettra aux gouvernements de mettre fin \u00e0 l&rsquo;impunit\u00e9 pour les infractions terroristes, de tenir les terroristes responsables de l&rsquo;ensemble des crimes qu&rsquo;ils ont commis, de d\u00e9velopper des moyens de r\u00e9parer les dommages, de restaurer la dignit\u00e9 des victimes, ainsi que de pr\u00e9venir ces crimes graves \u00e0 l&rsquo;avenir.<\/p>\n\n\n\n<p>L&rsquo;atelier a \u00e9t\u00e9 l&rsquo;occasion pour les praticiens de la justice p\u00e9nale des Pays d&rsquo;Afrique francophone de poursuivre l&rsquo;importante discussion sur les Approches de la Justice p\u00e9nale aux liens entre le terrorisme et les principaux crimes internationaux, les crimes de violence sexuelle et sexiste, la traite des \u00eatres Humains, le trafic de migrants, l&rsquo;esclavage et les crimes contre les Enfants. Au cours de cet atelier novateur, les praticiens ont \u00e9t\u00e9 guid\u00e9s et invit\u00e9s \u00e0 commenter une s\u00e9rie de pr\u00e9sentations vid\u00e9o pr\u00e9enregistr\u00e9es, ainsi que d&rsquo;autres supports de formation. Les praticiens ont ensuite appliqu\u00e9 les comp\u00e9tences acquises \u00e0 une \u00e9tude de cas dans des groupes de discussion interactifs et des s\u00e9ances pl\u00e9ni\u00e8res. Les praticiens ont exprim\u00e9 leur gratitude pour l&rsquo;opportunit\u00e9 de participer \u00e0 ce programme informatif de renforcement des capacit\u00e9s. L&rsquo;IIJ et l&rsquo;ICCT organiseront la troisi\u00e8me it\u00e9ration de cet important atelier dans les semaines \u00e0 venir pour les praticiens de la justice p\u00e9nale de la r\u00e9gion MENA.<\/p>\n\n\n\n<p>Pour plus d&rsquo;informations sur cet atelier, veuillez contacter le Conseiller juridique principal<em><em>, <\/em><a href=\"mailto:erdemb@theiij.org\"><em>Bu\u011fra Erdem<\/em><\/a>.<\/em><\/p>\n","protected":false},"featured_media":11390,"template":"","event_type":[25,187],"event_topic":[88,190],"pages_relationship":[74],"event_category":[],"class_list":["post-11725","event","type-event","status-publish","has-post-thumbnail","hentry","event_type-workshops","event_type-workshops-fr","event_topic-judicial-capacity-building","event_topic-judicial-capacity-building-fr","pages_relationship-judicial-capacity-building-initiative"],"acf":[],"yoast_head":"<!-- This site is optimized with the Yoast SEO plugin v26.5 - https:\/\/yoast.com\/wordpress\/plugins\/seo\/ -->\n<title>Initiative de Renforcement des Capacit\u00e9s Judiciaires de l&#039;IIJ: Atelier Icct-IIJ sur les Approches de la Justice P\u00e9nale Face aux Liens entre le Terrorisme et les Principaux Crimes Internationaux, les Crimes de Violence Sexuelle et Sexiste, La Traite des \u00catres Humains, Le Trafic de Migrants, L\u2019esclavage et les Crimes Contre les Enfants - L&#039;Institut International pour La Justice et l&#039;Etat de Droit<\/title>\n<meta name=\"robots\" content=\"index, follow, max-snippet:-1, max-image-preview:large, max-video-preview:-1\" \/>\n<link rel=\"canonical\" href=\"https:\/\/www.soundme.app\/fr\/event\/iij-judicial-capacity-building-initiative-icct-iij-workshop-for-francophone-african-countries-on-the-criminal-justice-approaches-to-the-interlinkages-between-terrorism-and-core-international-crimes\/\" \/>\n<meta property=\"og:locale\" content=\"fr_FR\" \/>\n<meta property=\"og:type\" content=\"article\" \/>\n<meta property=\"og:title\" content=\"Initiative de Renforcement des Capacit\u00e9s Judiciaires de l&#039;IIJ: Atelier Icct-IIJ sur les Approches de la Justice P\u00e9nale Face aux Liens entre le Terrorisme et les Principaux Crimes Internationaux, les Crimes de Violence Sexuelle et Sexiste, La Traite des \u00catres Humains, Le Trafic de Migrants, L\u2019esclavage et les Crimes Contre les Enfants - L&#039;Institut International pour La Justice et l&#039;Etat de Droit\" \/>\n<meta property=\"og:description\" content=\"En mai 2022, l&rsquo;IIJ, en collaboration avec le Centre International de lutte contre le terrorisme (ICCT), a organis\u00e9 un atelier en ligne de quatre jours sur les \u00ab\u00a0Approches de la justice p\u00e9nales aux liens entre le...\" \/>\n<meta property=\"og:url\" content=\"https:\/\/www.soundme.app\/fr\/event\/iij-judicial-capacity-building-initiative-icct-iij-workshop-for-francophone-african-countries-on-the-criminal-justice-approaches-to-the-interlinkages-between-terrorism-and-core-international-crimes\/\" \/>\n<meta property=\"og:site_name\" content=\"L&#039;Institut International pour La Justice et l&#039;Etat de Droit\" \/>\n<meta property=\"article:modified_time\" content=\"2022-09-09T09:35:34+00:00\" \/>\n<meta property=\"og:image\" content=\"https:\/\/www.soundme.app\/wp-content\/uploads\/2022\/06\/IIJ-ICCT-May-2022-5.png\" \/>\n\t<meta property=\"og:image:width\" content=\"1210\" \/>\n\t<meta property=\"og:image:height\" content=\"676\" \/>\n\t<meta property=\"og:image:type\" content=\"image\/png\" \/>\n<meta name=\"twitter:card\" content=\"summary_large_image\" \/>\n<meta name=\"twitter:label1\" content=\"Dur\u00e9e de lecture estim\u00e9e\" \/>\n\t<meta name=\"twitter:data1\" content=\"2 minutes\" \/>\n<script type=\"application\/ld+json\" class=\"yoast-schema-graph\">{\"@context\":\"https:\/\/schema.org\",\"@graph\":[{\"@type\":\"WebPage\",\"@id\":\"https:\/\/www.soundme.app\/fr\/event\/iij-judicial-capacity-building-initiative-icct-iij-workshop-for-francophone-african-countries-on-the-criminal-justice-approaches-to-the-interlinkages-between-terrorism-and-core-international-crimes\/\",\"url\":\"https:\/\/www.soundme.app\/fr\/event\/iij-judicial-capacity-building-initiative-icct-iij-workshop-for-francophone-african-countries-on-the-criminal-justice-approaches-to-the-interlinkages-between-terrorism-and-core-international-crimes\/\",\"name\":\"Initiative de Renforcement des Capacit\u00e9s Judiciaires de l'IIJ: Atelier Icct-IIJ sur les Approches de la Justice P\u00e9nale Face aux Liens entre le Terrorisme et les Principaux Crimes Internationaux, les Crimes de Violence Sexuelle et Sexiste, La Traite des \u00catres Humains, Le Trafic de Migrants, L\u2019esclavage et les Crimes Contre les Enfants - L&#039;Institut International pour La Justice et l&#039;Etat de Droit\",\"isPartOf\":{\"@id\":\"https:\/\/cms.soundme.app\/#website\"},\"primaryImageOfPage\":{\"@id\":\"https:\/\/www.soundme.app\/fr\/event\/iij-judicial-capacity-building-initiative-icct-iij-workshop-for-francophone-african-countries-on-the-criminal-justice-approaches-to-the-interlinkages-between-terrorism-and-core-international-crimes\/#primaryimage\"},\"image\":{\"@id\":\"https:\/\/www.soundme.app\/fr\/event\/iij-judicial-capacity-building-initiative-icct-iij-workshop-for-francophone-african-countries-on-the-criminal-justice-approaches-to-the-interlinkages-between-terrorism-and-core-international-crimes\/#primaryimage\"},\"thumbnailUrl\":\"https:\/\/theiij.org\/wp-content\/uploads\/2022\/06\/IIJ-ICCT-May-2022-5.png\",\"datePublished\":\"2022-06-06T13:19:12+00:00\",\"dateModified\":\"2022-09-09T09:35:34+00:00\",\"breadcrumb\":{\"@id\":\"https:\/\/www.soundme.app\/fr\/event\/iij-judicial-capacity-building-initiative-icct-iij-workshop-for-francophone-african-countries-on-the-criminal-justice-approaches-to-the-interlinkages-between-terrorism-and-core-international-crimes\/#breadcrumb\"},\"inLanguage\":\"fr-FR\",\"potentialAction\":[{\"@type\":\"ReadAction\",\"target\":[\"https:\/\/www.soundme.app\/fr\/event\/iij-judicial-capacity-building-initiative-icct-iij-workshop-for-francophone-african-countries-on-the-criminal-justice-approaches-to-the-interlinkages-between-terrorism-and-core-international-crimes\/\"]}]},{\"@type\":\"ImageObject\",\"inLanguage\":\"fr-FR\",\"@id\":\"https:\/\/www.soundme.app\/fr\/event\/iij-judicial-capacity-building-initiative-icct-iij-workshop-for-francophone-african-countries-on-the-criminal-justice-approaches-to-the-interlinkages-between-terrorism-and-core-international-crimes\/#primaryimage\",\"url\":\"https:\/\/theiij.org\/wp-content\/uploads\/2022\/06\/IIJ-ICCT-May-2022-5.png\",\"contentUrl\":\"https:\/\/theiij.org\/wp-content\/uploads\/2022\/06\/IIJ-ICCT-May-2022-5.png\",\"width\":1210,\"height\":676},{\"@type\":\"BreadcrumbList\",\"@id\":\"https:\/\/www.soundme.app\/fr\/event\/iij-judicial-capacity-building-initiative-icct-iij-workshop-for-francophone-african-countries-on-the-criminal-justice-approaches-to-the-interlinkages-between-terrorism-and-core-international-crimes\/#breadcrumb\",\"itemListElement\":[{\"@type\":\"ListItem\",\"position\":1,\"name\":\"Home\",\"item\":\"https:\/\/theiij.org\/fr\/\"},{\"@type\":\"ListItem\",\"position\":2,\"name\":\"Initiative de Renforcement des Capacit\u00e9s Judiciaires de l&rsquo;IIJ: Atelier Icct-IIJ sur les Approches de la Justice P\u00e9nale Face aux Liens entre le Terrorisme et les Principaux Crimes Internationaux, les Crimes de Violence Sexuelle et Sexiste, La Traite des \u00catres Humains, Le Trafic de Migrants, L\u2019esclavage et les Crimes Contre les Enfants\"}]},{\"@type\":\"WebSite\",\"@id\":\"https:\/\/cms.soundme.app\/#website\",\"url\":\"https:\/\/cms.soundme.app\/\",\"name\":\"The International Institute for Justice and the Rule of Law\",\"description\":\"Building the Capacity of Criminal Justice Practitioners\",\"publisher\":{\"@id\":\"https:\/\/cms.soundme.app\/#organization\"},\"potentialAction\":[{\"@type\":\"SearchAction\",\"target\":{\"@type\":\"EntryPoint\",\"urlTemplate\":\"https:\/\/cms.soundme.app\/?s={search_term_string}\"},\"query-input\":{\"@type\":\"PropertyValueSpecification\",\"valueRequired\":true,\"valueName\":\"search_term_string\"}}],\"inLanguage\":\"fr-FR\"},{\"@type\":\"Organization\",\"@id\":\"https:\/\/cms.soundme.app\/#organization\",\"name\":\"The International Institute for Justice and the Rule of Law\",\"url\":\"https:\/\/cms.soundme.app\/\",\"logo\":{\"@type\":\"ImageObject\",\"inLanguage\":\"fr-FR\",\"@id\":\"https:\/\/cms.soundme.app\/#\/schema\/logo\/image\/\",\"url\":\"https:\/\/theiij.org\/wp-content\/uploads\/2024\/06\/IIJ-Logo.svg\",\"contentUrl\":\"https:\/\/theiij.org\/wp-content\/uploads\/2024\/06\/IIJ-Logo.svg\",\"caption\":\"The International Institute for Justice and the Rule of Law\"},\"image\":{\"@id\":\"https:\/\/cms.soundme.app\/#\/schema\/logo\/image\/\"}}]}<\/script>\n<!-- \/ Yoast SEO plugin. -->","yoast_head_json":{"title":"Initiative de Renforcement des Capacit\u00e9s Judiciaires de l'IIJ: Atelier Icct-IIJ sur les Approches de la Justice P\u00e9nale Face aux Liens entre le Terrorisme et les Principaux Crimes Internationaux, les Crimes de Violence Sexuelle et Sexiste, La Traite des \u00catres Humains, Le Trafic de Migrants, L\u2019esclavage et les Crimes Contre les Enfants - L&#039;Institut International pour La Justice et l&#039;Etat de Droit","robots":{"index":"index","follow":"follow","max-snippet":"max-snippet:-1","max-image-preview":"max-image-preview:large","max-video-preview":"max-video-preview:-1"},"canonical":"https:\/\/www.soundme.app\/fr\/event\/iij-judicial-capacity-building-initiative-icct-iij-workshop-for-francophone-african-countries-on-the-criminal-justice-approaches-to-the-interlinkages-between-terrorism-and-core-international-crimes\/","og_locale":"fr_FR","og_type":"article","og_title":"Initiative de Renforcement des Capacit\u00e9s Judiciaires de l'IIJ: Atelier Icct-IIJ sur les Approches de la Justice P\u00e9nale Face aux Liens entre le Terrorisme et les Principaux Crimes Internationaux, les Crimes de Violence Sexuelle et Sexiste, La Traite des \u00catres Humains, Le Trafic de Migrants, L\u2019esclavage et les Crimes Contre les Enfants - L&#039;Institut International pour La Justice et l&#039;Etat de Droit","og_description":"En mai 2022, l&rsquo;IIJ, en collaboration avec le Centre International de lutte contre le terrorisme (ICCT), a organis\u00e9 un atelier en ligne de quatre jours sur les \u00ab\u00a0Approches de la justice p\u00e9nales aux liens entre le...","og_url":"https:\/\/www.soundme.app\/fr\/event\/iij-judicial-capacity-building-initiative-icct-iij-workshop-for-francophone-african-countries-on-the-criminal-justice-approaches-to-the-interlinkages-between-terrorism-and-core-international-crimes\/","og_site_name":"L&#039;Institut International pour La Justice et l&#039;Etat de Droit","article_modified_time":"2022-09-09T09:35:34+00:00","og_image":[{"width":1210,"height":676,"url":"https:\/\/www.soundme.app\/wp-content\/uploads\/2022\/06\/IIJ-ICCT-May-2022-5.png","type":"image\/png"}],"twitter_card":"summary_large_image","twitter_misc":{"Dur\u00e9e de lecture estim\u00e9e":"2 minutes"},"schema":{"@context":"https:\/\/schema.org","@graph":[{"@type":"WebPage","@id":"https:\/\/www.soundme.app\/fr\/event\/iij-judicial-capacity-building-initiative-icct-iij-workshop-for-francophone-african-countries-on-the-criminal-justice-approaches-to-the-interlinkages-between-terrorism-and-core-international-crimes\/","url":"https:\/\/www.soundme.app\/fr\/event\/iij-judicial-capacity-building-initiative-icct-iij-workshop-for-francophone-african-countries-on-the-criminal-justice-approaches-to-the-interlinkages-between-terrorism-and-core-international-crimes\/","name":"Initiative de Renforcement des Capacit\u00e9s Judiciaires de l'IIJ: Atelier Icct-IIJ sur les Approches de la Justice P\u00e9nale Face aux Liens entre le Terrorisme et les Principaux Crimes Internationaux, les Crimes de Violence Sexuelle et Sexiste, La Traite des \u00catres Humains, Le Trafic de Migrants, L\u2019esclavage et les Crimes Contre les Enfants - L&#039;Institut International pour La Justice et l&#039;Etat de Droit","isPartOf":{"@id":"https:\/\/cms.soundme.app\/#website"},"primaryImageOfPage":{"@id":"https:\/\/www.soundme.app\/fr\/event\/iij-judicial-capacity-building-initiative-icct-iij-workshop-for-francophone-african-countries-on-the-criminal-justice-approaches-to-the-interlinkages-between-terrorism-and-core-international-crimes\/#primaryimage"},"image":{"@id":"https:\/\/www.soundme.app\/fr\/event\/iij-judicial-capacity-building-initiative-icct-iij-workshop-for-francophone-african-countries-on-the-criminal-justice-approaches-to-the-interlinkages-between-terrorism-and-core-international-crimes\/#primaryimage"},"thumbnailUrl":"https:\/\/theiij.org\/wp-content\/uploads\/2022\/06\/IIJ-ICCT-May-2022-5.png","datePublished":"2022-06-06T13:19:12+00:00","dateModified":"2022-09-09T09:35:34+00:00","breadcrumb":{"@id":"https:\/\/www.soundme.app\/fr\/event\/iij-judicial-capacity-building-initiative-icct-iij-workshop-for-francophone-african-countries-on-the-criminal-justice-approaches-to-the-interlinkages-between-terrorism-and-core-international-crimes\/#breadcrumb"},"inLanguage":"fr-FR","potentialAction":[{"@type":"ReadAction","target":["https:\/\/www.soundme.app\/fr\/event\/iij-judicial-capacity-building-initiative-icct-iij-workshop-for-francophone-african-countries-on-the-criminal-justice-approaches-to-the-interlinkages-between-terrorism-and-core-international-crimes\/"]}]},{"@type":"ImageObject","inLanguage":"fr-FR","@id":"https:\/\/www.soundme.app\/fr\/event\/iij-judicial-capacity-building-initiative-icct-iij-workshop-for-francophone-african-countries-on-the-criminal-justice-approaches-to-the-interlinkages-between-terrorism-and-core-international-crimes\/#primaryimage","url":"https:\/\/theiij.org\/wp-content\/uploads\/2022\/06\/IIJ-ICCT-May-2022-5.png","contentUrl":"https:\/\/theiij.org\/wp-content\/uploads\/2022\/06\/IIJ-ICCT-May-2022-5.png","width":1210,"height":676},{"@type":"BreadcrumbList","@id":"https:\/\/www.soundme.app\/fr\/event\/iij-judicial-capacity-building-initiative-icct-iij-workshop-for-francophone-african-countries-on-the-criminal-justice-approaches-to-the-interlinkages-between-terrorism-and-core-international-crimes\/#breadcrumb","itemListElement":[{"@type":"ListItem","position":1,"name":"Home","item":"https:\/\/theiij.org\/fr\/"},{"@type":"ListItem","position":2,"name":"Initiative de Renforcement des Capacit\u00e9s Judiciaires de l&rsquo;IIJ: Atelier Icct-IIJ sur les Approches de la Justice P\u00e9nale Face aux Liens entre le Terrorisme et les Principaux Crimes Internationaux, les Crimes de Violence Sexuelle et Sexiste, La Traite des \u00catres Humains, Le Trafic de Migrants, L\u2019esclavage et les Crimes Contre les Enfants"}]},{"@type":"WebSite","@id":"https:\/\/cms.soundme.app\/#website","url":"https:\/\/cms.soundme.app\/","name":"The International Institute for Justice and the Rule of Law","description":"Building the Capacity of Criminal Justice Practitioners","publisher":{"@id":"https:\/\/cms.soundme.app\/#organization"},"potentialAction":[{"@type":"SearchAction","target":{"@type":"EntryPoint","urlTemplate":"https:\/\/cms.soundme.app\/?s={search_term_string}"},"query-input":{"@type":"PropertyValueSpecification","valueRequired":true,"valueName":"search_term_string"}}],"inLanguage":"fr-FR"},{"@type":"Organization","@id":"https:\/\/cms.soundme.app\/#organization","name":"The International Institute for Justice and the Rule of Law","url":"https:\/\/cms.soundme.app\/","logo":{"@type":"ImageObject","inLanguage":"fr-FR","@id":"https:\/\/cms.soundme.app\/#\/schema\/logo\/image\/","url":"https:\/\/theiij.org\/wp-content\/uploads\/2024\/06\/IIJ-Logo.svg","contentUrl":"https:\/\/theiij.org\/wp-content\/uploads\/2024\/06\/IIJ-Logo.svg","caption":"The International Institute for Justice and the Rule of Law"},"image":{"@id":"https:\/\/cms.soundme.app\/#\/schema\/logo\/image\/"}}]}},"_links":{"self":[{"href":"https:\/\/theiij.org\/fr\/wp-json\/wp\/v2\/event\/11725","targetHints":{"allow":["GET"]}}],"collection":[{"href":"https:\/\/theiij.org\/fr\/wp-json\/wp\/v2\/event"}],"about":[{"href":"https:\/\/theiij.org\/fr\/wp-json\/wp\/v2\/types\/event"}],"wp:featuredmedia":[{"embeddable":true,"href":"https:\/\/theiij.org\/fr\/wp-json\/wp\/v2\/media\/11390"}],"wp:attachment":[{"href":"https:\/\/theiij.org\/fr\/wp-json\/wp\/v2\/media?parent=11725"}],"wp:term":[{"taxonomy":"event_type","embeddable":true,"href":"https:\/\/theiij.org\/fr\/wp-json\/wp\/v2\/event_type?post=11725"},{"taxonomy":"event_topic","embeddable":true,"href":"https:\/\/theiij.org\/fr\/wp-json\/wp\/v2\/event_topic?post=11725"},{"taxonomy":"pages_relationship","embeddable":true,"href":"https:\/\/theiij.org\/fr\/wp-json\/wp\/v2\/pages_relationship?post=11725"},{"taxonomy":"event_category","embeddable":true,"href":"https:\/\/theiij.org\/fr\/wp-json\/wp\/v2\/event_category?post=11725"}],"curies":[{"name":"wp","href":"https:\/\/api.w.org\/{rel}","templated":true}]}}