{"id":11747,"date":"2022-08-30T12:22:36","date_gmt":"2022-08-30T12:22:36","guid":{"rendered":"https:\/\/www.theiij.org\/event\/iij-juvenile-justice-initiative-second-niger-workshop-on-justice-for-children-in-terrorism-cases-2\/"},"modified":"2022-09-14T16:52:42","modified_gmt":"2022-09-14T14:52:42","slug":"iij-juvenile-justice-initiative-second-niger-workshop-on-justice-for-children-in-terrorism-cases-2","status":"publish","type":"event","link":"https:\/\/theiij.org\/fr\/event\/iij-juvenile-justice-initiative-second-niger-workshop-on-justice-for-children-in-terrorism-cases-2\/","title":{"rendered":"Initiative de l&rsquo;IIJ en mati\u00e8re de justice pour mineurs : Atelier conjoint OPDAT-IIJ sur la justice pour les enfants dans les affaires de terrorisme au Burkina Faso"},"content":{"rendered":"\n<p class=\"has-text-align-left\">En juillet 2022, l&rsquo;IIJ, en partenariat avec le d\u00e9partement am\u00e9ricain de la justice\/OPDAT au Burkina Faso, a organis\u00e9 un atelier pour 29 praticiens burkinab\u00e8, dont des enqu\u00eateurs, des juges, des avocats de la d\u00e9fense, des fonctionnaires de l&rsquo;administration p\u00e9nitentiaire, des travailleurs sociaux, la soci\u00e9t\u00e9 civile et des repr\u00e9sentants du minist\u00e8re de la justice et du minist\u00e8re du genre et de la famille du Burkina Faso. En plus, les communications de six experts internationaux et de l&rsquo;IIJ ont enrichi l&rsquo;\u00e9v\u00e9nement.<\/p>\n\n\n\n<p class=\"has-text-align-left\">L&rsquo;objectif principal de l&rsquo;atelier \u00e9tait de renforcer la capacit\u00e9 de ces praticiens \u00e0 comprendre la raison d&rsquo;\u00eatre de la protection des droits de l&rsquo;enfant et \u00e0 aborder les questions relatives aux enqu\u00eates et aux poursuites concernant les enfants touch\u00e9s par le terrorisme, conform\u00e9ment aux normes et standards juridiques internationaux.<\/p>\n\n\n\n<figure class=\"wp-block-image size-large\"><img loading=\"lazy\" decoding=\"async\" width=\"1024\" height=\"492\" src=\"https:\/\/www.theiij.org\/wp-content\/uploads\/2022\/08\/20220719-5BEE5275-CED2-44F5-A8E3-09BA987E1B30-1024x492.png\" alt=\"\" class=\"wp-image-11681\" srcset=\"https:\/\/theiij.org\/wp-content\/uploads\/2022\/08\/20220719-5BEE5275-CED2-44F5-A8E3-09BA987E1B30-1024x492.png 1024w, https:\/\/theiij.org\/wp-content\/uploads\/2022\/08\/20220719-5BEE5275-CED2-44F5-A8E3-09BA987E1B30-300x144.png 300w, https:\/\/theiij.org\/wp-content\/uploads\/2022\/08\/20220719-5BEE5275-CED2-44F5-A8E3-09BA987E1B30-768x369.png 768w, https:\/\/theiij.org\/wp-content\/uploads\/2022\/08\/20220719-5BEE5275-CED2-44F5-A8E3-09BA987E1B30-1536x737.png 1536w, https:\/\/theiij.org\/wp-content\/uploads\/2022\/08\/20220719-5BEE5275-CED2-44F5-A8E3-09BA987E1B30-2048x983.png 2048w, https:\/\/theiij.org\/wp-content\/uploads\/2022\/08\/20220719-5BEE5275-CED2-44F5-A8E3-09BA987E1B30-1920x922.png 1920w, https:\/\/theiij.org\/wp-content\/uploads\/2022\/08\/20220719-5BEE5275-CED2-44F5-A8E3-09BA987E1B30-1280x615.png 1280w\" sizes=\"auto, (max-width: 1024px) 100vw, 1024px\" \/><\/figure>\n\n\n\n<p class=\"has-text-align-left\">Les sessions comprenaient des communications \u00e9manant de sp\u00e9cialistes \u00e9minents sur le d\u00e9veloppement du cerveau des mineurs, le r\u00f4le des enqu\u00eateurs, des procureurs, des juges pour enfants, du personnel de d\u00e9tention et l&rsquo;importance de la collaboration entre plusieurs organismes lorsqu&rsquo;il s&rsquo;agit d&rsquo;enfants dans des affaires de terrorisme. En outre, l&rsquo;atelier a fourni une excellente occasion pour les praticiens participants de favoriser la collaboration et de b\u00e9n\u00e9ficier de l&rsquo;expertise et des comp\u00e9tences d&rsquo;experts exp\u00e9riment\u00e9s en mati\u00e8re de justice des mineurs sur le traitement des mineurs touch\u00e9s par le terrorisme en conformit\u00e9 avec les normes et standards juridiques internationaux.<\/p>\n\n\n\n<figure class=\"wp-block-image size-large\"><img loading=\"lazy\" decoding=\"async\" width=\"1024\" height=\"530\" src=\"https:\/\/www.theiij.org\/wp-content\/uploads\/2022\/08\/20220719-D52CE557-0CCE-4903-94B1-A9A0132A1D20-1024x530.jpg\" alt=\"\" class=\"wp-image-11672\" srcset=\"https:\/\/theiij.org\/wp-content\/uploads\/2022\/08\/20220719-D52CE557-0CCE-4903-94B1-A9A0132A1D20-1024x530.jpg 1024w, https:\/\/theiij.org\/wp-content\/uploads\/2022\/08\/20220719-D52CE557-0CCE-4903-94B1-A9A0132A1D20-300x155.jpg 300w, https:\/\/theiij.org\/wp-content\/uploads\/2022\/08\/20220719-D52CE557-0CCE-4903-94B1-A9A0132A1D20-768x398.jpg 768w, https:\/\/theiij.org\/wp-content\/uploads\/2022\/08\/20220719-D52CE557-0CCE-4903-94B1-A9A0132A1D20-1536x795.jpg 1536w, https:\/\/theiij.org\/wp-content\/uploads\/2022\/08\/20220719-D52CE557-0CCE-4903-94B1-A9A0132A1D20-2048x1061.jpg 2048w, https:\/\/theiij.org\/wp-content\/uploads\/2022\/08\/20220719-D52CE557-0CCE-4903-94B1-A9A0132A1D20-1920x994.jpg 1920w, https:\/\/theiij.org\/wp-content\/uploads\/2022\/08\/20220719-D52CE557-0CCE-4903-94B1-A9A0132A1D20-1280x663.jpg 1280w\" sizes=\"auto, (max-width: 1024px) 100vw, 1024px\" \/><\/figure>\n\n\n\n<p class=\"has-text-align-left\">Le dernier jour, les praticiens ont particip\u00e9 \u00e0 des sessions en petits groupes afin de r\u00e9diger un plan d&rsquo;action sur mesure comprenant des solutions pratiques pour surmonter les difficult\u00e9s li\u00e9es \u00e0 la prise en charge des enfants dans un contexte de lutte contre le terrorisme au Burkina Faso, avec des ressources limit\u00e9es et sans modifier la loi existante.<\/p>\n\n\n\n<p class=\"has-text-align-left\"><em>Pour plus d&rsquo;informations sur cet atelier, veuillez contacter\u00a0<a href=\"mailto:cachone@theiij.org\">Emerson Cachon<\/a>, charg\u00e9 de programme.<\/em><\/p>\n","protected":false},"featured_media":11675,"template":"","event_type":[25,187],"event_topic":[203,89],"pages_relationship":[75],"event_category":[],"class_list":["post-11747","event","type-event","status-publish","has-post-thumbnail","hentry","event_type-workshops","event_type-workshops-fr","event_topic-juvenile-justice-fr","event_topic-juvenile-justice","pages_relationship-juvenile-justice-initiative"],"acf":[],"yoast_head":"<!-- This site is optimized with the Yoast SEO plugin v26.5 - https:\/\/yoast.com\/wordpress\/plugins\/seo\/ -->\n<title>Initiative de l&#039;IIJ en mati\u00e8re de justice pour mineurs : Atelier conjoint OPDAT-IIJ sur la justice pour les enfants dans les affaires de terrorisme au Burkina Faso - L&#039;Institut International pour La Justice et l&#039;Etat de Droit<\/title>\n<meta name=\"robots\" content=\"index, follow, max-snippet:-1, max-image-preview:large, max-video-preview:-1\" \/>\n<link rel=\"canonical\" href=\"https:\/\/theiij.org\/fr\/event\/iij-juvenile-justice-initiative-second-niger-workshop-on-justice-for-children-in-terrorism-cases-2\/\" \/>\n<meta property=\"og:locale\" content=\"fr_FR\" \/>\n<meta property=\"og:type\" content=\"article\" \/>\n<meta property=\"og:title\" content=\"Initiative de l&#039;IIJ en mati\u00e8re de justice pour mineurs : Atelier conjoint OPDAT-IIJ sur la justice pour les enfants dans les affaires de terrorisme au Burkina Faso - L&#039;Institut International pour La Justice et l&#039;Etat de Droit\" \/>\n<meta property=\"og:description\" content=\"En juillet 2022, l&rsquo;IIJ, en partenariat avec le d\u00e9partement am\u00e9ricain de la justice\/OPDAT au Burkina Faso, a organis\u00e9 un atelier pour 29 praticiens burkinab\u00e8, dont des enqu\u00eateurs, des juges, des avocats de la d\u00e9fense, des fonctionnaires...\" \/>\n<meta property=\"og:url\" content=\"https:\/\/theiij.org\/fr\/event\/iij-juvenile-justice-initiative-second-niger-workshop-on-justice-for-children-in-terrorism-cases-2\/\" \/>\n<meta property=\"og:site_name\" content=\"L&#039;Institut International pour La Justice et l&#039;Etat de Droit\" \/>\n<meta property=\"article:modified_time\" content=\"2022-09-14T14:52:42+00:00\" \/>\n<meta property=\"og:image\" content=\"https:\/\/theiij.org\/wp-content\/uploads\/2022\/08\/20220719-D335405C-588C-4B08-B37A-796908EF76DB-scaled.jpg\" \/>\n\t<meta property=\"og:image:width\" content=\"2560\" \/>\n\t<meta property=\"og:image:height\" content=\"1447\" \/>\n\t<meta property=\"og:image:type\" content=\"image\/jpeg\" \/>\n<meta name=\"twitter:card\" content=\"summary_large_image\" \/>\n<meta name=\"twitter:label1\" content=\"Dur\u00e9e de lecture estim\u00e9e\" \/>\n\t<meta name=\"twitter:data1\" content=\"2 minutes\" \/>\n<script type=\"application\/ld+json\" class=\"yoast-schema-graph\">{\"@context\":\"https:\/\/schema.org\",\"@graph\":[{\"@type\":\"WebPage\",\"@id\":\"https:\/\/theiij.org\/fr\/event\/iij-juvenile-justice-initiative-second-niger-workshop-on-justice-for-children-in-terrorism-cases-2\/\",\"url\":\"https:\/\/theiij.org\/fr\/event\/iij-juvenile-justice-initiative-second-niger-workshop-on-justice-for-children-in-terrorism-cases-2\/\",\"name\":\"Initiative de l'IIJ en mati\u00e8re de justice pour mineurs : Atelier conjoint OPDAT-IIJ sur la justice pour les enfants dans les affaires de terrorisme au Burkina Faso - L&#039;Institut International pour La Justice et l&#039;Etat de Droit\",\"isPartOf\":{\"@id\":\"https:\/\/cms.soundme.app\/#website\"},\"primaryImageOfPage\":{\"@id\":\"https:\/\/theiij.org\/fr\/event\/iij-juvenile-justice-initiative-second-niger-workshop-on-justice-for-children-in-terrorism-cases-2\/#primaryimage\"},\"image\":{\"@id\":\"https:\/\/theiij.org\/fr\/event\/iij-juvenile-justice-initiative-second-niger-workshop-on-justice-for-children-in-terrorism-cases-2\/#primaryimage\"},\"thumbnailUrl\":\"https:\/\/theiij.org\/wp-content\/uploads\/2022\/08\/20220719-D335405C-588C-4B08-B37A-796908EF76DB-scaled.jpg\",\"datePublished\":\"2022-08-30T12:22:36+00:00\",\"dateModified\":\"2022-09-14T14:52:42+00:00\",\"breadcrumb\":{\"@id\":\"https:\/\/theiij.org\/fr\/event\/iij-juvenile-justice-initiative-second-niger-workshop-on-justice-for-children-in-terrorism-cases-2\/#breadcrumb\"},\"inLanguage\":\"fr-FR\",\"potentialAction\":[{\"@type\":\"ReadAction\",\"target\":[\"https:\/\/theiij.org\/fr\/event\/iij-juvenile-justice-initiative-second-niger-workshop-on-justice-for-children-in-terrorism-cases-2\/\"]}]},{\"@type\":\"ImageObject\",\"inLanguage\":\"fr-FR\",\"@id\":\"https:\/\/theiij.org\/fr\/event\/iij-juvenile-justice-initiative-second-niger-workshop-on-justice-for-children-in-terrorism-cases-2\/#primaryimage\",\"url\":\"https:\/\/theiij.org\/wp-content\/uploads\/2022\/08\/20220719-D335405C-588C-4B08-B37A-796908EF76DB-scaled.jpg\",\"contentUrl\":\"https:\/\/theiij.org\/wp-content\/uploads\/2022\/08\/20220719-D335405C-588C-4B08-B37A-796908EF76DB-scaled.jpg\",\"width\":2560,\"height\":1447},{\"@type\":\"BreadcrumbList\",\"@id\":\"https:\/\/theiij.org\/fr\/event\/iij-juvenile-justice-initiative-second-niger-workshop-on-justice-for-children-in-terrorism-cases-2\/#breadcrumb\",\"itemListElement\":[{\"@type\":\"ListItem\",\"position\":1,\"name\":\"Home\",\"item\":\"https:\/\/theiij.org\/fr\/\"},{\"@type\":\"ListItem\",\"position\":2,\"name\":\"Initiative de l&rsquo;IIJ en mati\u00e8re de justice pour mineurs : Atelier conjoint OPDAT-IIJ sur la justice pour les enfants dans les affaires de terrorisme au Burkina Faso\"}]},{\"@type\":\"WebSite\",\"@id\":\"https:\/\/cms.soundme.app\/#website\",\"url\":\"https:\/\/cms.soundme.app\/\",\"name\":\"The International Institute for Justice and the Rule of Law\",\"description\":\"Building the Capacity of Criminal Justice Practitioners\",\"publisher\":{\"@id\":\"https:\/\/cms.soundme.app\/#organization\"},\"potentialAction\":[{\"@type\":\"SearchAction\",\"target\":{\"@type\":\"EntryPoint\",\"urlTemplate\":\"https:\/\/cms.soundme.app\/?s={search_term_string}\"},\"query-input\":{\"@type\":\"PropertyValueSpecification\",\"valueRequired\":true,\"valueName\":\"search_term_string\"}}],\"inLanguage\":\"fr-FR\"},{\"@type\":\"Organization\",\"@id\":\"https:\/\/cms.soundme.app\/#organization\",\"name\":\"The International Institute for Justice and the Rule of Law\",\"url\":\"https:\/\/cms.soundme.app\/\",\"logo\":{\"@type\":\"ImageObject\",\"inLanguage\":\"fr-FR\",\"@id\":\"https:\/\/cms.soundme.app\/#\/schema\/logo\/image\/\",\"url\":\"https:\/\/theiij.org\/wp-content\/uploads\/2024\/06\/IIJ-Logo.svg\",\"contentUrl\":\"https:\/\/theiij.org\/wp-content\/uploads\/2024\/06\/IIJ-Logo.svg\",\"caption\":\"The International Institute for Justice and the Rule of Law\"},\"image\":{\"@id\":\"https:\/\/cms.soundme.app\/#\/schema\/logo\/image\/\"}}]}<\/script>\n<!-- \/ Yoast SEO plugin. -->","yoast_head_json":{"title":"Initiative de l'IIJ en mati\u00e8re de justice pour mineurs : Atelier conjoint OPDAT-IIJ sur la justice pour les enfants dans les affaires de terrorisme au Burkina Faso - L&#039;Institut International pour La Justice et l&#039;Etat de Droit","robots":{"index":"index","follow":"follow","max-snippet":"max-snippet:-1","max-image-preview":"max-image-preview:large","max-video-preview":"max-video-preview:-1"},"canonical":"https:\/\/theiij.org\/fr\/event\/iij-juvenile-justice-initiative-second-niger-workshop-on-justice-for-children-in-terrorism-cases-2\/","og_locale":"fr_FR","og_type":"article","og_title":"Initiative de l'IIJ en mati\u00e8re de justice pour mineurs : Atelier conjoint OPDAT-IIJ sur la justice pour les enfants dans les affaires de terrorisme au Burkina Faso - L&#039;Institut International pour La Justice et l&#039;Etat de Droit","og_description":"En juillet 2022, l&rsquo;IIJ, en partenariat avec le d\u00e9partement am\u00e9ricain de la justice\/OPDAT au Burkina Faso, a organis\u00e9 un atelier pour 29 praticiens burkinab\u00e8, dont des enqu\u00eateurs, des juges, des avocats de la d\u00e9fense, des fonctionnaires...","og_url":"https:\/\/theiij.org\/fr\/event\/iij-juvenile-justice-initiative-second-niger-workshop-on-justice-for-children-in-terrorism-cases-2\/","og_site_name":"L&#039;Institut International pour La Justice et l&#039;Etat de Droit","article_modified_time":"2022-09-14T14:52:42+00:00","og_image":[{"width":2560,"height":1447,"url":"https:\/\/theiij.org\/wp-content\/uploads\/2022\/08\/20220719-D335405C-588C-4B08-B37A-796908EF76DB-scaled.jpg","type":"image\/jpeg"}],"twitter_card":"summary_large_image","twitter_misc":{"Dur\u00e9e de lecture estim\u00e9e":"2 minutes"},"schema":{"@context":"https:\/\/schema.org","@graph":[{"@type":"WebPage","@id":"https:\/\/theiij.org\/fr\/event\/iij-juvenile-justice-initiative-second-niger-workshop-on-justice-for-children-in-terrorism-cases-2\/","url":"https:\/\/theiij.org\/fr\/event\/iij-juvenile-justice-initiative-second-niger-workshop-on-justice-for-children-in-terrorism-cases-2\/","name":"Initiative de l'IIJ en mati\u00e8re de justice pour mineurs : Atelier conjoint OPDAT-IIJ sur la justice pour les enfants dans les affaires de terrorisme au Burkina Faso - L&#039;Institut International pour La Justice et l&#039;Etat de Droit","isPartOf":{"@id":"https:\/\/cms.soundme.app\/#website"},"primaryImageOfPage":{"@id":"https:\/\/theiij.org\/fr\/event\/iij-juvenile-justice-initiative-second-niger-workshop-on-justice-for-children-in-terrorism-cases-2\/#primaryimage"},"image":{"@id":"https:\/\/theiij.org\/fr\/event\/iij-juvenile-justice-initiative-second-niger-workshop-on-justice-for-children-in-terrorism-cases-2\/#primaryimage"},"thumbnailUrl":"https:\/\/theiij.org\/wp-content\/uploads\/2022\/08\/20220719-D335405C-588C-4B08-B37A-796908EF76DB-scaled.jpg","datePublished":"2022-08-30T12:22:36+00:00","dateModified":"2022-09-14T14:52:42+00:00","breadcrumb":{"@id":"https:\/\/theiij.org\/fr\/event\/iij-juvenile-justice-initiative-second-niger-workshop-on-justice-for-children-in-terrorism-cases-2\/#breadcrumb"},"inLanguage":"fr-FR","potentialAction":[{"@type":"ReadAction","target":["https:\/\/theiij.org\/fr\/event\/iij-juvenile-justice-initiative-second-niger-workshop-on-justice-for-children-in-terrorism-cases-2\/"]}]},{"@type":"ImageObject","inLanguage":"fr-FR","@id":"https:\/\/theiij.org\/fr\/event\/iij-juvenile-justice-initiative-second-niger-workshop-on-justice-for-children-in-terrorism-cases-2\/#primaryimage","url":"https:\/\/theiij.org\/wp-content\/uploads\/2022\/08\/20220719-D335405C-588C-4B08-B37A-796908EF76DB-scaled.jpg","contentUrl":"https:\/\/theiij.org\/wp-content\/uploads\/2022\/08\/20220719-D335405C-588C-4B08-B37A-796908EF76DB-scaled.jpg","width":2560,"height":1447},{"@type":"BreadcrumbList","@id":"https:\/\/theiij.org\/fr\/event\/iij-juvenile-justice-initiative-second-niger-workshop-on-justice-for-children-in-terrorism-cases-2\/#breadcrumb","itemListElement":[{"@type":"ListItem","position":1,"name":"Home","item":"https:\/\/theiij.org\/fr\/"},{"@type":"ListItem","position":2,"name":"Initiative de l&rsquo;IIJ en mati\u00e8re de justice pour mineurs : Atelier conjoint OPDAT-IIJ sur la justice pour les enfants dans les affaires de terrorisme au Burkina Faso"}]},{"@type":"WebSite","@id":"https:\/\/cms.soundme.app\/#website","url":"https:\/\/cms.soundme.app\/","name":"The International Institute for Justice and the Rule of Law","description":"Building the Capacity of Criminal Justice Practitioners","publisher":{"@id":"https:\/\/cms.soundme.app\/#organization"},"potentialAction":[{"@type":"SearchAction","target":{"@type":"EntryPoint","urlTemplate":"https:\/\/cms.soundme.app\/?s={search_term_string}"},"query-input":{"@type":"PropertyValueSpecification","valueRequired":true,"valueName":"search_term_string"}}],"inLanguage":"fr-FR"},{"@type":"Organization","@id":"https:\/\/cms.soundme.app\/#organization","name":"The International Institute for Justice and the Rule of Law","url":"https:\/\/cms.soundme.app\/","logo":{"@type":"ImageObject","inLanguage":"fr-FR","@id":"https:\/\/cms.soundme.app\/#\/schema\/logo\/image\/","url":"https:\/\/theiij.org\/wp-content\/uploads\/2024\/06\/IIJ-Logo.svg","contentUrl":"https:\/\/theiij.org\/wp-content\/uploads\/2024\/06\/IIJ-Logo.svg","caption":"The International Institute for Justice and the Rule of Law"},"image":{"@id":"https:\/\/cms.soundme.app\/#\/schema\/logo\/image\/"}}]}},"_links":{"self":[{"href":"https:\/\/theiij.org\/fr\/wp-json\/wp\/v2\/event\/11747","targetHints":{"allow":["GET"]}}],"collection":[{"href":"https:\/\/theiij.org\/fr\/wp-json\/wp\/v2\/event"}],"about":[{"href":"https:\/\/theiij.org\/fr\/wp-json\/wp\/v2\/types\/event"}],"wp:featuredmedia":[{"embeddable":true,"href":"https:\/\/theiij.org\/fr\/wp-json\/wp\/v2\/media\/11675"}],"wp:attachment":[{"href":"https:\/\/theiij.org\/fr\/wp-json\/wp\/v2\/media?parent=11747"}],"wp:term":[{"taxonomy":"event_type","embeddable":true,"href":"https:\/\/theiij.org\/fr\/wp-json\/wp\/v2\/event_type?post=11747"},{"taxonomy":"event_topic","embeddable":true,"href":"https:\/\/theiij.org\/fr\/wp-json\/wp\/v2\/event_topic?post=11747"},{"taxonomy":"pages_relationship","embeddable":true,"href":"https:\/\/theiij.org\/fr\/wp-json\/wp\/v2\/pages_relationship?post=11747"},{"taxonomy":"event_category","embeddable":true,"href":"https:\/\/theiij.org\/fr\/wp-json\/wp\/v2\/event_category?post=11747"}],"curies":[{"name":"wp","href":"https:\/\/api.w.org\/{rel}","templated":true}]}}