{"id":12466,"date":"2023-03-29T10:35:23","date_gmt":"2023-03-29T08:35:23","guid":{"rendered":"https:\/\/www.theiij.org\/event\/the-iijs-visit-to-niamey-niger\/"},"modified":"2023-04-05T15:41:49","modified_gmt":"2023-04-05T13:41:49","slug":"the-iijs-visit-to-niamey-niger","status":"publish","type":"event","link":"https:\/\/theiij.org\/fr\/event\/the-iijs-visit-to-niamey-niger\/","title":{"rendered":"The IIJ&rsquo;s Visit to Niamey, Niger"},"content":{"rendered":"\n<p class=\"has-text-align-left\">En f\u00e9vrier 2023, une d\u00e9l\u00e9gation de l&rsquo;Institut International pour la Justice et l&rsquo;Etat de droit (IIJ) \u00e9tait \u00e0 nouveau \u00e0 Niamey, au Niger, dans le cadre de la poursuite des travaux entam\u00e9s avec les praticiens de la justice p\u00e9nale. Cette d\u00e9l\u00e9gation a \u00e9t\u00e9 conduite par Steven Hill, Secr\u00e9taire ex\u00e9cutif de l\u2019Institut International pour la Justice et l\u2019Etat de droit (IIJ), accompagn\u00e9 de Gail Malone, Directrice de l\u2019Unit\u00e9 programmatique, et de Cheibou Samna, praticien enseignant associ\u00e9 au sein de l\u2019Unit\u00e9 Acad\u00e9mique. Au cours de la visite, l\u2019IIJ a rencontr\u00e9 monsieur le Ministre de la Justice Garde des sceaux, l&rsquo;\u00c9cole nationale de formation judiciaire, des centres d\u2019\u00e9tudes sur la s\u00e9curit\u00e9 nationale et r\u00e9gionale (le LASDEL et le CNESS), ainsi que des ambassades et autres partenaires et organisations internationales qui travaillent avec le Niger. Nos coll\u00e8gues ont \u00e9galement particip\u00e9 \u00e0 la conf\u00e9rence du groupe de r\u00e9flexion sur l&rsquo;Afrique de la Coalition mondiale contre Daesh.<\/p>\n\n\n<div class=\"wp-block-image\">\n<figure class=\"aligncenter size-full\"><img loading=\"lazy\" decoding=\"async\" width=\"484\" height=\"499\" src=\"https:\/\/www.theiij.org\/wp-content\/uploads\/2023\/04\/Picture1.png\" alt=\"\" class=\"wp-image-12471\" srcset=\"https:\/\/theiij.org\/wp-content\/uploads\/2023\/04\/Picture1.png 484w, https:\/\/theiij.org\/wp-content\/uploads\/2023\/04\/Picture1-291x300.png 291w\" sizes=\"auto, (max-width: 484px) 100vw, 484px\" \/><figcaption>Avec son excellence, l\u2019ancien pr\u00e9sident Issoufou, Fondation Ibrahim Issoufou<\/figcaption><\/figure>\n<\/div>\n\n\n<p class=\"has-text-align-left\"><br><strong>Pourquoi le Niger ?<\/strong><\/p>\n\n\n\n<p>Plusieurs r\u00e9gions du Niger &#8211; en particulier les zones \u00e9loign\u00e9es des services gouvernementaux &#8211; ont souffert de l&rsquo;influence de groupes extr\u00e9mistes violents. En outre, le Niger est entour\u00e9 de pays confront\u00e9s \u00e0 des probl\u00e8mes de s\u00e9curit\u00e9 majeurs, notamment le Tchad et le Nigeria, o\u00f9 Boko Haram m\u00e8ne des actions violentes , la Libye au nord, qui continue d\u2019\u00eatre une pr\u00e9occupation s\u00e9curitaire, et le Mali et le Burkina Faso \u00e0 l&rsquo;ouest, o\u00f9 des organisations insurg\u00e9es ont provoqu\u00e9 une instabilit\u00e9 aussi bien communautaire que politique.<br>Malgr\u00e9 tous ces d\u00e9fis, le Niger a organis\u00e9 des \u00e9lections libres et r\u00e9guli\u00e8res salu\u00e9es par tous (ou transparente) et reste relativement stable et d\u00e9mocratique. A mesure que l&rsquo;importance strat\u00e9gique du Sahel s&rsquo;accro\u00eet, tant sur la sc\u00e8ne mondiale que pour la programmation de l&rsquo;IIJ, le Niger est un partenaire essentiel dans la r\u00e9gion.<\/p>\n\n\n\n<p class=\"has-text-align-left\"><br><\/p>\n\n\n\n<p><strong>La mission avait plusieurs objectifs :<br><\/strong>o Relancer les projets en cours au Niger<br>o Discuter les projets en perspective<br>o Participer \u00e0 la conf\u00e9rence de haut niveau de la Coalition mondiale contre DAESH<\/p>\n\n\n\n<p class=\"has-text-align-left\"><br><\/p>\n\n\n<div class=\"wp-block-image\">\n<figure class=\"aligncenter size-full is-resized\"><img loading=\"lazy\" decoding=\"async\" src=\"https:\/\/www.theiij.org\/wp-content\/uploads\/2023\/04\/Picture2.png\" alt=\"\" class=\"wp-image-12474\" width=\"602\" height=\"492\" srcset=\"https:\/\/theiij.org\/wp-content\/uploads\/2023\/04\/Picture2.png 602w, https:\/\/theiij.org\/wp-content\/uploads\/2023\/04\/Picture2-300x245.png 300w\" sizes=\"auto, (max-width: 602px) 100vw, 602px\" \/><figcaption>Au Centre National d\u2019Etudes Strat\u00e9giques et de S\u00e9curit\u00e9 (CNESS), avec le colonel major Ali Mahamadou et docteur Gazibo Kadidja<\/figcaption><\/figure>\n<\/div>\n\n<div class=\"wp-block-image\">\n<figure class=\"aligncenter size-full\"><img loading=\"lazy\" decoding=\"async\" width=\"602\" height=\"517\" src=\"https:\/\/www.theiij.org\/wp-content\/uploads\/2023\/04\/Picture3.png\" alt=\"\" class=\"wp-image-12477\" srcset=\"https:\/\/theiij.org\/wp-content\/uploads\/2023\/04\/Picture3.png 602w, https:\/\/theiij.org\/wp-content\/uploads\/2023\/04\/Picture3-300x258.png 300w\" sizes=\"auto, (max-width: 602px) 100vw, 602px\" \/><figcaption>Avec Monsieur le professeur Tidjani, au Laboratoire d\u2019\u00e9tudes et de recherches sur les dynamiques sociales et le d\u00e9veloppement local (LASDEL)<\/figcaption><\/figure>\n<\/div>\n\n\n<p><strong>L\u2019IIJ a deux projets en cours au Niger.<\/strong><\/p>\n\n\n\n<p><strong>Le premier projet,<\/strong> en partenariat avec l\u2019ONUDC porte sur le traitement \u00e0 distance des proc\u00e9dures terroristes .<\/p>\n\n\n\n<p><br>Ce projet a plusieurs objectifs :<br>o Permettre \u00e0 l\u2019autorit\u00e9 de poursuite d\u2019analyser les preuves, d\u2019auditionner et de d\u00e9cider du sort des suspects terroristes arr\u00eat\u00e9s dans des localit\u00e9s tr\u00e8s \u00e9loign\u00e9es avant leur transfert au p\u00f4le sp\u00e9cialis\u00e9 bas\u00e9 dans la capitale. Ceci pr\u00e9viendra la d\u00e9tention pr\u00e9ventive injustifi\u00e9e ou abusive, l\u2019engorgement des prisons et les risques de radicalisation.<br>o Assurer aux personnes arr\u00eat\u00e9es dans le cadre de la lutte contre le terrorisme l\u2019acc\u00e8s \u00e0 distance des services d\u2019un avocat et promouvoir ainsi la tenue d\u2019un proc\u00e8s \u00e9quitable.<br>o Favoriser l\u2019introduction dans la r\u00e9forme en cours de dispositions l\u00e9gales sur l\u2019utilisation des moyens de communication \u00e0 distance dans les proc\u00e9dures judiciaires li\u00e9es au terrorisme (par exemple les t\u00e9moignages \u00e0 distance).<\/p>\n\n\n<div class=\"wp-block-image\">\n<figure class=\"aligncenter size-full is-resized\"><img loading=\"lazy\" decoding=\"async\" src=\"https:\/\/www.theiij.org\/wp-content\/uploads\/2023\/04\/Picture4-1.png\" alt=\"\" class=\"wp-image-12489\" width=\"422\" height=\"411\" srcset=\"https:\/\/theiij.org\/wp-content\/uploads\/2023\/04\/Picture4-1.png 422w, https:\/\/theiij.org\/wp-content\/uploads\/2023\/04\/Picture4-1-300x292.png 300w\" sizes=\"auto, (max-width: 422px) 100vw, 422px\" \/><figcaption>Avec son excellence, Monsieur le ministre de la Justice, Garde des sceaux du Niger<\/figcaption><\/figure>\n<\/div>\n\n\n<p>Le<strong> second projet<\/strong> est port\u00e9 par l\u2019IIJ avec le soutien des gouvernements britannique et am\u00e9ricain.<br>Il a pour objectif d\u2019\u00e9laborer un programme de formation continue en mati\u00e8re de contreterrorisme au profit de l\u2019Ecole de Formation Judiciaire du Niger (EFJN). Plusieurs activit\u00e9s ont \u00e9t\u00e9 d\u00e9j\u00e0 men\u00e9es:<br>o Mission d\u2019\u00e9valuation des besoins en juillet 2022 autour d\u2019une s\u00e9rie d\u2019entretiens de personnalit\u00e9s du monde judicaire, des centres de formation, des services d\u2019enqu\u00eate, etc.<br>o Deuxi\u00e8me mission d\u2019\u00e9valuation des besoins en novembre 2022 .<br>o Atelier de consolidation des besoins en novembre 2022.<\/p>\n\n\n<div class=\"wp-block-image\">\n<figure class=\"aligncenter size-full\"><img loading=\"lazy\" decoding=\"async\" width=\"422\" height=\"377\" src=\"https:\/\/www.theiij.org\/wp-content\/uploads\/2023\/04\/Picture5.png\" alt=\"\" class=\"wp-image-12492\" srcset=\"https:\/\/theiij.org\/wp-content\/uploads\/2023\/04\/Picture5.png 422w, https:\/\/theiij.org\/wp-content\/uploads\/2023\/04\/Picture5-300x268.png 300w\" sizes=\"auto, (max-width: 422px) 100vw, 422px\" \/><figcaption>Avec le Secr\u00e9taire g\u00e9n\u00e9ral du minist\u00e8re de la Justice du Niger<\/figcaption><\/figure>\n<\/div>\n\n\n<p><strong>Groupe de r\u00e9flexion sur l&rsquo;Afrique de la Coalition mondiale pour vaincre Daech<br><\/strong>\u00c0 l&rsquo;invitation de la R\u00e9publique du Niger, le groupe de r\u00e9flexion sur l&rsquo;Afrique de la Coalition mondiale contre Daesh\/ISIS, copr\u00e9sid\u00e9 par l&rsquo;Italie, le Maroc, le Niger et les \u00c9tats-Unis, s&rsquo;est r\u00e9uni \u00e0 Niamey. Notre secr\u00e9taire ex\u00e9cutif monsieur Steven Hill a particip\u00e9 \u00e0 ce groupe de discussion et soulign\u00e9 l\u2019action de l&rsquo;IIJ pour le renforcement des capacit\u00e9s des juges, des procureurs et des praticiens de la justice p\u00e9nale en organisant plusieurs ateliers sp\u00e9cifiques \u00e0 la r\u00e9gion, dont une prochaine session sur les preuves sur le champ de bataille, ainsi qu\u2019une formation sp\u00e9cialis\u00e9e, le programme de perfectionnement \u00ab Contre-terrorisme : Approfondissement des comp\u00e9tences \u00bb (CTAC), destin\u00e9 aux anglophones et francophones de l\u2019ensemble des sous-r\u00e9gions de l&rsquo;Afrique.<br>Consultez la d\u00e9claration commune des copr\u00e9sidents du groupe de r\u00e9flexion sur l&rsquo;Afrique de la Coalition mondiale pour vaincre Daech <a href=\"https:\/\/www.state.gov\/translations\/french\/declaration-conjointe-des-co-presidents-du-groupe-de-reflexion-sur-lafrique-de-la-coalition-mondiale-pour-vaincre-daech\/?utm_medium=email&amp;utm_source=govdelivery\">ici<\/a>.<\/p>\n\n\n\n<figure class=\"wp-block-image size-full\"><img loading=\"lazy\" decoding=\"async\" width=\"856\" height=\"686\" src=\"https:\/\/www.theiij.org\/wp-content\/uploads\/2023\/04\/Picture8.jpg\" alt=\"\" class=\"wp-image-12486\" srcset=\"https:\/\/theiij.org\/wp-content\/uploads\/2023\/04\/Picture8.jpg 856w, https:\/\/theiij.org\/wp-content\/uploads\/2023\/04\/Picture8-300x240.jpg 300w, https:\/\/theiij.org\/wp-content\/uploads\/2023\/04\/Picture8-768x615.jpg 768w\" sizes=\"auto, (max-width: 856px) 100vw, 856px\" \/><\/figure>\n\n\n\n<p class=\"has-text-align-left\"><strong>Rencontres parall\u00e8les<\/strong><\/p>\n\n\n\n<p>Outre l&rsquo;avancement de ces deux projets importants, le secr\u00e9taire ex\u00e9cutif de l&rsquo;IIJ et la d\u00e9l\u00e9gation ont saisi l\u2019occasion de cette visite pour rencontrer plus de 30 praticiens nig\u00e9riens, alumni de l&rsquo;IIJ, afin de recueillir leurs retours d\u2019exp\u00e9riences et leurs succ\u00e8s. Nous esp\u00e9rons que cette rencontre n\u2019est que la premi\u00e8re d&rsquo;une longue s\u00e9rie de rendez-vous r\u00e9gionaux d\u2019alumni au cours de l&rsquo;ann\u00e9e \u00e0 venir.<br>Enfin, la d\u00e9l\u00e9gation de l&rsquo;IIJ a \u00e9galement rencontr\u00e9 les repr\u00e9sentations diplomatiques de certains de membres de notre Conseil d\u2019Administration, les \u00c9tats-Unis, la France, le Royaume-Uni et l\u2019Union europ\u00e9enne.<\/p>\n\n\n<div class=\"wp-block-image\">\n<figure class=\"aligncenter size-large\"><img loading=\"lazy\" decoding=\"async\" width=\"1024\" height=\"768\" src=\"https:\/\/www.theiij.org\/wp-content\/uploads\/2023\/04\/Picture6-1024x768.jpg\" alt=\"\" class=\"wp-image-12495\" srcset=\"https:\/\/theiij.org\/wp-content\/uploads\/2023\/04\/Picture6-1024x768.jpg 1024w, https:\/\/theiij.org\/wp-content\/uploads\/2023\/04\/Picture6-300x225.jpg 300w, https:\/\/theiij.org\/wp-content\/uploads\/2023\/04\/Picture6-768x576.jpg 768w, https:\/\/theiij.org\/wp-content\/uploads\/2023\/04\/Picture6-1280x960.jpg 1280w, https:\/\/theiij.org\/wp-content\/uploads\/2023\/04\/Picture6.jpg 1379w\" sizes=\"auto, (max-width: 1024px) 100vw, 1024px\" \/><figcaption>La d\u00e9l\u00e9gation de l\u2019IIJ avec les acteurs judiciaires en formation continue quelques semaines avant leur d\u00e9part en stage juridictionnel.<\/figcaption><\/figure>\n<\/div>","protected":false},"featured_media":12436,"template":"","event_type":[],"event_topic":[88],"pages_relationship":[],"event_category":[],"class_list":["post-12466","event","type-event","status-publish","has-post-thumbnail","hentry","event_topic-judicial-capacity-building"],"acf":[],"yoast_head":"<!-- This site is optimized with the Yoast SEO plugin v26.5 - https:\/\/yoast.com\/wordpress\/plugins\/seo\/ -->\n<title>The IIJ&#039;s Visit to Niamey, Niger - L&#039;Institut International pour La Justice et l&#039;Etat de Droit<\/title>\n<meta name=\"robots\" content=\"index, follow, max-snippet:-1, max-image-preview:large, max-video-preview:-1\" \/>\n<link rel=\"canonical\" href=\"https:\/\/theiij.org\/fr\/event\/the-iijs-visit-to-niamey-niger\/\" \/>\n<meta property=\"og:locale\" content=\"fr_FR\" \/>\n<meta property=\"og:type\" content=\"article\" \/>\n<meta property=\"og:title\" content=\"The IIJ&#039;s Visit to Niamey, Niger - L&#039;Institut International pour La Justice et l&#039;Etat de Droit\" \/>\n<meta property=\"og:description\" content=\"En f\u00e9vrier 2023, une d\u00e9l\u00e9gation de l&rsquo;Institut International pour la Justice et l&rsquo;Etat de droit (IIJ) \u00e9tait \u00e0 nouveau \u00e0 Niamey, au Niger, dans le cadre de la poursuite des travaux entam\u00e9s avec les praticiens de...\" \/>\n<meta property=\"og:url\" content=\"https:\/\/theiij.org\/fr\/event\/the-iijs-visit-to-niamey-niger\/\" \/>\n<meta property=\"og:site_name\" content=\"L&#039;Institut International pour La Justice et l&#039;Etat de Droit\" \/>\n<meta property=\"article:modified_time\" content=\"2023-04-05T13:41:49+00:00\" \/>\n<meta property=\"og:image\" content=\"https:\/\/theiij.org\/wp-content\/uploads\/2023\/03\/IMG_6903-1-scaled.jpg\" \/>\n\t<meta property=\"og:image:width\" content=\"1920\" \/>\n\t<meta property=\"og:image:height\" content=\"2560\" \/>\n\t<meta property=\"og:image:type\" content=\"image\/jpeg\" \/>\n<meta name=\"twitter:card\" content=\"summary_large_image\" \/>\n<meta name=\"twitter:label1\" content=\"Dur\u00e9e de lecture estim\u00e9e\" \/>\n\t<meta name=\"twitter:data1\" content=\"6 minutes\" \/>\n<script type=\"application\/ld+json\" class=\"yoast-schema-graph\">{\"@context\":\"https:\/\/schema.org\",\"@graph\":[{\"@type\":\"WebPage\",\"@id\":\"https:\/\/theiij.org\/fr\/event\/the-iijs-visit-to-niamey-niger\/\",\"url\":\"https:\/\/theiij.org\/fr\/event\/the-iijs-visit-to-niamey-niger\/\",\"name\":\"The IIJ's Visit to Niamey, Niger - L&#039;Institut International pour La Justice et l&#039;Etat de Droit\",\"isPartOf\":{\"@id\":\"https:\/\/cms.soundme.app\/#website\"},\"primaryImageOfPage\":{\"@id\":\"https:\/\/theiij.org\/fr\/event\/the-iijs-visit-to-niamey-niger\/#primaryimage\"},\"image\":{\"@id\":\"https:\/\/theiij.org\/fr\/event\/the-iijs-visit-to-niamey-niger\/#primaryimage\"},\"thumbnailUrl\":\"https:\/\/theiij.org\/wp-content\/uploads\/2023\/03\/IMG_6903-1-scaled.jpg\",\"datePublished\":\"2023-03-29T08:35:23+00:00\",\"dateModified\":\"2023-04-05T13:41:49+00:00\",\"breadcrumb\":{\"@id\":\"https:\/\/theiij.org\/fr\/event\/the-iijs-visit-to-niamey-niger\/#breadcrumb\"},\"inLanguage\":\"fr-FR\",\"potentialAction\":[{\"@type\":\"ReadAction\",\"target\":[\"https:\/\/theiij.org\/fr\/event\/the-iijs-visit-to-niamey-niger\/\"]}]},{\"@type\":\"ImageObject\",\"inLanguage\":\"fr-FR\",\"@id\":\"https:\/\/theiij.org\/fr\/event\/the-iijs-visit-to-niamey-niger\/#primaryimage\",\"url\":\"https:\/\/theiij.org\/wp-content\/uploads\/2023\/03\/IMG_6903-1-scaled.jpg\",\"contentUrl\":\"https:\/\/theiij.org\/wp-content\/uploads\/2023\/03\/IMG_6903-1-scaled.jpg\",\"width\":1920,\"height\":2560},{\"@type\":\"BreadcrumbList\",\"@id\":\"https:\/\/theiij.org\/fr\/event\/the-iijs-visit-to-niamey-niger\/#breadcrumb\",\"itemListElement\":[{\"@type\":\"ListItem\",\"position\":1,\"name\":\"Home\",\"item\":\"https:\/\/theiij.org\/fr\/\"},{\"@type\":\"ListItem\",\"position\":2,\"name\":\"The IIJ&rsquo;s Visit to Niamey, Niger\"}]},{\"@type\":\"WebSite\",\"@id\":\"https:\/\/cms.soundme.app\/#website\",\"url\":\"https:\/\/cms.soundme.app\/\",\"name\":\"The International Institute for Justice and the Rule of Law\",\"description\":\"Building the Capacity of Criminal Justice Practitioners\",\"publisher\":{\"@id\":\"https:\/\/cms.soundme.app\/#organization\"},\"potentialAction\":[{\"@type\":\"SearchAction\",\"target\":{\"@type\":\"EntryPoint\",\"urlTemplate\":\"https:\/\/cms.soundme.app\/?s={search_term_string}\"},\"query-input\":{\"@type\":\"PropertyValueSpecification\",\"valueRequired\":true,\"valueName\":\"search_term_string\"}}],\"inLanguage\":\"fr-FR\"},{\"@type\":\"Organization\",\"@id\":\"https:\/\/cms.soundme.app\/#organization\",\"name\":\"The International Institute for Justice and the Rule of Law\",\"url\":\"https:\/\/cms.soundme.app\/\",\"logo\":{\"@type\":\"ImageObject\",\"inLanguage\":\"fr-FR\",\"@id\":\"https:\/\/cms.soundme.app\/#\/schema\/logo\/image\/\",\"url\":\"https:\/\/theiij.org\/wp-content\/uploads\/2024\/06\/IIJ-Logo.svg\",\"contentUrl\":\"https:\/\/theiij.org\/wp-content\/uploads\/2024\/06\/IIJ-Logo.svg\",\"caption\":\"The International Institute for Justice and the Rule of Law\"},\"image\":{\"@id\":\"https:\/\/cms.soundme.app\/#\/schema\/logo\/image\/\"}}]}<\/script>\n<!-- \/ Yoast SEO plugin. -->","yoast_head_json":{"title":"The IIJ's Visit to Niamey, Niger - L&#039;Institut International pour La Justice et l&#039;Etat de Droit","robots":{"index":"index","follow":"follow","max-snippet":"max-snippet:-1","max-image-preview":"max-image-preview:large","max-video-preview":"max-video-preview:-1"},"canonical":"https:\/\/theiij.org\/fr\/event\/the-iijs-visit-to-niamey-niger\/","og_locale":"fr_FR","og_type":"article","og_title":"The IIJ's Visit to Niamey, Niger - L&#039;Institut International pour La Justice et l&#039;Etat de Droit","og_description":"En f\u00e9vrier 2023, une d\u00e9l\u00e9gation de l&rsquo;Institut International pour la Justice et l&rsquo;Etat de droit (IIJ) \u00e9tait \u00e0 nouveau \u00e0 Niamey, au Niger, dans le cadre de la poursuite des travaux entam\u00e9s avec les praticiens de...","og_url":"https:\/\/theiij.org\/fr\/event\/the-iijs-visit-to-niamey-niger\/","og_site_name":"L&#039;Institut International pour La Justice et l&#039;Etat de Droit","article_modified_time":"2023-04-05T13:41:49+00:00","og_image":[{"width":1920,"height":2560,"url":"https:\/\/theiij.org\/wp-content\/uploads\/2023\/03\/IMG_6903-1-scaled.jpg","type":"image\/jpeg"}],"twitter_card":"summary_large_image","twitter_misc":{"Dur\u00e9e de lecture estim\u00e9e":"6 minutes"},"schema":{"@context":"https:\/\/schema.org","@graph":[{"@type":"WebPage","@id":"https:\/\/theiij.org\/fr\/event\/the-iijs-visit-to-niamey-niger\/","url":"https:\/\/theiij.org\/fr\/event\/the-iijs-visit-to-niamey-niger\/","name":"The IIJ's Visit to Niamey, Niger - L&#039;Institut International pour La Justice et l&#039;Etat de Droit","isPartOf":{"@id":"https:\/\/cms.soundme.app\/#website"},"primaryImageOfPage":{"@id":"https:\/\/theiij.org\/fr\/event\/the-iijs-visit-to-niamey-niger\/#primaryimage"},"image":{"@id":"https:\/\/theiij.org\/fr\/event\/the-iijs-visit-to-niamey-niger\/#primaryimage"},"thumbnailUrl":"https:\/\/theiij.org\/wp-content\/uploads\/2023\/03\/IMG_6903-1-scaled.jpg","datePublished":"2023-03-29T08:35:23+00:00","dateModified":"2023-04-05T13:41:49+00:00","breadcrumb":{"@id":"https:\/\/theiij.org\/fr\/event\/the-iijs-visit-to-niamey-niger\/#breadcrumb"},"inLanguage":"fr-FR","potentialAction":[{"@type":"ReadAction","target":["https:\/\/theiij.org\/fr\/event\/the-iijs-visit-to-niamey-niger\/"]}]},{"@type":"ImageObject","inLanguage":"fr-FR","@id":"https:\/\/theiij.org\/fr\/event\/the-iijs-visit-to-niamey-niger\/#primaryimage","url":"https:\/\/theiij.org\/wp-content\/uploads\/2023\/03\/IMG_6903-1-scaled.jpg","contentUrl":"https:\/\/theiij.org\/wp-content\/uploads\/2023\/03\/IMG_6903-1-scaled.jpg","width":1920,"height":2560},{"@type":"BreadcrumbList","@id":"https:\/\/theiij.org\/fr\/event\/the-iijs-visit-to-niamey-niger\/#breadcrumb","itemListElement":[{"@type":"ListItem","position":1,"name":"Home","item":"https:\/\/theiij.org\/fr\/"},{"@type":"ListItem","position":2,"name":"The IIJ&rsquo;s Visit to Niamey, Niger"}]},{"@type":"WebSite","@id":"https:\/\/cms.soundme.app\/#website","url":"https:\/\/cms.soundme.app\/","name":"The International Institute for Justice and the Rule of Law","description":"Building the Capacity of Criminal Justice Practitioners","publisher":{"@id":"https:\/\/cms.soundme.app\/#organization"},"potentialAction":[{"@type":"SearchAction","target":{"@type":"EntryPoint","urlTemplate":"https:\/\/cms.soundme.app\/?s={search_term_string}"},"query-input":{"@type":"PropertyValueSpecification","valueRequired":true,"valueName":"search_term_string"}}],"inLanguage":"fr-FR"},{"@type":"Organization","@id":"https:\/\/cms.soundme.app\/#organization","name":"The International Institute for Justice and the Rule of Law","url":"https:\/\/cms.soundme.app\/","logo":{"@type":"ImageObject","inLanguage":"fr-FR","@id":"https:\/\/cms.soundme.app\/#\/schema\/logo\/image\/","url":"https:\/\/theiij.org\/wp-content\/uploads\/2024\/06\/IIJ-Logo.svg","contentUrl":"https:\/\/theiij.org\/wp-content\/uploads\/2024\/06\/IIJ-Logo.svg","caption":"The International Institute for Justice and the Rule of Law"},"image":{"@id":"https:\/\/cms.soundme.app\/#\/schema\/logo\/image\/"}}]}},"_links":{"self":[{"href":"https:\/\/theiij.org\/fr\/wp-json\/wp\/v2\/event\/12466","targetHints":{"allow":["GET"]}}],"collection":[{"href":"https:\/\/theiij.org\/fr\/wp-json\/wp\/v2\/event"}],"about":[{"href":"https:\/\/theiij.org\/fr\/wp-json\/wp\/v2\/types\/event"}],"wp:featuredmedia":[{"embeddable":true,"href":"https:\/\/theiij.org\/fr\/wp-json\/wp\/v2\/media\/12436"}],"wp:attachment":[{"href":"https:\/\/theiij.org\/fr\/wp-json\/wp\/v2\/media?parent=12466"}],"wp:term":[{"taxonomy":"event_type","embeddable":true,"href":"https:\/\/theiij.org\/fr\/wp-json\/wp\/v2\/event_type?post=12466"},{"taxonomy":"event_topic","embeddable":true,"href":"https:\/\/theiij.org\/fr\/wp-json\/wp\/v2\/event_topic?post=12466"},{"taxonomy":"pages_relationship","embeddable":true,"href":"https:\/\/theiij.org\/fr\/wp-json\/wp\/v2\/pages_relationship?post=12466"},{"taxonomy":"event_category","embeddable":true,"href":"https:\/\/theiij.org\/fr\/wp-json\/wp\/v2\/event_category?post=12466"}],"curies":[{"name":"wp","href":"https:\/\/api.w.org\/{rel}","templated":true}]}}