{"id":6656,"date":"2021-07-29T18:33:00","date_gmt":"2021-07-29T18:33:00","guid":{"rendered":"https:\/\/iij.fifthtribe.com\/event\/iij-juvenile-justice-initiative-first-niger-online-workshop-on-justice-for-children-in-terrorism-cases\/"},"modified":"2021-11-05T17:23:01","modified_gmt":"2021-11-05T17:23:01","slug":"iij-juvenile-justice-initiative-first-niger-online-workshop-on-justice-for-children-in-terrorism-cases","status":"publish","type":"event","link":"https:\/\/theiij.org\/fr\/event\/iij-juvenile-justice-initiative-first-niger-online-workshop-on-justice-for-children-in-terrorism-cases\/","title":{"rendered":"Initiative de l\u2019IIJ en mati\u00e8re de justice pour mineurs : Premier atelier en ligne sur la justice pour mineurs en mati\u00e8re de lutte contre le terrorisme au Niger"},"content":{"rendered":"\n<p>Du 27 au 29 juillet 2021, l\u2019IIJ a organis\u00e9 son premier atelier de niveau national pour le Niger \u00e0 sa demande, sous les auspices de l\u2019Initiative de l\u2019IIJ en mati\u00e8re de justice pour mineurs. Cet atelier de renforcement des capacit\u00e9s sur mesure, organis\u00e9 virtuellement en raison des restrictions continues relatives \u00e0 COVID-19, a r\u00e9uni 25 praticiens, dont des enqu\u00eateurs, des procureurs, des juges, des fonctionnaires de l\u2019administration p\u00e9nitentiaire, des repr\u00e9sentants de l\u2019\u00c9cole nationale de la magistrature du Niger, des fonctionnaires du Centre de transit et d\u2019orientation pour mineurs, des travailleurs sociaux et d\u2019autres acteurs concern\u00e9s. L\u2019atelier, soutenu par le gouvernement des \u00c9tats-Unis, avec des contributions notables de l\u2019ambassade des \u00c9tats-Unis au Niger et de la conseill\u00e8re juridique r\u00e9sidente (RLA) au Niger du Programme d\u2019assistance et de formation en mati\u00e8re de poursuites judiciaires \u00e0 l\u2019\u00e9tranger (OPDAT) du minist\u00e8re am\u00e9ricain de la Justice, a permis de renforcer les comp\u00e9tences des praticiens, d\u2019encourager la collaboration et d\u2019\u00e9laborer un projet de protocole intersectoriel visant \u00e0 am\u00e9liorer les efforts du Niger en mati\u00e8re de justice pour mineurs dans un contexte de lutte contre le terrorisme.<\/p>\n\n\n\n<figure class=\"wp-block-image\"><img decoding=\"async\" src=\"https:\/\/mlqwhsp1u9p8.i.optimole.com\/pCBxbW8-lqoDzmMo\/w:auto\/h:auto\/q:auto\/http:\/\/657.0cb.myftpupload.com\/wp-content\/uploads\/Picture2.png\" alt=\"Picture1\"\/><\/figure>\n\n\n\n<p>L\u2019atelier a soulign\u00e9 la n\u00e9cessit\u00e9 de soutenir les mineurs lors de l\u2019\u00e9valuation de l\u2019\u00e2ge ; la loi nig\u00e9rienne pr\u00e9voit que les enfants de moins de treize ans ne sont pas p\u00e9nalement responsables et la plupart des enfants pr\u00e9sent\u00e9s au procureur de la R\u00e9publique ne poss\u00e8dent pas de documents d\u2019identit\u00e9. Pour relever ce d\u00e9fi, les praticiens ont d\u00e9termin\u00e9 que l\u2019enqu\u00eate initiale doit impliquer des travailleurs sociaux et des travailleurs de la sant\u00e9, et que les enqu\u00eateurs doivent tenter de localiser les membres de la famille et impliquer les dirigeants de la communaut\u00e9 pour d\u00e9terminer l\u2019\u00e2ge de l\u2019enfant. Les praticiens ont \u00e9galement discut\u00e9 de la n\u00e9cessit\u00e9 pour le juge des mineurs d\u2019ouvrir et de suivre un dossier de protection de l\u2019enfance lorsqu\u2019ils ordonnent des mesures de protection pour un enfant. Ceci permettrait au juge des mineurs de rester impliqu\u00e9 dans l\u2019affaire et de pouvoir suivre les progr\u00e8s de l\u2019enfant dans des centres pour mineurs sp\u00e9cialis\u00e9s jusqu\u2019\u00e0 sa r\u00e9int\u00e9gration dans sa communaut\u00e9.<\/p>\n\n\n\n<figure class=\"wp-block-image\"><img decoding=\"async\" src=\"https:\/\/mlqwhsp1u9p8.i.optimole.com\/pCBxbW8-IkVI5v0u\/w:auto\/h:auto\/q:auto\/http:\/\/657.0cb.myftpupload.com\/wp-content\/uploads\/Picture1-1.png\" alt=\"Picture1\"\/><\/figure>\n\n\n\n<p>Au dernier jour de l\u2019atelier, les praticiens ont \u00e9t\u00e9 r\u00e9partis en petits groupes et charg\u00e9s d\u2019\u00e9laborer des solutions sp\u00e9cifiques pour surmonter les obstacles identifi\u00e9s au d\u00e9but de la formation. Ce projet de document servira de guide pour les actions futures des praticiens travaillant avec des enfants affect\u00e9s ou impliqu\u00e9s dans le terrorisme. Les praticiens d\u00e9velopperont et finaliseront ce document lors du deuxi\u00e8me atelier du Niger, pr\u00e9vu en octobre 2021.<\/p>\n","protected":false},"featured_media":3665,"template":"","event_type":[187],"event_topic":[203],"pages_relationship":[75],"event_category":[],"class_list":["post-6656","event","type-event","status-publish","has-post-thumbnail","hentry","event_type-workshops-fr","event_topic-juvenile-justice-fr","pages_relationship-juvenile-justice-initiative"],"acf":[],"yoast_head":"<!-- This site is optimized with the Yoast SEO plugin v26.5 - https:\/\/yoast.com\/wordpress\/plugins\/seo\/ -->\n<title>Initiative de l\u2019IIJ en mati\u00e8re de justice pour mineurs : Premier atelier en ligne sur la justice pour mineurs en mati\u00e8re de lutte contre le terrorisme au Niger - L&#039;Institut International pour La Justice et l&#039;Etat de Droit<\/title>\n<meta name=\"robots\" content=\"index, follow, max-snippet:-1, max-image-preview:large, max-video-preview:-1\" \/>\n<link rel=\"canonical\" href=\"https:\/\/soundme.app\/event\/iij-juvenile-justice-initiative-first-niger-online-workshop-on-justice-for-children-in-terrorism-cases\/\" \/>\n<meta property=\"og:locale\" content=\"fr_FR\" \/>\n<meta property=\"og:type\" content=\"article\" \/>\n<meta property=\"og:title\" content=\"Initiative de l\u2019IIJ en mati\u00e8re de justice pour mineurs : Premier atelier en ligne sur la justice pour mineurs en mati\u00e8re de lutte contre le terrorisme au Niger - L&#039;Institut International pour La Justice et l&#039;Etat de Droit\" \/>\n<meta property=\"og:description\" content=\"Du 27 au 29 juillet 2021, l\u2019IIJ a organis\u00e9 son premier atelier de niveau national pour le Niger \u00e0 sa demande, sous les auspices de l\u2019Initiative de l\u2019IIJ en mati\u00e8re de justice pour mineurs. Cet atelier...\" \/>\n<meta property=\"og:url\" content=\"https:\/\/soundme.app\/event\/iij-juvenile-justice-initiative-first-niger-online-workshop-on-justice-for-children-in-terrorism-cases\/\" \/>\n<meta property=\"og:site_name\" content=\"L&#039;Institut International pour La Justice et l&#039;Etat de Droit\" \/>\n<meta property=\"article:modified_time\" content=\"2021-11-05T17:23:01+00:00\" \/>\n<meta property=\"og:image\" content=\"https:\/\/soundme.app\/wp-content\/uploads\/2021\/09\/Picture2.png\" \/>\n\t<meta property=\"og:image:width\" content=\"433\" \/>\n\t<meta property=\"og:image:height\" content=\"242\" \/>\n\t<meta property=\"og:image:type\" content=\"image\/png\" \/>\n<meta name=\"twitter:card\" content=\"summary_large_image\" \/>\n<meta name=\"twitter:label1\" content=\"Dur\u00e9e de lecture estim\u00e9e\" \/>\n\t<meta name=\"twitter:data1\" content=\"3 minutes\" \/>\n<script type=\"application\/ld+json\" class=\"yoast-schema-graph\">{\"@context\":\"https:\/\/schema.org\",\"@graph\":[{\"@type\":\"WebPage\",\"@id\":\"https:\/\/soundme.app\/event\/iij-juvenile-justice-initiative-first-niger-online-workshop-on-justice-for-children-in-terrorism-cases\/\",\"url\":\"https:\/\/soundme.app\/event\/iij-juvenile-justice-initiative-first-niger-online-workshop-on-justice-for-children-in-terrorism-cases\/\",\"name\":\"Initiative de l\u2019IIJ en mati\u00e8re de justice pour mineurs : Premier atelier en ligne sur la justice pour mineurs en mati\u00e8re de lutte contre le terrorisme au Niger - L&#039;Institut International pour La Justice et l&#039;Etat de Droit\",\"isPartOf\":{\"@id\":\"https:\/\/cms.soundme.app\/#website\"},\"primaryImageOfPage\":{\"@id\":\"https:\/\/soundme.app\/event\/iij-juvenile-justice-initiative-first-niger-online-workshop-on-justice-for-children-in-terrorism-cases\/#primaryimage\"},\"image\":{\"@id\":\"https:\/\/soundme.app\/event\/iij-juvenile-justice-initiative-first-niger-online-workshop-on-justice-for-children-in-terrorism-cases\/#primaryimage\"},\"thumbnailUrl\":\"https:\/\/theiij.org\/wp-content\/uploads\/2021\/09\/Picture2.png\",\"datePublished\":\"2021-07-29T18:33:00+00:00\",\"dateModified\":\"2021-11-05T17:23:01+00:00\",\"breadcrumb\":{\"@id\":\"https:\/\/soundme.app\/event\/iij-juvenile-justice-initiative-first-niger-online-workshop-on-justice-for-children-in-terrorism-cases\/#breadcrumb\"},\"inLanguage\":\"fr-FR\",\"potentialAction\":[{\"@type\":\"ReadAction\",\"target\":[\"https:\/\/soundme.app\/event\/iij-juvenile-justice-initiative-first-niger-online-workshop-on-justice-for-children-in-terrorism-cases\/\"]}]},{\"@type\":\"ImageObject\",\"inLanguage\":\"fr-FR\",\"@id\":\"https:\/\/soundme.app\/event\/iij-juvenile-justice-initiative-first-niger-online-workshop-on-justice-for-children-in-terrorism-cases\/#primaryimage\",\"url\":\"https:\/\/theiij.org\/wp-content\/uploads\/2021\/09\/Picture2.png\",\"contentUrl\":\"https:\/\/theiij.org\/wp-content\/uploads\/2021\/09\/Picture2.png\",\"width\":433,\"height\":242},{\"@type\":\"BreadcrumbList\",\"@id\":\"https:\/\/soundme.app\/event\/iij-juvenile-justice-initiative-first-niger-online-workshop-on-justice-for-children-in-terrorism-cases\/#breadcrumb\",\"itemListElement\":[{\"@type\":\"ListItem\",\"position\":1,\"name\":\"Home\",\"item\":\"https:\/\/theiij.org\/fr\/\"},{\"@type\":\"ListItem\",\"position\":2,\"name\":\"Initiative de l\u2019IIJ en mati\u00e8re de justice pour mineurs : Premier atelier en ligne sur la justice pour mineurs en mati\u00e8re de lutte contre le terrorisme au Niger\"}]},{\"@type\":\"WebSite\",\"@id\":\"https:\/\/cms.soundme.app\/#website\",\"url\":\"https:\/\/cms.soundme.app\/\",\"name\":\"The International Institute for Justice and the Rule of Law\",\"description\":\"Building the Capacity of Criminal Justice Practitioners\",\"publisher\":{\"@id\":\"https:\/\/cms.soundme.app\/#organization\"},\"potentialAction\":[{\"@type\":\"SearchAction\",\"target\":{\"@type\":\"EntryPoint\",\"urlTemplate\":\"https:\/\/cms.soundme.app\/?s={search_term_string}\"},\"query-input\":{\"@type\":\"PropertyValueSpecification\",\"valueRequired\":true,\"valueName\":\"search_term_string\"}}],\"inLanguage\":\"fr-FR\"},{\"@type\":\"Organization\",\"@id\":\"https:\/\/cms.soundme.app\/#organization\",\"name\":\"The International Institute for Justice and the Rule of Law\",\"url\":\"https:\/\/cms.soundme.app\/\",\"logo\":{\"@type\":\"ImageObject\",\"inLanguage\":\"fr-FR\",\"@id\":\"https:\/\/cms.soundme.app\/#\/schema\/logo\/image\/\",\"url\":\"https:\/\/theiij.org\/wp-content\/uploads\/2024\/06\/IIJ-Logo.svg\",\"contentUrl\":\"https:\/\/theiij.org\/wp-content\/uploads\/2024\/06\/IIJ-Logo.svg\",\"caption\":\"The International Institute for Justice and the Rule of Law\"},\"image\":{\"@id\":\"https:\/\/cms.soundme.app\/#\/schema\/logo\/image\/\"}}]}<\/script>\n<!-- \/ Yoast SEO plugin. -->","yoast_head_json":{"title":"Initiative de l\u2019IIJ en mati\u00e8re de justice pour mineurs : Premier atelier en ligne sur la justice pour mineurs en mati\u00e8re de lutte contre le terrorisme au Niger - L&#039;Institut International pour La Justice et l&#039;Etat de Droit","robots":{"index":"index","follow":"follow","max-snippet":"max-snippet:-1","max-image-preview":"max-image-preview:large","max-video-preview":"max-video-preview:-1"},"canonical":"https:\/\/soundme.app\/event\/iij-juvenile-justice-initiative-first-niger-online-workshop-on-justice-for-children-in-terrorism-cases\/","og_locale":"fr_FR","og_type":"article","og_title":"Initiative de l\u2019IIJ en mati\u00e8re de justice pour mineurs : Premier atelier en ligne sur la justice pour mineurs en mati\u00e8re de lutte contre le terrorisme au Niger - L&#039;Institut International pour La Justice et l&#039;Etat de Droit","og_description":"Du 27 au 29 juillet 2021, l\u2019IIJ a organis\u00e9 son premier atelier de niveau national pour le Niger \u00e0 sa demande, sous les auspices de l\u2019Initiative de l\u2019IIJ en mati\u00e8re de justice pour mineurs. Cet atelier...","og_url":"https:\/\/soundme.app\/event\/iij-juvenile-justice-initiative-first-niger-online-workshop-on-justice-for-children-in-terrorism-cases\/","og_site_name":"L&#039;Institut International pour La Justice et l&#039;Etat de Droit","article_modified_time":"2021-11-05T17:23:01+00:00","og_image":[{"width":433,"height":242,"url":"https:\/\/soundme.app\/wp-content\/uploads\/2021\/09\/Picture2.png","type":"image\/png"}],"twitter_card":"summary_large_image","twitter_misc":{"Dur\u00e9e de lecture estim\u00e9e":"3 minutes"},"schema":{"@context":"https:\/\/schema.org","@graph":[{"@type":"WebPage","@id":"https:\/\/soundme.app\/event\/iij-juvenile-justice-initiative-first-niger-online-workshop-on-justice-for-children-in-terrorism-cases\/","url":"https:\/\/soundme.app\/event\/iij-juvenile-justice-initiative-first-niger-online-workshop-on-justice-for-children-in-terrorism-cases\/","name":"Initiative de l\u2019IIJ en mati\u00e8re de justice pour mineurs : Premier atelier en ligne sur la justice pour mineurs en mati\u00e8re de lutte contre le terrorisme au Niger - L&#039;Institut International pour La Justice et l&#039;Etat de Droit","isPartOf":{"@id":"https:\/\/cms.soundme.app\/#website"},"primaryImageOfPage":{"@id":"https:\/\/soundme.app\/event\/iij-juvenile-justice-initiative-first-niger-online-workshop-on-justice-for-children-in-terrorism-cases\/#primaryimage"},"image":{"@id":"https:\/\/soundme.app\/event\/iij-juvenile-justice-initiative-first-niger-online-workshop-on-justice-for-children-in-terrorism-cases\/#primaryimage"},"thumbnailUrl":"https:\/\/theiij.org\/wp-content\/uploads\/2021\/09\/Picture2.png","datePublished":"2021-07-29T18:33:00+00:00","dateModified":"2021-11-05T17:23:01+00:00","breadcrumb":{"@id":"https:\/\/soundme.app\/event\/iij-juvenile-justice-initiative-first-niger-online-workshop-on-justice-for-children-in-terrorism-cases\/#breadcrumb"},"inLanguage":"fr-FR","potentialAction":[{"@type":"ReadAction","target":["https:\/\/soundme.app\/event\/iij-juvenile-justice-initiative-first-niger-online-workshop-on-justice-for-children-in-terrorism-cases\/"]}]},{"@type":"ImageObject","inLanguage":"fr-FR","@id":"https:\/\/soundme.app\/event\/iij-juvenile-justice-initiative-first-niger-online-workshop-on-justice-for-children-in-terrorism-cases\/#primaryimage","url":"https:\/\/theiij.org\/wp-content\/uploads\/2021\/09\/Picture2.png","contentUrl":"https:\/\/theiij.org\/wp-content\/uploads\/2021\/09\/Picture2.png","width":433,"height":242},{"@type":"BreadcrumbList","@id":"https:\/\/soundme.app\/event\/iij-juvenile-justice-initiative-first-niger-online-workshop-on-justice-for-children-in-terrorism-cases\/#breadcrumb","itemListElement":[{"@type":"ListItem","position":1,"name":"Home","item":"https:\/\/theiij.org\/fr\/"},{"@type":"ListItem","position":2,"name":"Initiative de l\u2019IIJ en mati\u00e8re de justice pour mineurs : Premier atelier en ligne sur la justice pour mineurs en mati\u00e8re de lutte contre le terrorisme au Niger"}]},{"@type":"WebSite","@id":"https:\/\/cms.soundme.app\/#website","url":"https:\/\/cms.soundme.app\/","name":"The International Institute for Justice and the Rule of Law","description":"Building the Capacity of Criminal Justice Practitioners","publisher":{"@id":"https:\/\/cms.soundme.app\/#organization"},"potentialAction":[{"@type":"SearchAction","target":{"@type":"EntryPoint","urlTemplate":"https:\/\/cms.soundme.app\/?s={search_term_string}"},"query-input":{"@type":"PropertyValueSpecification","valueRequired":true,"valueName":"search_term_string"}}],"inLanguage":"fr-FR"},{"@type":"Organization","@id":"https:\/\/cms.soundme.app\/#organization","name":"The International Institute for Justice and the Rule of Law","url":"https:\/\/cms.soundme.app\/","logo":{"@type":"ImageObject","inLanguage":"fr-FR","@id":"https:\/\/cms.soundme.app\/#\/schema\/logo\/image\/","url":"https:\/\/theiij.org\/wp-content\/uploads\/2024\/06\/IIJ-Logo.svg","contentUrl":"https:\/\/theiij.org\/wp-content\/uploads\/2024\/06\/IIJ-Logo.svg","caption":"The International Institute for Justice and the Rule of Law"},"image":{"@id":"https:\/\/cms.soundme.app\/#\/schema\/logo\/image\/"}}]}},"_links":{"self":[{"href":"https:\/\/theiij.org\/fr\/wp-json\/wp\/v2\/event\/6656","targetHints":{"allow":["GET"]}}],"collection":[{"href":"https:\/\/theiij.org\/fr\/wp-json\/wp\/v2\/event"}],"about":[{"href":"https:\/\/theiij.org\/fr\/wp-json\/wp\/v2\/types\/event"}],"wp:featuredmedia":[{"embeddable":true,"href":"https:\/\/theiij.org\/fr\/wp-json\/wp\/v2\/media\/3665"}],"wp:attachment":[{"href":"https:\/\/theiij.org\/fr\/wp-json\/wp\/v2\/media?parent=6656"}],"wp:term":[{"taxonomy":"event_type","embeddable":true,"href":"https:\/\/theiij.org\/fr\/wp-json\/wp\/v2\/event_type?post=6656"},{"taxonomy":"event_topic","embeddable":true,"href":"https:\/\/theiij.org\/fr\/wp-json\/wp\/v2\/event_topic?post=6656"},{"taxonomy":"pages_relationship","embeddable":true,"href":"https:\/\/theiij.org\/fr\/wp-json\/wp\/v2\/pages_relationship?post=6656"},{"taxonomy":"event_category","embeddable":true,"href":"https:\/\/theiij.org\/fr\/wp-json\/wp\/v2\/event_category?post=6656"}],"curies":[{"name":"wp","href":"https:\/\/api.w.org\/{rel}","templated":true}]}}