{"id":6670,"date":"2021-04-08T17:06:00","date_gmt":"2021-04-08T17:06:00","guid":{"rendered":"https:\/\/iij.fifthtribe.com\/event\/iij-core-course-using-information-derived-from-intelligence-to-generate-evidence-for-terrorist-investigations-and-prosecutions-2\/"},"modified":"2021-11-05T17:51:11","modified_gmt":"2021-11-05T17:51:11","slug":"iij-core-course-using-information-derived-from-intelligence-to-generate-evidence-for-terrorist-investigations-and-prosecutions-2","status":"publish","type":"event","link":"https:\/\/theiij.org\/fr\/event\/iij-core-course-using-information-derived-from-intelligence-to-generate-evidence-for-terrorist-investigations-and-prosecutions-2\/","title":{"rendered":"Programme d\u2019\u00e9tudes principal de l\u2019IIJ : Utilisation des informations issues du renseignement pour produire des preuves dans les enqu\u00eates et poursuites terroristes"},"content":{"rendered":"\n<p>Du 6 au 8 avril 2021, l\u2019IIJ a organis\u00e9 la deuxi\u00e8me it\u00e9ration en ligne du&nbsp;<strong>programme d\u2019\u00e9tudes principal de l\u2019IIJ : L\u2019utilisation des informations issues du renseignement pour produire des preuves dans les enqu\u00eates et poursuites terroristes<\/strong>.<strong>,<\/strong>&nbsp;avec l\u2019appui financier du D\u00e9partement d\u2019\u00c9tat am\u00e9ricain. Ce programme, dispens\u00e9 en ligne en raison des restrictions li\u00e9es \u00e0 la pand\u00e9mie de COVID-19, avait une orientation \u00e0 la fois sectorielle et r\u00e9gionale et a rassembl\u00e9 34 juges, procureurs et enqu\u00eateurs du B\u00e9nin, du Burkina Faso, du Cameroun, du Mali et du Niger.<\/p>\n\n\n\n<figure class=\"wp-block-image\"><img decoding=\"async\" src=\"https:\/\/mlqwhsp1u9p8.i.optimole.com\/pCBxbW8-wfkBnMhX\/w:auto\/h:auto\/q:auto\/http:\/\/657.0cb.myftpupload.com\/wp-content\/uploads\/EyYBExqXIAMpwEV.jpg\" alt=\"EyYBExqXIAMpwEV\"\/><\/figure>\n\n\n\n<p>Les principaux objectifs de ce programme d\u2019\u00e9tudes principal de l\u2019IIJ \u00e9taient :<\/p>\n\n\n\n<ul class=\"wp-block-list\"><li>d\u2019approfondir l\u2019appr\u00e9ciation des praticiens du secteur de la justice sur la valeur de l\u2019utilisation du renseignement pour produire des preuves dans les enqu\u00eates et poursuites terroristes;<\/li><li>d\u2019accro\u00eetre leur connaissance des d\u00e9fis \u00e0 relever pour y parvenir et des strat\u00e9gies \u00e0 mettre en \u0153uvre pour les relever ; et<\/li><li>de mettre en place des capacit\u00e9s et des moyens de lutte contre le terrorisme plus efficaces et fond\u00e9s sur l\u2019\u00c9tat de droit.<\/li><\/ul>\n\n\n\n<figure class=\"wp-block-image\"><img decoding=\"async\" src=\"https:\/\/mlqwhsp1u9p8.i.optimole.com\/pCBxbW8-9YdZlaRO\/w:auto\/h:auto\/q:auto\/http:\/\/657.0cb.myftpupload.com\/wp-content\/uploads\/EyXN9SBXEAEAo94.jpg\" alt=\"EyYBExqXIAMpwEV\"\/><\/figure>\n\n\n\n<p>L\u2019IIJ, en collaboration avec quatre principaux intervenants de Suisse et des \u00c9tats-Unis, a organis\u00e9 trois sessions interactives sur \u00ab&nbsp;l\u2019analyse et le recueil de renseignements&nbsp;\u00bb, \u00ab&nbsp;les engins explosifs terroristes et les preuves recueillies sur les sc\u00e8nes de crime&nbsp;\u00bb et \u00ab&nbsp;l\u2019entraide p\u00e9nale internationale&nbsp;\u00bb. Chaque session comprenait une pr\u00e9sentation vid\u00e9o d\u2019un intervenant principal et se terminait par un exercice de mise en situation hypoth\u00e9tique. Au cours des discussions dynamiques du programme, les praticiens ont partag\u00e9 leurs points de vue, leurs id\u00e9es et leurs exp\u00e9riences personnelles sur le recueil, le traitement et la pr\u00e9servation des preuves, la coop\u00e9ration interinstitutionnelle, les enqu\u00eates judiciaires et la coop\u00e9ration r\u00e9gionale et internationale. La&nbsp;<a href=\"http:\/\/657.0cb.myftpupload.com\/fr\/events\/iij-programme-principal-utiliser-les-informations-obtenues-du-renseignement-pour-generer-des-preuves-dans-les-enquetes-et-poursuites-terroristes\/\">premi\u00e8re it\u00e9ration&nbsp;<\/a>de ce programme a \u00e9t\u00e9 dispens\u00e9e \u00e0 Malte en juillet 2019 et a r\u00e9uni plus de 55 praticiens du Cameroun, du Canada, de la C\u00f4te d\u2019Ivoire, de l\u2019\u00c9thiopie, du Kenya, du Liban, du Mali, de Malte, du Maroc, du Niger, du Nigeria, du S\u00e9n\u00e9gal, du Sri Lanka, de la Suisse, de la Tunisie et du Royaume-Uni pour examiner et \u00e9valuer les facteurs de r\u00e9ussite, les obstacles et les enseignements tir\u00e9s, ainsi que les strat\u00e9gies visant \u00e0 faciliter l\u2019utilisation r\u00e9ussie du renseignement pour produire des preuves. Cet atelier a servi de plateforme aux juges, procureurs et enqu\u00eateurs pour examiner une s\u00e9rie de 13 sc\u00e9narios hypoth\u00e9tiques bas\u00e9s sur des cas r\u00e9els dans lesquels des preuves issues du renseignement ont \u00e9t\u00e9 utilis\u00e9es dans des enqu\u00eates et des poursuites p\u00e9nales.<\/p>\n","protected":false},"featured_media":3564,"template":"","event_type":[187],"event_topic":[211],"pages_relationship":[81],"event_category":[],"class_list":["post-6670","event","type-event","status-publish","has-post-thumbnail","hentry","event_type-workshops-fr","event_topic-core-fr","pages_relationship-iij-core-course"],"acf":[],"yoast_head":"<!-- This site is optimized with the Yoast SEO plugin v26.5 - https:\/\/yoast.com\/wordpress\/plugins\/seo\/ -->\n<title>Programme d\u2019\u00e9tudes principal de l\u2019IIJ : Utilisation des informations issues du renseignement pour produire des preuves dans les enqu\u00eates et poursuites terroristes - L&#039;Institut International pour La Justice et l&#039;Etat de Droit<\/title>\n<meta name=\"robots\" content=\"index, follow, max-snippet:-1, max-image-preview:large, max-video-preview:-1\" \/>\n<link rel=\"canonical\" href=\"https:\/\/soundme.app\/fr\/event\/iij-core-course-using-information-derived-from-intelligence-to-generate-evidence-for-terrorist-investigations-and-prosecutions-2\/\" \/>\n<meta property=\"og:locale\" content=\"fr_FR\" \/>\n<meta property=\"og:type\" content=\"article\" \/>\n<meta property=\"og:title\" content=\"Programme d\u2019\u00e9tudes principal de l\u2019IIJ : Utilisation des informations issues du renseignement pour produire des preuves dans les enqu\u00eates et poursuites terroristes - L&#039;Institut International pour La Justice et l&#039;Etat de Droit\" \/>\n<meta property=\"og:description\" content=\"Du 6 au 8 avril 2021, l\u2019IIJ a organis\u00e9 la deuxi\u00e8me it\u00e9ration en ligne du&nbsp;programme d\u2019\u00e9tudes principal de l\u2019IIJ : L\u2019utilisation des informations issues du renseignement pour produire des preuves dans les enqu\u00eates et poursuites terroristes.,&nbsp;avec...\" \/>\n<meta property=\"og:url\" content=\"https:\/\/soundme.app\/fr\/event\/iij-core-course-using-information-derived-from-intelligence-to-generate-evidence-for-terrorist-investigations-and-prosecutions-2\/\" \/>\n<meta property=\"og:site_name\" content=\"L&#039;Institut International pour La Justice et l&#039;Etat de Droit\" \/>\n<meta property=\"article:modified_time\" content=\"2021-11-05T17:51:11+00:00\" \/>\n<meta property=\"og:image\" content=\"https:\/\/soundme.app\/wp-content\/uploads\/2021\/09\/EyYBExqXIAMpwEV-1.jpg\" \/>\n\t<meta property=\"og:image:width\" content=\"1210\" \/>\n\t<meta property=\"og:image:height\" content=\"676\" \/>\n\t<meta property=\"og:image:type\" content=\"image\/jpeg\" \/>\n<meta name=\"twitter:card\" content=\"summary_large_image\" \/>\n<meta name=\"twitter:label1\" content=\"Dur\u00e9e de lecture estim\u00e9e\" \/>\n\t<meta name=\"twitter:data1\" content=\"3 minutes\" \/>\n<script type=\"application\/ld+json\" class=\"yoast-schema-graph\">{\"@context\":\"https:\/\/schema.org\",\"@graph\":[{\"@type\":\"WebPage\",\"@id\":\"https:\/\/soundme.app\/fr\/event\/iij-core-course-using-information-derived-from-intelligence-to-generate-evidence-for-terrorist-investigations-and-prosecutions-2\/\",\"url\":\"https:\/\/soundme.app\/fr\/event\/iij-core-course-using-information-derived-from-intelligence-to-generate-evidence-for-terrorist-investigations-and-prosecutions-2\/\",\"name\":\"Programme d\u2019\u00e9tudes principal de l\u2019IIJ : Utilisation des informations issues du renseignement pour produire des preuves dans les enqu\u00eates et poursuites terroristes - L&#039;Institut International pour La Justice et l&#039;Etat de Droit\",\"isPartOf\":{\"@id\":\"https:\/\/cms.soundme.app\/#website\"},\"primaryImageOfPage\":{\"@id\":\"https:\/\/soundme.app\/fr\/event\/iij-core-course-using-information-derived-from-intelligence-to-generate-evidence-for-terrorist-investigations-and-prosecutions-2\/#primaryimage\"},\"image\":{\"@id\":\"https:\/\/soundme.app\/fr\/event\/iij-core-course-using-information-derived-from-intelligence-to-generate-evidence-for-terrorist-investigations-and-prosecutions-2\/#primaryimage\"},\"thumbnailUrl\":\"https:\/\/theiij.org\/wp-content\/uploads\/2021\/09\/EyYBExqXIAMpwEV-1.jpg\",\"datePublished\":\"2021-04-08T17:06:00+00:00\",\"dateModified\":\"2021-11-05T17:51:11+00:00\",\"breadcrumb\":{\"@id\":\"https:\/\/soundme.app\/fr\/event\/iij-core-course-using-information-derived-from-intelligence-to-generate-evidence-for-terrorist-investigations-and-prosecutions-2\/#breadcrumb\"},\"inLanguage\":\"fr-FR\",\"potentialAction\":[{\"@type\":\"ReadAction\",\"target\":[\"https:\/\/soundme.app\/fr\/event\/iij-core-course-using-information-derived-from-intelligence-to-generate-evidence-for-terrorist-investigations-and-prosecutions-2\/\"]}]},{\"@type\":\"ImageObject\",\"inLanguage\":\"fr-FR\",\"@id\":\"https:\/\/soundme.app\/fr\/event\/iij-core-course-using-information-derived-from-intelligence-to-generate-evidence-for-terrorist-investigations-and-prosecutions-2\/#primaryimage\",\"url\":\"https:\/\/theiij.org\/wp-content\/uploads\/2021\/09\/EyYBExqXIAMpwEV-1.jpg\",\"contentUrl\":\"https:\/\/theiij.org\/wp-content\/uploads\/2021\/09\/EyYBExqXIAMpwEV-1.jpg\",\"width\":1210,\"height\":676},{\"@type\":\"BreadcrumbList\",\"@id\":\"https:\/\/soundme.app\/fr\/event\/iij-core-course-using-information-derived-from-intelligence-to-generate-evidence-for-terrorist-investigations-and-prosecutions-2\/#breadcrumb\",\"itemListElement\":[{\"@type\":\"ListItem\",\"position\":1,\"name\":\"Home\",\"item\":\"https:\/\/theiij.org\/fr\/\"},{\"@type\":\"ListItem\",\"position\":2,\"name\":\"Programme d\u2019\u00e9tudes principal de l\u2019IIJ : Utilisation des informations issues du renseignement pour produire des preuves dans les enqu\u00eates et poursuites terroristes\"}]},{\"@type\":\"WebSite\",\"@id\":\"https:\/\/cms.soundme.app\/#website\",\"url\":\"https:\/\/cms.soundme.app\/\",\"name\":\"The International Institute for Justice and the Rule of Law\",\"description\":\"Building the Capacity of Criminal Justice Practitioners\",\"publisher\":{\"@id\":\"https:\/\/cms.soundme.app\/#organization\"},\"potentialAction\":[{\"@type\":\"SearchAction\",\"target\":{\"@type\":\"EntryPoint\",\"urlTemplate\":\"https:\/\/cms.soundme.app\/?s={search_term_string}\"},\"query-input\":{\"@type\":\"PropertyValueSpecification\",\"valueRequired\":true,\"valueName\":\"search_term_string\"}}],\"inLanguage\":\"fr-FR\"},{\"@type\":\"Organization\",\"@id\":\"https:\/\/cms.soundme.app\/#organization\",\"name\":\"The International Institute for Justice and the Rule of Law\",\"url\":\"https:\/\/cms.soundme.app\/\",\"logo\":{\"@type\":\"ImageObject\",\"inLanguage\":\"fr-FR\",\"@id\":\"https:\/\/cms.soundme.app\/#\/schema\/logo\/image\/\",\"url\":\"https:\/\/theiij.org\/wp-content\/uploads\/2024\/06\/IIJ-Logo.svg\",\"contentUrl\":\"https:\/\/theiij.org\/wp-content\/uploads\/2024\/06\/IIJ-Logo.svg\",\"caption\":\"The International Institute for Justice and the Rule of Law\"},\"image\":{\"@id\":\"https:\/\/cms.soundme.app\/#\/schema\/logo\/image\/\"}}]}<\/script>\n<!-- \/ Yoast SEO plugin. -->","yoast_head_json":{"title":"Programme d\u2019\u00e9tudes principal de l\u2019IIJ : Utilisation des informations issues du renseignement pour produire des preuves dans les enqu\u00eates et poursuites terroristes - L&#039;Institut International pour La Justice et l&#039;Etat de Droit","robots":{"index":"index","follow":"follow","max-snippet":"max-snippet:-1","max-image-preview":"max-image-preview:large","max-video-preview":"max-video-preview:-1"},"canonical":"https:\/\/soundme.app\/fr\/event\/iij-core-course-using-information-derived-from-intelligence-to-generate-evidence-for-terrorist-investigations-and-prosecutions-2\/","og_locale":"fr_FR","og_type":"article","og_title":"Programme d\u2019\u00e9tudes principal de l\u2019IIJ : Utilisation des informations issues du renseignement pour produire des preuves dans les enqu\u00eates et poursuites terroristes - L&#039;Institut International pour La Justice et l&#039;Etat de Droit","og_description":"Du 6 au 8 avril 2021, l\u2019IIJ a organis\u00e9 la deuxi\u00e8me it\u00e9ration en ligne du&nbsp;programme d\u2019\u00e9tudes principal de l\u2019IIJ : L\u2019utilisation des informations issues du renseignement pour produire des preuves dans les enqu\u00eates et poursuites terroristes.,&nbsp;avec...","og_url":"https:\/\/soundme.app\/fr\/event\/iij-core-course-using-information-derived-from-intelligence-to-generate-evidence-for-terrorist-investigations-and-prosecutions-2\/","og_site_name":"L&#039;Institut International pour La Justice et l&#039;Etat de Droit","article_modified_time":"2021-11-05T17:51:11+00:00","og_image":[{"width":1210,"height":676,"url":"https:\/\/soundme.app\/wp-content\/uploads\/2021\/09\/EyYBExqXIAMpwEV-1.jpg","type":"image\/jpeg"}],"twitter_card":"summary_large_image","twitter_misc":{"Dur\u00e9e de lecture estim\u00e9e":"3 minutes"},"schema":{"@context":"https:\/\/schema.org","@graph":[{"@type":"WebPage","@id":"https:\/\/soundme.app\/fr\/event\/iij-core-course-using-information-derived-from-intelligence-to-generate-evidence-for-terrorist-investigations-and-prosecutions-2\/","url":"https:\/\/soundme.app\/fr\/event\/iij-core-course-using-information-derived-from-intelligence-to-generate-evidence-for-terrorist-investigations-and-prosecutions-2\/","name":"Programme d\u2019\u00e9tudes principal de l\u2019IIJ : Utilisation des informations issues du renseignement pour produire des preuves dans les enqu\u00eates et poursuites terroristes - L&#039;Institut International pour La Justice et l&#039;Etat de Droit","isPartOf":{"@id":"https:\/\/cms.soundme.app\/#website"},"primaryImageOfPage":{"@id":"https:\/\/soundme.app\/fr\/event\/iij-core-course-using-information-derived-from-intelligence-to-generate-evidence-for-terrorist-investigations-and-prosecutions-2\/#primaryimage"},"image":{"@id":"https:\/\/soundme.app\/fr\/event\/iij-core-course-using-information-derived-from-intelligence-to-generate-evidence-for-terrorist-investigations-and-prosecutions-2\/#primaryimage"},"thumbnailUrl":"https:\/\/theiij.org\/wp-content\/uploads\/2021\/09\/EyYBExqXIAMpwEV-1.jpg","datePublished":"2021-04-08T17:06:00+00:00","dateModified":"2021-11-05T17:51:11+00:00","breadcrumb":{"@id":"https:\/\/soundme.app\/fr\/event\/iij-core-course-using-information-derived-from-intelligence-to-generate-evidence-for-terrorist-investigations-and-prosecutions-2\/#breadcrumb"},"inLanguage":"fr-FR","potentialAction":[{"@type":"ReadAction","target":["https:\/\/soundme.app\/fr\/event\/iij-core-course-using-information-derived-from-intelligence-to-generate-evidence-for-terrorist-investigations-and-prosecutions-2\/"]}]},{"@type":"ImageObject","inLanguage":"fr-FR","@id":"https:\/\/soundme.app\/fr\/event\/iij-core-course-using-information-derived-from-intelligence-to-generate-evidence-for-terrorist-investigations-and-prosecutions-2\/#primaryimage","url":"https:\/\/theiij.org\/wp-content\/uploads\/2021\/09\/EyYBExqXIAMpwEV-1.jpg","contentUrl":"https:\/\/theiij.org\/wp-content\/uploads\/2021\/09\/EyYBExqXIAMpwEV-1.jpg","width":1210,"height":676},{"@type":"BreadcrumbList","@id":"https:\/\/soundme.app\/fr\/event\/iij-core-course-using-information-derived-from-intelligence-to-generate-evidence-for-terrorist-investigations-and-prosecutions-2\/#breadcrumb","itemListElement":[{"@type":"ListItem","position":1,"name":"Home","item":"https:\/\/theiij.org\/fr\/"},{"@type":"ListItem","position":2,"name":"Programme d\u2019\u00e9tudes principal de l\u2019IIJ : Utilisation des informations issues du renseignement pour produire des preuves dans les enqu\u00eates et poursuites terroristes"}]},{"@type":"WebSite","@id":"https:\/\/cms.soundme.app\/#website","url":"https:\/\/cms.soundme.app\/","name":"The International Institute for Justice and the Rule of Law","description":"Building the Capacity of Criminal Justice Practitioners","publisher":{"@id":"https:\/\/cms.soundme.app\/#organization"},"potentialAction":[{"@type":"SearchAction","target":{"@type":"EntryPoint","urlTemplate":"https:\/\/cms.soundme.app\/?s={search_term_string}"},"query-input":{"@type":"PropertyValueSpecification","valueRequired":true,"valueName":"search_term_string"}}],"inLanguage":"fr-FR"},{"@type":"Organization","@id":"https:\/\/cms.soundme.app\/#organization","name":"The International Institute for Justice and the Rule of Law","url":"https:\/\/cms.soundme.app\/","logo":{"@type":"ImageObject","inLanguage":"fr-FR","@id":"https:\/\/cms.soundme.app\/#\/schema\/logo\/image\/","url":"https:\/\/theiij.org\/wp-content\/uploads\/2024\/06\/IIJ-Logo.svg","contentUrl":"https:\/\/theiij.org\/wp-content\/uploads\/2024\/06\/IIJ-Logo.svg","caption":"The International Institute for Justice and the Rule of Law"},"image":{"@id":"https:\/\/cms.soundme.app\/#\/schema\/logo\/image\/"}}]}},"_links":{"self":[{"href":"https:\/\/theiij.org\/fr\/wp-json\/wp\/v2\/event\/6670","targetHints":{"allow":["GET"]}}],"collection":[{"href":"https:\/\/theiij.org\/fr\/wp-json\/wp\/v2\/event"}],"about":[{"href":"https:\/\/theiij.org\/fr\/wp-json\/wp\/v2\/types\/event"}],"wp:featuredmedia":[{"embeddable":true,"href":"https:\/\/theiij.org\/fr\/wp-json\/wp\/v2\/media\/3564"}],"wp:attachment":[{"href":"https:\/\/theiij.org\/fr\/wp-json\/wp\/v2\/media?parent=6670"}],"wp:term":[{"taxonomy":"event_type","embeddable":true,"href":"https:\/\/theiij.org\/fr\/wp-json\/wp\/v2\/event_type?post=6670"},{"taxonomy":"event_topic","embeddable":true,"href":"https:\/\/theiij.org\/fr\/wp-json\/wp\/v2\/event_topic?post=6670"},{"taxonomy":"pages_relationship","embeddable":true,"href":"https:\/\/theiij.org\/fr\/wp-json\/wp\/v2\/pages_relationship?post=6670"},{"taxonomy":"event_category","embeddable":true,"href":"https:\/\/theiij.org\/fr\/wp-json\/wp\/v2\/event_category?post=6670"}],"curies":[{"name":"wp","href":"https:\/\/api.w.org\/{rel}","templated":true}]}}