{"id":6686,"date":"2021-02-12T20:55:00","date_gmt":"2021-02-12T20:55:00","guid":{"rendered":"https:\/\/iij.fifthtribe.com\/event\/iij-investigations-initiative-multi-agency-intelligence-led-evidence-driven-counter-terrorism-investigation-capacity-building-in-somaliland-skills-training-and-practical\/"},"modified":"2021-11-05T18:06:59","modified_gmt":"2021-11-05T18:06:59","slug":"iij-investigations-initiative-multi-agency-intelligence-led-evidence-driven-counter-terrorism-investigation-capacity-building-in-somaliland-skills-training-and-practical","status":"publish","type":"event","link":"https:\/\/theiij.org\/fr\/event\/iij-investigations-initiative-multi-agency-intelligence-led-evidence-driven-counter-terrorism-investigation-capacity-building-in-somaliland-skills-training-and-practical\/","title":{"rendered":"Initiative de l\u2019IIJ sur les enqu\u00eates: Renforcement des comp\u00e9tences dans les enqu\u00eates antiterroristes pluri-organes bas\u00e9es sur le renseignement et guid\u00e9es par les preuves au Somaliland \u2013 acquisition de nouvelles comp\u00e9tences et exercices pratiques"},"content":{"rendered":"\n<p>Du 3 au 12 f\u00e9vrier 2021, l\u2019IIJ a organis\u00e9 la premi\u00e8re phase de son programme de renforcement des capacit\u00e9s d\u2019enqu\u00eates bas\u00e9es sur le renseignement et guid\u00e9es par les preuves au Somaliland, sous les auspices de l\u2019Initiative d\u2019enqu\u00eates de l\u2019IIJ.<\/p>\n\n\n\n<figure class=\"wp-block-image\"><img decoding=\"async\" src=\"https:\/\/mlqwhsp1u9p8.i.optimole.com\/pCBxbW8-TboyCw4u\/w:auto\/h:auto\/q:auto\/http:\/\/657.0cb.myftpupload.com\/wp-content\/uploads\/1-003-scaled.jpg\" alt=\"1 (003)\"\/><\/figure>\n\n\n\n<p>Ce module de dix jours a rassembl\u00e9 41 praticiens de diff\u00e9rents organismes, dont la police, l\u2019arm\u00e9e, les garde-c\u00f4tes, les services p\u00e9nitentiaires et les services d\u2019immigration. Le programme a \u00e9t\u00e9 dispens\u00e9 selon un mod\u00e8le de formation hybride, avec le conseiller principal en mati\u00e8re d\u2019enqu\u00eates de l\u2019IIJ qui a dirig\u00e9 les ateliers en personne \u00e0 l\u2019Acad\u00e9mie de formation de la police \u00e0 Hargeisa, et une s\u00e9rie de pr\u00e9sentations pr\u00e9enregistr\u00e9es pour le programme.<\/p>\n\n\n\n<p>Le programme a soutenu la mise en \u0153uvre et l\u2019op\u00e9rationnalisation des m\u00e9morandums-cadres suivants du GCTF :<\/p>\n\n\n\n<ul class=\"wp-block-list\"><li>Recommandations sur l\u2019utilisation et la protection du renseignement lors d\u2019enqu\u00eates et de poursuites men\u00e9es par le secteur de la justice p\u00e9nale et fond\u00e9es sur l\u2019\u00e9tat de droit<\/li><\/ul>\n\n\n\n<ul class=\"wp-block-list\"><li>Recommandations d\u2019Abuja sur la collecte, l\u2019utilisation et l\u2019\u00e9change d\u2019\u00e9l\u00e9ments de preuve aux fins des poursuites p\u00e9nales de terroristes pr\u00e9sum\u00e9s<\/li><li>Le M\u00e9morandum de Rabat sur les bonnes pratiques pour des actions efficaces&nbsp;<em>de lutte contre le terrorisme dans le secteur de la justice p\u00e9nale<\/em><\/li><\/ul>\n\n\n\n<p>Le programme portait sur le d\u00e9veloppement de comp\u00e9tences pratiques et sur les processus visant \u00e0 soutenir la coop\u00e9ration judiciaire internationale, la collecte parall\u00e8le de preuves et de renseignements, l\u2019application de la loi pour les praticiens, la gestion des risques, la gestion des sc\u00e8nes de crime, les enqu\u00eates syst\u00e9matiques et l\u2019\u00e9tablissement de rapports lors des auditions.<\/p>\n\n\n\n<p>Les r\u00e9actions ont \u00e9t\u00e9 extr\u00eamement positives, les participants se f\u00e9licitant de l\u2019approche multi-agences et s\u2019engageant \u00e0 travailler plus \u00e9troitement \u00e0 l\u2019avenir et \u00e0 partager plus facilement les renseignements entre toutes les organisations concern\u00e9es.<\/p>\n","protected":false},"featured_media":3719,"template":"","event_type":[187],"event_topic":[215],"pages_relationship":[73],"event_category":[],"class_list":["post-6686","event","type-event","status-publish","has-post-thumbnail","hentry","event_type-workshops-fr","event_topic-investigations-fr","pages_relationship-investigations-initiative"],"acf":[],"yoast_head":"<!-- This site is optimized with the Yoast SEO plugin v26.5 - https:\/\/yoast.com\/wordpress\/plugins\/seo\/ -->\n<title>Initiative de l\u2019IIJ sur les enqu\u00eates: Renforcement des comp\u00e9tences dans les enqu\u00eates antiterroristes pluri-organes bas\u00e9es sur le renseignement et guid\u00e9es par les preuves au Somaliland \u2013 acquisition de nouvelles comp\u00e9tences et exercices pratiques - L&#039;Institut International pour La Justice et l&#039;Etat de Droit<\/title>\n<meta name=\"robots\" content=\"index, follow, max-snippet:-1, max-image-preview:large, max-video-preview:-1\" \/>\n<link rel=\"canonical\" href=\"https:\/\/52.28.163.17\/fr\/event\/iij-investigations-initiative-multi-agency-intelligence-led-evidence-driven-counter-terrorism-investigation-capacity-building-in-somaliland-skills-training-and-practical\/\" \/>\n<meta property=\"og:locale\" content=\"fr_FR\" \/>\n<meta property=\"og:type\" content=\"article\" \/>\n<meta property=\"og:title\" content=\"Initiative de l\u2019IIJ sur les enqu\u00eates: Renforcement des comp\u00e9tences dans les enqu\u00eates antiterroristes pluri-organes bas\u00e9es sur le renseignement et guid\u00e9es par les preuves au Somaliland \u2013 acquisition de nouvelles comp\u00e9tences et exercices pratiques - L&#039;Institut International pour La Justice et l&#039;Etat de Droit\" \/>\n<meta property=\"og:description\" content=\"Du 3 au 12 f\u00e9vrier 2021, l\u2019IIJ a organis\u00e9 la premi\u00e8re phase de son programme de renforcement des capacit\u00e9s d\u2019enqu\u00eates bas\u00e9es sur le renseignement et guid\u00e9es par les preuves au Somaliland, sous les auspices de l\u2019Initiative...\" \/>\n<meta property=\"og:url\" content=\"https:\/\/52.28.163.17\/fr\/event\/iij-investigations-initiative-multi-agency-intelligence-led-evidence-driven-counter-terrorism-investigation-capacity-building-in-somaliland-skills-training-and-practical\/\" \/>\n<meta property=\"og:site_name\" content=\"L&#039;Institut International pour La Justice et l&#039;Etat de Droit\" \/>\n<meta property=\"article:modified_time\" content=\"2021-11-05T18:06:59+00:00\" \/>\n<meta property=\"og:image\" content=\"https:\/\/52.28.163.17\/wp-content\/uploads\/2021\/09\/1-003-scaled-1.jpg\" \/>\n\t<meta property=\"og:image:width\" content=\"1920\" \/>\n\t<meta property=\"og:image:height\" content=\"1442\" \/>\n\t<meta property=\"og:image:type\" content=\"image\/jpeg\" \/>\n<meta name=\"twitter:card\" content=\"summary_large_image\" \/>\n<meta name=\"twitter:label1\" content=\"Dur\u00e9e de lecture estim\u00e9e\" \/>\n\t<meta name=\"twitter:data1\" content=\"2 minutes\" \/>\n<script type=\"application\/ld+json\" class=\"yoast-schema-graph\">{\"@context\":\"https:\/\/schema.org\",\"@graph\":[{\"@type\":\"WebPage\",\"@id\":\"https:\/\/52.28.163.17\/fr\/event\/iij-investigations-initiative-multi-agency-intelligence-led-evidence-driven-counter-terrorism-investigation-capacity-building-in-somaliland-skills-training-and-practical\/\",\"url\":\"https:\/\/52.28.163.17\/fr\/event\/iij-investigations-initiative-multi-agency-intelligence-led-evidence-driven-counter-terrorism-investigation-capacity-building-in-somaliland-skills-training-and-practical\/\",\"name\":\"Initiative de l\u2019IIJ sur les enqu\u00eates: Renforcement des comp\u00e9tences dans les enqu\u00eates antiterroristes pluri-organes bas\u00e9es sur le renseignement et guid\u00e9es par les preuves au Somaliland \u2013 acquisition de nouvelles comp\u00e9tences et exercices pratiques - L&#039;Institut International pour La Justice et l&#039;Etat de Droit\",\"isPartOf\":{\"@id\":\"https:\/\/cms.soundme.app\/#website\"},\"primaryImageOfPage\":{\"@id\":\"https:\/\/52.28.163.17\/fr\/event\/iij-investigations-initiative-multi-agency-intelligence-led-evidence-driven-counter-terrorism-investigation-capacity-building-in-somaliland-skills-training-and-practical\/#primaryimage\"},\"image\":{\"@id\":\"https:\/\/52.28.163.17\/fr\/event\/iij-investigations-initiative-multi-agency-intelligence-led-evidence-driven-counter-terrorism-investigation-capacity-building-in-somaliland-skills-training-and-practical\/#primaryimage\"},\"thumbnailUrl\":\"https:\/\/theiij.org\/wp-content\/uploads\/2021\/09\/1-003-scaled-1.jpg\",\"datePublished\":\"2021-02-12T20:55:00+00:00\",\"dateModified\":\"2021-11-05T18:06:59+00:00\",\"breadcrumb\":{\"@id\":\"https:\/\/52.28.163.17\/fr\/event\/iij-investigations-initiative-multi-agency-intelligence-led-evidence-driven-counter-terrorism-investigation-capacity-building-in-somaliland-skills-training-and-practical\/#breadcrumb\"},\"inLanguage\":\"fr-FR\",\"potentialAction\":[{\"@type\":\"ReadAction\",\"target\":[\"https:\/\/52.28.163.17\/fr\/event\/iij-investigations-initiative-multi-agency-intelligence-led-evidence-driven-counter-terrorism-investigation-capacity-building-in-somaliland-skills-training-and-practical\/\"]}]},{\"@type\":\"ImageObject\",\"inLanguage\":\"fr-FR\",\"@id\":\"https:\/\/52.28.163.17\/fr\/event\/iij-investigations-initiative-multi-agency-intelligence-led-evidence-driven-counter-terrorism-investigation-capacity-building-in-somaliland-skills-training-and-practical\/#primaryimage\",\"url\":\"https:\/\/theiij.org\/wp-content\/uploads\/2021\/09\/1-003-scaled-1.jpg\",\"contentUrl\":\"https:\/\/theiij.org\/wp-content\/uploads\/2021\/09\/1-003-scaled-1.jpg\",\"width\":1920,\"height\":1442},{\"@type\":\"BreadcrumbList\",\"@id\":\"https:\/\/52.28.163.17\/fr\/event\/iij-investigations-initiative-multi-agency-intelligence-led-evidence-driven-counter-terrorism-investigation-capacity-building-in-somaliland-skills-training-and-practical\/#breadcrumb\",\"itemListElement\":[{\"@type\":\"ListItem\",\"position\":1,\"name\":\"Home\",\"item\":\"https:\/\/theiij.org\/fr\/\"},{\"@type\":\"ListItem\",\"position\":2,\"name\":\"Initiative de l\u2019IIJ sur les enqu\u00eates: Renforcement des comp\u00e9tences dans les enqu\u00eates antiterroristes pluri-organes bas\u00e9es sur le renseignement et guid\u00e9es par les preuves au Somaliland \u2013 acquisition de nouvelles comp\u00e9tences et exercices pratiques\"}]},{\"@type\":\"WebSite\",\"@id\":\"https:\/\/cms.soundme.app\/#website\",\"url\":\"https:\/\/cms.soundme.app\/\",\"name\":\"The International Institute for Justice and the Rule of Law\",\"description\":\"Building the Capacity of Criminal Justice Practitioners\",\"publisher\":{\"@id\":\"https:\/\/cms.soundme.app\/#organization\"},\"potentialAction\":[{\"@type\":\"SearchAction\",\"target\":{\"@type\":\"EntryPoint\",\"urlTemplate\":\"https:\/\/cms.soundme.app\/?s={search_term_string}\"},\"query-input\":{\"@type\":\"PropertyValueSpecification\",\"valueRequired\":true,\"valueName\":\"search_term_string\"}}],\"inLanguage\":\"fr-FR\"},{\"@type\":\"Organization\",\"@id\":\"https:\/\/cms.soundme.app\/#organization\",\"name\":\"The International Institute for Justice and the Rule of Law\",\"url\":\"https:\/\/cms.soundme.app\/\",\"logo\":{\"@type\":\"ImageObject\",\"inLanguage\":\"fr-FR\",\"@id\":\"https:\/\/cms.soundme.app\/#\/schema\/logo\/image\/\",\"url\":\"https:\/\/theiij.org\/wp-content\/uploads\/2024\/06\/IIJ-Logo.svg\",\"contentUrl\":\"https:\/\/theiij.org\/wp-content\/uploads\/2024\/06\/IIJ-Logo.svg\",\"caption\":\"The International Institute for Justice and the Rule of Law\"},\"image\":{\"@id\":\"https:\/\/cms.soundme.app\/#\/schema\/logo\/image\/\"}}]}<\/script>\n<!-- \/ Yoast SEO plugin. -->","yoast_head_json":{"title":"Initiative de l\u2019IIJ sur les enqu\u00eates: Renforcement des comp\u00e9tences dans les enqu\u00eates antiterroristes pluri-organes bas\u00e9es sur le renseignement et guid\u00e9es par les preuves au Somaliland \u2013 acquisition de nouvelles comp\u00e9tences et exercices pratiques - L&#039;Institut International pour La Justice et l&#039;Etat de Droit","robots":{"index":"index","follow":"follow","max-snippet":"max-snippet:-1","max-image-preview":"max-image-preview:large","max-video-preview":"max-video-preview:-1"},"canonical":"https:\/\/52.28.163.17\/fr\/event\/iij-investigations-initiative-multi-agency-intelligence-led-evidence-driven-counter-terrorism-investigation-capacity-building-in-somaliland-skills-training-and-practical\/","og_locale":"fr_FR","og_type":"article","og_title":"Initiative de l\u2019IIJ sur les enqu\u00eates: Renforcement des comp\u00e9tences dans les enqu\u00eates antiterroristes pluri-organes bas\u00e9es sur le renseignement et guid\u00e9es par les preuves au Somaliland \u2013 acquisition de nouvelles comp\u00e9tences et exercices pratiques - L&#039;Institut International pour La Justice et l&#039;Etat de Droit","og_description":"Du 3 au 12 f\u00e9vrier 2021, l\u2019IIJ a organis\u00e9 la premi\u00e8re phase de son programme de renforcement des capacit\u00e9s d\u2019enqu\u00eates bas\u00e9es sur le renseignement et guid\u00e9es par les preuves au Somaliland, sous les auspices de l\u2019Initiative...","og_url":"https:\/\/52.28.163.17\/fr\/event\/iij-investigations-initiative-multi-agency-intelligence-led-evidence-driven-counter-terrorism-investigation-capacity-building-in-somaliland-skills-training-and-practical\/","og_site_name":"L&#039;Institut International pour La Justice et l&#039;Etat de Droit","article_modified_time":"2021-11-05T18:06:59+00:00","og_image":[{"width":1920,"height":1442,"url":"https:\/\/52.28.163.17\/wp-content\/uploads\/2021\/09\/1-003-scaled-1.jpg","type":"image\/jpeg"}],"twitter_card":"summary_large_image","twitter_misc":{"Dur\u00e9e de lecture estim\u00e9e":"2 minutes"},"schema":{"@context":"https:\/\/schema.org","@graph":[{"@type":"WebPage","@id":"https:\/\/52.28.163.17\/fr\/event\/iij-investigations-initiative-multi-agency-intelligence-led-evidence-driven-counter-terrorism-investigation-capacity-building-in-somaliland-skills-training-and-practical\/","url":"https:\/\/52.28.163.17\/fr\/event\/iij-investigations-initiative-multi-agency-intelligence-led-evidence-driven-counter-terrorism-investigation-capacity-building-in-somaliland-skills-training-and-practical\/","name":"Initiative de l\u2019IIJ sur les enqu\u00eates: Renforcement des comp\u00e9tences dans les enqu\u00eates antiterroristes pluri-organes bas\u00e9es sur le renseignement et guid\u00e9es par les preuves au Somaliland \u2013 acquisition de nouvelles comp\u00e9tences et exercices pratiques - L&#039;Institut International pour La Justice et l&#039;Etat de Droit","isPartOf":{"@id":"https:\/\/cms.soundme.app\/#website"},"primaryImageOfPage":{"@id":"https:\/\/52.28.163.17\/fr\/event\/iij-investigations-initiative-multi-agency-intelligence-led-evidence-driven-counter-terrorism-investigation-capacity-building-in-somaliland-skills-training-and-practical\/#primaryimage"},"image":{"@id":"https:\/\/52.28.163.17\/fr\/event\/iij-investigations-initiative-multi-agency-intelligence-led-evidence-driven-counter-terrorism-investigation-capacity-building-in-somaliland-skills-training-and-practical\/#primaryimage"},"thumbnailUrl":"https:\/\/theiij.org\/wp-content\/uploads\/2021\/09\/1-003-scaled-1.jpg","datePublished":"2021-02-12T20:55:00+00:00","dateModified":"2021-11-05T18:06:59+00:00","breadcrumb":{"@id":"https:\/\/52.28.163.17\/fr\/event\/iij-investigations-initiative-multi-agency-intelligence-led-evidence-driven-counter-terrorism-investigation-capacity-building-in-somaliland-skills-training-and-practical\/#breadcrumb"},"inLanguage":"fr-FR","potentialAction":[{"@type":"ReadAction","target":["https:\/\/52.28.163.17\/fr\/event\/iij-investigations-initiative-multi-agency-intelligence-led-evidence-driven-counter-terrorism-investigation-capacity-building-in-somaliland-skills-training-and-practical\/"]}]},{"@type":"ImageObject","inLanguage":"fr-FR","@id":"https:\/\/52.28.163.17\/fr\/event\/iij-investigations-initiative-multi-agency-intelligence-led-evidence-driven-counter-terrorism-investigation-capacity-building-in-somaliland-skills-training-and-practical\/#primaryimage","url":"https:\/\/theiij.org\/wp-content\/uploads\/2021\/09\/1-003-scaled-1.jpg","contentUrl":"https:\/\/theiij.org\/wp-content\/uploads\/2021\/09\/1-003-scaled-1.jpg","width":1920,"height":1442},{"@type":"BreadcrumbList","@id":"https:\/\/52.28.163.17\/fr\/event\/iij-investigations-initiative-multi-agency-intelligence-led-evidence-driven-counter-terrorism-investigation-capacity-building-in-somaliland-skills-training-and-practical\/#breadcrumb","itemListElement":[{"@type":"ListItem","position":1,"name":"Home","item":"https:\/\/theiij.org\/fr\/"},{"@type":"ListItem","position":2,"name":"Initiative de l\u2019IIJ sur les enqu\u00eates: Renforcement des comp\u00e9tences dans les enqu\u00eates antiterroristes pluri-organes bas\u00e9es sur le renseignement et guid\u00e9es par les preuves au Somaliland \u2013 acquisition de nouvelles comp\u00e9tences et exercices pratiques"}]},{"@type":"WebSite","@id":"https:\/\/cms.soundme.app\/#website","url":"https:\/\/cms.soundme.app\/","name":"The International Institute for Justice and the Rule of Law","description":"Building the Capacity of Criminal Justice Practitioners","publisher":{"@id":"https:\/\/cms.soundme.app\/#organization"},"potentialAction":[{"@type":"SearchAction","target":{"@type":"EntryPoint","urlTemplate":"https:\/\/cms.soundme.app\/?s={search_term_string}"},"query-input":{"@type":"PropertyValueSpecification","valueRequired":true,"valueName":"search_term_string"}}],"inLanguage":"fr-FR"},{"@type":"Organization","@id":"https:\/\/cms.soundme.app\/#organization","name":"The International Institute for Justice and the Rule of Law","url":"https:\/\/cms.soundme.app\/","logo":{"@type":"ImageObject","inLanguage":"fr-FR","@id":"https:\/\/cms.soundme.app\/#\/schema\/logo\/image\/","url":"https:\/\/theiij.org\/wp-content\/uploads\/2024\/06\/IIJ-Logo.svg","contentUrl":"https:\/\/theiij.org\/wp-content\/uploads\/2024\/06\/IIJ-Logo.svg","caption":"The International Institute for Justice and the Rule of Law"},"image":{"@id":"https:\/\/cms.soundme.app\/#\/schema\/logo\/image\/"}}]}},"_links":{"self":[{"href":"https:\/\/theiij.org\/fr\/wp-json\/wp\/v2\/event\/6686","targetHints":{"allow":["GET"]}}],"collection":[{"href":"https:\/\/theiij.org\/fr\/wp-json\/wp\/v2\/event"}],"about":[{"href":"https:\/\/theiij.org\/fr\/wp-json\/wp\/v2\/types\/event"}],"wp:featuredmedia":[{"embeddable":true,"href":"https:\/\/theiij.org\/fr\/wp-json\/wp\/v2\/media\/3719"}],"wp:attachment":[{"href":"https:\/\/theiij.org\/fr\/wp-json\/wp\/v2\/media?parent=6686"}],"wp:term":[{"taxonomy":"event_type","embeddable":true,"href":"https:\/\/theiij.org\/fr\/wp-json\/wp\/v2\/event_type?post=6686"},{"taxonomy":"event_topic","embeddable":true,"href":"https:\/\/theiij.org\/fr\/wp-json\/wp\/v2\/event_topic?post=6686"},{"taxonomy":"pages_relationship","embeddable":true,"href":"https:\/\/theiij.org\/fr\/wp-json\/wp\/v2\/pages_relationship?post=6686"},{"taxonomy":"event_category","embeddable":true,"href":"https:\/\/theiij.org\/fr\/wp-json\/wp\/v2\/event_category?post=6686"}],"curies":[{"name":"wp","href":"https:\/\/api.w.org\/{rel}","templated":true}]}}