{"id":6691,"date":"2020-12-11T17:59:00","date_gmt":"2020-12-11T17:59:00","guid":{"rendered":"https:\/\/iij.fifthtribe.com\/event\/iij-juvenile-justice-initiative-first-ethiopia-online-workshop-on-justice-for-children-in-terrorism-cases\/"},"modified":"2021-11-05T18:12:33","modified_gmt":"2021-11-05T18:12:33","slug":"iij-juvenile-justice-initiative-first-ethiopia-online-workshop-on-justice-for-children-in-terrorism-cases","status":"publish","type":"event","link":"https:\/\/theiij.org\/fr\/event\/iij-juvenile-justice-initiative-first-ethiopia-online-workshop-on-justice-for-children-in-terrorism-cases\/","title":{"rendered":"Initiative de l\u2019IIJ en mati\u00e8re de justice pour mineurs : Premier atelier en ligne au profit de l\u2019Ethiopie sur la justice pour enfants dans les affaires de terrorisme"},"content":{"rendered":"\n<p>Du 9 au 11 d\u00e9cembre 2020, l\u2019IIJ a organis\u00e9 son premier atelier au niveau national dans le cadre de l\u2019Initiative de l\u2019IIJ en mati\u00e8re de justice pour mineurs, \u00e0 la demande de l\u2019\u00c9thiopie. Le&nbsp;<em>Premier atelier en ligne au profit de l\u2019Ethiopie sur la justice pour enfants dans les affaires de terrorisme<\/em>&nbsp;a \u00e9t\u00e9 organis\u00e9 selon un mod\u00e8le de formation hybride et est le premier d\u2019une s\u00e9rie de deux ateliers de renforcement des capacit\u00e9s adapt\u00e9s aux praticiens de haut niveau en \u00c9thiopie. Ce premier atelier a rassembl\u00e9 19 agents des forces de l\u2019ordre, procureurs, avocats publics, juges, agents p\u00e9nitentiaires et acteurs de la soci\u00e9t\u00e9 civile travaillant en premi\u00e8re ligne dans le domaine de la justice pour mineurs. L\u2019objectif principal de l\u2019atelier \u00e9tait de r\u00e9fl\u00e9chir aux d\u00e9fis li\u00e9s \u00e0 la protection des droits de l\u2019enfant dans un contexte de lutte contre le terrorisme et de cr\u00e9er une feuille de route pratique pour rendre justice aux enfants en \u00c9thiopie. La formation a \u00e9t\u00e9 con\u00e7ue dans le cadre des normes et standards internationaux sur les droits des enfants et des bonnes pratiques articul\u00e9es dans le&nbsp;<em>M\u00e9morandum de Neuch\u00e2tel&nbsp;<\/em>du Forum mondial contre le terrorisme (GCTF)<em>&nbsp;sur les bonnes pratiques de justice pour mineurs dans le contexte de la lutte contre le terrorisme<\/em><em>.<\/em><\/p>\n\n\n\n<figure class=\"wp-block-image\"><img decoding=\"async\" src=\"https:\/\/mlqwhsp1u9p8.i.optimole.com\/pCBxbW8-h9Gkr69W\/w:auto\/h:auto\/q:auto\/http:\/\/657.0cb.myftpupload.com\/wp-content\/uploads\/Eo93zJ4W8AARLHk.jpg\" alt=\"Eo93zJ4W8AARLHk\"\/><\/figure>\n\n\n\n<p>Les praticiens participants ont identifi\u00e9 les d\u00e9fis du syst\u00e8me de justice p\u00e9nale de leur pays, notamment pour assurer la justice pour mineurs dans un pays o\u00f9 environ 70 % de la population a moins de 25 ans. Parmi les autres d\u00e9fis, on peut citer la n\u00e9cessit\u00e9 de mise en place d\u2019un cadre global impliquant toutes les parties prenantes, le manque de repr\u00e9sentation des mineurs en conflit avec la loi au d\u00e9but de toute affaire, les alternatives \u00e0 l\u2019incarc\u00e9ration et les infrastructures de soutien \u00e0 la r\u00e9habilitation et \u00e0 la r\u00e9insertion des mineurs.<\/p>\n\n\n\n<figure class=\"wp-block-image\"><img decoding=\"async\" src=\"https:\/\/mlqwhsp1u9p8.i.optimole.com\/pCBxbW8-Q8pVYskb\/w:auto\/h:auto\/q:auto\/http:\/\/657.0cb.myftpupload.com\/wp-content\/uploads\/0dca1fc7-f030-453d-877b-d874475bed9b.jpg\" alt=\"Eo93zJ4W8AARLHk\"\/><\/figure>\n\n\n\n<p>Le renforcement des capacit\u00e9s et la formation ont port\u00e9 sur le d\u00e9veloppement du cerveau de l\u2019enfant et ses effets sur le jugement et la prise de d\u00e9cision. Des mod\u00e8les et des \u00e9tudes de cas d\u2019autres pays ont \u00e9t\u00e9 examin\u00e9s, notamment le mod\u00e8le kenyan de promotion de la collaboration entre les praticiens et l\u2019approche communautaire des Philippines en mati\u00e8re de d\u00e9judiciarisation des dossiers d\u2019enfants laquelle conna\u00eet un taux de r\u00e9ussite \u00e9lev\u00e9, ce qui met l\u2019accent sur l\u2019importance d\u2019une approche multidisciplinaire dans le traitement des affaires de lutte contre le terrorisme impliquant des mineurs. Cela a donn\u00e9 lieu \u00e0 de riches \u00e9changes sur les questions relatives aux syst\u00e8mes d\u2019aide sociale pertinents, l\u2019\u00e9ligibilit\u00e9 \u00e0 la d\u00e9judiciarisation, l\u2019utilisation d\u2019un dossier de d\u00e9judiciarisation ant\u00e9rieur dans une affaire future impliquant le m\u00eame enfant, la sensibilisation du public et l\u2019institutionnalisation du processus. En ce qui concerne la r\u00e9habilitation et la r\u00e9insertion, les participants ont \u00e9chang\u00e9 leurs points de vue sur les programmes disponibles, notamment l\u2019\u00e9ducation formelle, le sport, les activit\u00e9s r\u00e9cr\u00e9atives, les programmes artistiques et la formation dans l\u2019industrie du v\u00eatement.<\/p>\n\n\n\n<figure class=\"wp-block-image\"><img decoding=\"async\" src=\"https:\/\/mlqwhsp1u9p8.i.optimole.com\/pCBxbW8-DNWkOeX9\/w:1080\/h:604\/q:auto\/http:\/\/657.0cb.myftpupload.com\/wp-content\/uploads\/EozuZthXcAEXudV.jpg\" alt=\"Eo93zJ4W8AARLHk\"\/><\/figure>\n\n\n\n<p>Le dernier jour de l\u2019atelier, les praticiens ont pr\u00e9sent\u00e9 un projet de recommandations par secteur et ont identifi\u00e9 d\u2019autres d\u00e9fis \u00e0 relever dans la perspective du deuxi\u00e8me atelier qui se tiendra en mars 2021. Le projet de recommandations servira de base \u00e0 un cadre global et intersectoriel impliquant tous les acteurs concern\u00e9s par le traitement des affaires de mineurs en \u00c9thiopie. Lors de ce premier atelier, les praticiens ont fait de grands progr\u00e8s dans l\u2019identification des possibilit\u00e9s d\u2019impact significatif et durable par la mise en \u0153uvre de changements peu co\u00fbteux dans les pratiques actuelles.<\/p>\n\n\n\n<p><em>Pour plus d\u2019informations sur cet atelier ou sur l\u2019Initiative de l\u2019IIJ en mati\u00e8re de justice pour mineurs, veuillez contacter le Charg\u00e9 de programme de l\u2019IIJ, M<\/em>&nbsp;<a href=\"mailto:cachone@theiij.org\"><em>Emerson Cachon.<\/em><\/a><\/p>\n","protected":false},"featured_media":3606,"template":"","event_type":[187],"event_topic":[203],"pages_relationship":[75],"event_category":[],"class_list":["post-6691","event","type-event","status-publish","has-post-thumbnail","hentry","event_type-workshops-fr","event_topic-juvenile-justice-fr","pages_relationship-juvenile-justice-initiative"],"acf":[],"yoast_head":"<!-- This site is optimized with the Yoast SEO plugin v26.5 - https:\/\/yoast.com\/wordpress\/plugins\/seo\/ -->\n<title>Initiative de l\u2019IIJ en mati\u00e8re de justice pour mineurs : Premier atelier en ligne au profit de l\u2019Ethiopie sur la justice pour enfants dans les affaires de terrorisme - L&#039;Institut International pour La Justice et l&#039;Etat de Droit<\/title>\n<meta name=\"robots\" content=\"index, follow, max-snippet:-1, max-image-preview:large, max-video-preview:-1\" \/>\n<link rel=\"canonical\" href=\"https:\/\/52.28.163.17\/fr\/event\/iij-juvenile-justice-initiative-first-ethiopia-online-workshop-on-justice-for-children-in-terrorism-cases\/\" \/>\n<meta property=\"og:locale\" content=\"fr_FR\" \/>\n<meta property=\"og:type\" content=\"article\" \/>\n<meta property=\"og:title\" content=\"Initiative de l\u2019IIJ en mati\u00e8re de justice pour mineurs : Premier atelier en ligne au profit de l\u2019Ethiopie sur la justice pour enfants dans les affaires de terrorisme - L&#039;Institut International pour La Justice et l&#039;Etat de Droit\" \/>\n<meta property=\"og:description\" content=\"Du 9 au 11 d\u00e9cembre 2020, l\u2019IIJ a organis\u00e9 son premier atelier au niveau national dans le cadre de l\u2019Initiative de l\u2019IIJ en mati\u00e8re de justice pour mineurs, \u00e0 la demande de l\u2019\u00c9thiopie. Le&nbsp;Premier atelier en...\" \/>\n<meta property=\"og:url\" content=\"https:\/\/52.28.163.17\/fr\/event\/iij-juvenile-justice-initiative-first-ethiopia-online-workshop-on-justice-for-children-in-terrorism-cases\/\" \/>\n<meta property=\"og:site_name\" content=\"L&#039;Institut International pour La Justice et l&#039;Etat de Droit\" \/>\n<meta property=\"article:modified_time\" content=\"2021-11-05T18:12:33+00:00\" \/>\n<meta property=\"og:image\" content=\"https:\/\/52.28.163.17\/wp-content\/uploads\/2021\/09\/Eo93zJ4W8AARLHk-3.jpg\" \/>\n\t<meta property=\"og:image:width\" content=\"1210\" \/>\n\t<meta property=\"og:image:height\" content=\"676\" \/>\n\t<meta property=\"og:image:type\" content=\"image\/jpeg\" \/>\n<meta name=\"twitter:card\" content=\"summary_large_image\" \/>\n<meta name=\"twitter:label1\" content=\"Dur\u00e9e de lecture estim\u00e9e\" \/>\n\t<meta name=\"twitter:data1\" content=\"4 minutes\" \/>\n<script type=\"application\/ld+json\" class=\"yoast-schema-graph\">{\"@context\":\"https:\/\/schema.org\",\"@graph\":[{\"@type\":\"WebPage\",\"@id\":\"https:\/\/52.28.163.17\/fr\/event\/iij-juvenile-justice-initiative-first-ethiopia-online-workshop-on-justice-for-children-in-terrorism-cases\/\",\"url\":\"https:\/\/52.28.163.17\/fr\/event\/iij-juvenile-justice-initiative-first-ethiopia-online-workshop-on-justice-for-children-in-terrorism-cases\/\",\"name\":\"Initiative de l\u2019IIJ en mati\u00e8re de justice pour mineurs : Premier atelier en ligne au profit de l\u2019Ethiopie sur la justice pour enfants dans les affaires de terrorisme - L&#039;Institut International pour La Justice et l&#039;Etat de Droit\",\"isPartOf\":{\"@id\":\"https:\/\/cms.soundme.app\/#website\"},\"primaryImageOfPage\":{\"@id\":\"https:\/\/52.28.163.17\/fr\/event\/iij-juvenile-justice-initiative-first-ethiopia-online-workshop-on-justice-for-children-in-terrorism-cases\/#primaryimage\"},\"image\":{\"@id\":\"https:\/\/52.28.163.17\/fr\/event\/iij-juvenile-justice-initiative-first-ethiopia-online-workshop-on-justice-for-children-in-terrorism-cases\/#primaryimage\"},\"thumbnailUrl\":\"https:\/\/theiij.org\/wp-content\/uploads\/2021\/09\/Eo93zJ4W8AARLHk-3.jpg\",\"datePublished\":\"2020-12-11T17:59:00+00:00\",\"dateModified\":\"2021-11-05T18:12:33+00:00\",\"breadcrumb\":{\"@id\":\"https:\/\/52.28.163.17\/fr\/event\/iij-juvenile-justice-initiative-first-ethiopia-online-workshop-on-justice-for-children-in-terrorism-cases\/#breadcrumb\"},\"inLanguage\":\"fr-FR\",\"potentialAction\":[{\"@type\":\"ReadAction\",\"target\":[\"https:\/\/52.28.163.17\/fr\/event\/iij-juvenile-justice-initiative-first-ethiopia-online-workshop-on-justice-for-children-in-terrorism-cases\/\"]}]},{\"@type\":\"ImageObject\",\"inLanguage\":\"fr-FR\",\"@id\":\"https:\/\/52.28.163.17\/fr\/event\/iij-juvenile-justice-initiative-first-ethiopia-online-workshop-on-justice-for-children-in-terrorism-cases\/#primaryimage\",\"url\":\"https:\/\/theiij.org\/wp-content\/uploads\/2021\/09\/Eo93zJ4W8AARLHk-3.jpg\",\"contentUrl\":\"https:\/\/theiij.org\/wp-content\/uploads\/2021\/09\/Eo93zJ4W8AARLHk-3.jpg\",\"width\":1210,\"height\":676},{\"@type\":\"BreadcrumbList\",\"@id\":\"https:\/\/52.28.163.17\/fr\/event\/iij-juvenile-justice-initiative-first-ethiopia-online-workshop-on-justice-for-children-in-terrorism-cases\/#breadcrumb\",\"itemListElement\":[{\"@type\":\"ListItem\",\"position\":1,\"name\":\"Home\",\"item\":\"https:\/\/theiij.org\/fr\/\"},{\"@type\":\"ListItem\",\"position\":2,\"name\":\"Initiative de l\u2019IIJ en mati\u00e8re de justice pour mineurs : Premier atelier en ligne au profit de l\u2019Ethiopie sur la justice pour enfants dans les affaires de terrorisme\"}]},{\"@type\":\"WebSite\",\"@id\":\"https:\/\/cms.soundme.app\/#website\",\"url\":\"https:\/\/cms.soundme.app\/\",\"name\":\"The International Institute for Justice and the Rule of Law\",\"description\":\"Building the Capacity of Criminal Justice Practitioners\",\"publisher\":{\"@id\":\"https:\/\/cms.soundme.app\/#organization\"},\"potentialAction\":[{\"@type\":\"SearchAction\",\"target\":{\"@type\":\"EntryPoint\",\"urlTemplate\":\"https:\/\/cms.soundme.app\/?s={search_term_string}\"},\"query-input\":{\"@type\":\"PropertyValueSpecification\",\"valueRequired\":true,\"valueName\":\"search_term_string\"}}],\"inLanguage\":\"fr-FR\"},{\"@type\":\"Organization\",\"@id\":\"https:\/\/cms.soundme.app\/#organization\",\"name\":\"The International Institute for Justice and the Rule of Law\",\"url\":\"https:\/\/cms.soundme.app\/\",\"logo\":{\"@type\":\"ImageObject\",\"inLanguage\":\"fr-FR\",\"@id\":\"https:\/\/cms.soundme.app\/#\/schema\/logo\/image\/\",\"url\":\"https:\/\/theiij.org\/wp-content\/uploads\/2024\/06\/IIJ-Logo.svg\",\"contentUrl\":\"https:\/\/theiij.org\/wp-content\/uploads\/2024\/06\/IIJ-Logo.svg\",\"caption\":\"The International Institute for Justice and the Rule of Law\"},\"image\":{\"@id\":\"https:\/\/cms.soundme.app\/#\/schema\/logo\/image\/\"}}]}<\/script>\n<!-- \/ Yoast SEO plugin. -->","yoast_head_json":{"title":"Initiative de l\u2019IIJ en mati\u00e8re de justice pour mineurs : Premier atelier en ligne au profit de l\u2019Ethiopie sur la justice pour enfants dans les affaires de terrorisme - L&#039;Institut International pour La Justice et l&#039;Etat de Droit","robots":{"index":"index","follow":"follow","max-snippet":"max-snippet:-1","max-image-preview":"max-image-preview:large","max-video-preview":"max-video-preview:-1"},"canonical":"https:\/\/52.28.163.17\/fr\/event\/iij-juvenile-justice-initiative-first-ethiopia-online-workshop-on-justice-for-children-in-terrorism-cases\/","og_locale":"fr_FR","og_type":"article","og_title":"Initiative de l\u2019IIJ en mati\u00e8re de justice pour mineurs : Premier atelier en ligne au profit de l\u2019Ethiopie sur la justice pour enfants dans les affaires de terrorisme - L&#039;Institut International pour La Justice et l&#039;Etat de Droit","og_description":"Du 9 au 11 d\u00e9cembre 2020, l\u2019IIJ a organis\u00e9 son premier atelier au niveau national dans le cadre de l\u2019Initiative de l\u2019IIJ en mati\u00e8re de justice pour mineurs, \u00e0 la demande de l\u2019\u00c9thiopie. Le&nbsp;Premier atelier en...","og_url":"https:\/\/52.28.163.17\/fr\/event\/iij-juvenile-justice-initiative-first-ethiopia-online-workshop-on-justice-for-children-in-terrorism-cases\/","og_site_name":"L&#039;Institut International pour La Justice et l&#039;Etat de Droit","article_modified_time":"2021-11-05T18:12:33+00:00","og_image":[{"width":1210,"height":676,"url":"https:\/\/52.28.163.17\/wp-content\/uploads\/2021\/09\/Eo93zJ4W8AARLHk-3.jpg","type":"image\/jpeg"}],"twitter_card":"summary_large_image","twitter_misc":{"Dur\u00e9e de lecture estim\u00e9e":"4 minutes"},"schema":{"@context":"https:\/\/schema.org","@graph":[{"@type":"WebPage","@id":"https:\/\/52.28.163.17\/fr\/event\/iij-juvenile-justice-initiative-first-ethiopia-online-workshop-on-justice-for-children-in-terrorism-cases\/","url":"https:\/\/52.28.163.17\/fr\/event\/iij-juvenile-justice-initiative-first-ethiopia-online-workshop-on-justice-for-children-in-terrorism-cases\/","name":"Initiative de l\u2019IIJ en mati\u00e8re de justice pour mineurs : Premier atelier en ligne au profit de l\u2019Ethiopie sur la justice pour enfants dans les affaires de terrorisme - L&#039;Institut International pour La Justice et l&#039;Etat de Droit","isPartOf":{"@id":"https:\/\/cms.soundme.app\/#website"},"primaryImageOfPage":{"@id":"https:\/\/52.28.163.17\/fr\/event\/iij-juvenile-justice-initiative-first-ethiopia-online-workshop-on-justice-for-children-in-terrorism-cases\/#primaryimage"},"image":{"@id":"https:\/\/52.28.163.17\/fr\/event\/iij-juvenile-justice-initiative-first-ethiopia-online-workshop-on-justice-for-children-in-terrorism-cases\/#primaryimage"},"thumbnailUrl":"https:\/\/theiij.org\/wp-content\/uploads\/2021\/09\/Eo93zJ4W8AARLHk-3.jpg","datePublished":"2020-12-11T17:59:00+00:00","dateModified":"2021-11-05T18:12:33+00:00","breadcrumb":{"@id":"https:\/\/52.28.163.17\/fr\/event\/iij-juvenile-justice-initiative-first-ethiopia-online-workshop-on-justice-for-children-in-terrorism-cases\/#breadcrumb"},"inLanguage":"fr-FR","potentialAction":[{"@type":"ReadAction","target":["https:\/\/52.28.163.17\/fr\/event\/iij-juvenile-justice-initiative-first-ethiopia-online-workshop-on-justice-for-children-in-terrorism-cases\/"]}]},{"@type":"ImageObject","inLanguage":"fr-FR","@id":"https:\/\/52.28.163.17\/fr\/event\/iij-juvenile-justice-initiative-first-ethiopia-online-workshop-on-justice-for-children-in-terrorism-cases\/#primaryimage","url":"https:\/\/theiij.org\/wp-content\/uploads\/2021\/09\/Eo93zJ4W8AARLHk-3.jpg","contentUrl":"https:\/\/theiij.org\/wp-content\/uploads\/2021\/09\/Eo93zJ4W8AARLHk-3.jpg","width":1210,"height":676},{"@type":"BreadcrumbList","@id":"https:\/\/52.28.163.17\/fr\/event\/iij-juvenile-justice-initiative-first-ethiopia-online-workshop-on-justice-for-children-in-terrorism-cases\/#breadcrumb","itemListElement":[{"@type":"ListItem","position":1,"name":"Home","item":"https:\/\/theiij.org\/fr\/"},{"@type":"ListItem","position":2,"name":"Initiative de l\u2019IIJ en mati\u00e8re de justice pour mineurs : Premier atelier en ligne au profit de l\u2019Ethiopie sur la justice pour enfants dans les affaires de terrorisme"}]},{"@type":"WebSite","@id":"https:\/\/cms.soundme.app\/#website","url":"https:\/\/cms.soundme.app\/","name":"The International Institute for Justice and the Rule of Law","description":"Building the Capacity of Criminal Justice Practitioners","publisher":{"@id":"https:\/\/cms.soundme.app\/#organization"},"potentialAction":[{"@type":"SearchAction","target":{"@type":"EntryPoint","urlTemplate":"https:\/\/cms.soundme.app\/?s={search_term_string}"},"query-input":{"@type":"PropertyValueSpecification","valueRequired":true,"valueName":"search_term_string"}}],"inLanguage":"fr-FR"},{"@type":"Organization","@id":"https:\/\/cms.soundme.app\/#organization","name":"The International Institute for Justice and the Rule of Law","url":"https:\/\/cms.soundme.app\/","logo":{"@type":"ImageObject","inLanguage":"fr-FR","@id":"https:\/\/cms.soundme.app\/#\/schema\/logo\/image\/","url":"https:\/\/theiij.org\/wp-content\/uploads\/2024\/06\/IIJ-Logo.svg","contentUrl":"https:\/\/theiij.org\/wp-content\/uploads\/2024\/06\/IIJ-Logo.svg","caption":"The International Institute for Justice and the Rule of Law"},"image":{"@id":"https:\/\/cms.soundme.app\/#\/schema\/logo\/image\/"}}]}},"_links":{"self":[{"href":"https:\/\/theiij.org\/fr\/wp-json\/wp\/v2\/event\/6691","targetHints":{"allow":["GET"]}}],"collection":[{"href":"https:\/\/theiij.org\/fr\/wp-json\/wp\/v2\/event"}],"about":[{"href":"https:\/\/theiij.org\/fr\/wp-json\/wp\/v2\/types\/event"}],"wp:featuredmedia":[{"embeddable":true,"href":"https:\/\/theiij.org\/fr\/wp-json\/wp\/v2\/media\/3606"}],"wp:attachment":[{"href":"https:\/\/theiij.org\/fr\/wp-json\/wp\/v2\/media?parent=6691"}],"wp:term":[{"taxonomy":"event_type","embeddable":true,"href":"https:\/\/theiij.org\/fr\/wp-json\/wp\/v2\/event_type?post=6691"},{"taxonomy":"event_topic","embeddable":true,"href":"https:\/\/theiij.org\/fr\/wp-json\/wp\/v2\/event_topic?post=6691"},{"taxonomy":"pages_relationship","embeddable":true,"href":"https:\/\/theiij.org\/fr\/wp-json\/wp\/v2\/pages_relationship?post=6691"},{"taxonomy":"event_category","embeddable":true,"href":"https:\/\/theiij.org\/fr\/wp-json\/wp\/v2\/event_category?post=6691"}],"curies":[{"name":"wp","href":"https:\/\/api.w.org\/{rel}","templated":true}]}}