{"id":6701,"date":"2020-11-25T21:01:00","date_gmt":"2020-11-25T21:01:00","guid":{"rendered":"https:\/\/iij.fifthtribe.com\/event\/iij-investigations-initiative-final-phase-multi-agency-intelligence-led-evidence-driven-counterterrorism-investigation-capacity-building-cameroon\/"},"modified":"2021-11-05T18:22:22","modified_gmt":"2021-11-05T18:22:22","slug":"iij-investigations-initiative-final-phase-multi-agency-intelligence-led-evidence-driven-counterterrorism-investigation-capacity-building-cameroon","status":"publish","type":"event","link":"https:\/\/theiij.org\/fr\/event\/iij-investigations-initiative-final-phase-multi-agency-intelligence-led-evidence-driven-counterterrorism-investigation-capacity-building-cameroon\/","title":{"rendered":"Initiative de l\u2019IIJ sur les enqu\u00eates : Phase finale \u2013 Renforcement des comp\u00e9tences dans les enqu\u00eates antiterroristes pluri-organes bas\u00e9es sur le renseignement et guid\u00e9es par les preuves, Cameroun"},"content":{"rendered":"\n<p>Les 24 et 25 novembre 2020, l\u2019IIJ a proc\u00e9d\u00e9 \u00e0 la derni\u00e8re phase de son programme de renforcement des comp\u00e9tences dans les enqu\u00eates antiterroristes pluri-organes bas\u00e9es sur le renseignement et guid\u00e9es par les preuves dans le cadre de son initiative sur les enqu\u00eates. Les praticiens ont \u00e9t\u00e9 invit\u00e9s \u00e0 un exercice de d\u00e9briefing pour discuter des effets de la formation et de l\u2019exercice pratique effectu\u00e9 au cours des phases 2 et 3 de ce programme b\u00e9n\u00e9ficiant du g\u00e9n\u00e9reux soutien du Bureau des Affaires \u00e9trang\u00e8res et du Commonwealth du Royaume-Uni.<\/p>\n\n\n\n<figure class=\"wp-block-image\"><img decoding=\"async\" src=\"https:\/\/mlqwhsp1u9p8.i.optimole.com\/pCBxbW8-Su1SVOZi\/w:auto\/h:auto\/q:auto\/http:\/\/657.0cb.myftpupload.com\/wp-content\/uploads\/Picture1-1.jpg\" alt=\"Picture2\"\/><\/figure>\n\n\n\n<p>Ce module de deux jours, auquel ont particip\u00e9 vingt et un praticiens camerounais haut plac\u00e9s issus du Tribunal militaire, du Minist\u00e8re de la Justice, de la Police Nationale (DGSN), de la Gendarmerie, des Services nationaux de renseignement (DGRE) et de l\u2019Agence nationale des investigations financi\u00e8res (ANIF), s\u2019est tenu \u00e0 Yaound\u00e9, avec le concours de l\u2019IIJ par visioconf\u00e9rence depuis Londres et Malte.<\/p>\n\n\n\n<figure class=\"wp-block-image\"><img decoding=\"async\" src=\"https:\/\/mlqwhsp1u9p8.i.optimole.com\/pCBxbW8-LzrmQ6BD\/w:auto\/h:auto\/q:auto\/http:\/\/657.0cb.myftpupload.com\/wp-content\/uploads\/Picture2-1.jpg\" alt=\"Picture2\"\/><\/figure>\n\n\n\n<p>Les praticiens ont particip\u00e9 de mani\u00e8re constructive et ont identifi\u00e9 des actions cl\u00e9s pour atteindre les objectifs du programme, \u00e0 savoir 1) l\u2019interop\u00e9rabilit\u00e9 entre les agences impliqu\u00e9es dans les enqu\u00eates et les poursuites ; 2) la gestion op\u00e9rationnelle des enqu\u00eates alliant renseignements et preuves ; et 3) la collecte et la s\u00e9curisation des preuves pour des poursuites r\u00e9ussies. Les praticiens ont pr\u00e9sent\u00e9, au cours de la premi\u00e8re journ\u00e9e, des exemples de changements positifs qu\u2019ils attribuent directement au programme. Sur le plan op\u00e9rationnel, une unit\u00e9 d\u2019enqu\u00eate multi-agences a par exemple \u00e9t\u00e9 cr\u00e9\u00e9e, et le directeur de l\u2019\u00c9cole de Gendarmerie a annonc\u00e9 avoir int\u00e9gr\u00e9 les enseignements tir\u00e9s de ce programme de renforcement des capacit\u00e9s dans le programme de formation des nouveaux officiers.<\/p>\n\n\n\n<figure class=\"wp-block-image\"><img decoding=\"async\" src=\"https:\/\/mlqwhsp1u9p8.i.optimole.com\/pCBxbW8-JDz5Toxi\/w:1080\/h:603\/q:auto\/http:\/\/657.0cb.myftpupload.com\/wp-content\/uploads\/Picture3.jpg\" alt=\"Picture2\"\/><\/figure>\n\n\n\n<p>Au cours de la deuxi\u00e8me journ\u00e9e, chaque agence a d\u00e9crit quelles seraient ses prochaines actions pour perfectionner son approche en mati\u00e8re d\u2019enqu\u00eates antiterroristes alliant renseigenements et preuves conform\u00e9ment aux bonnes pratiques internationales et aux recommandations formul\u00e9es dans&nbsp;<em>le M\u00e9morandum de Rabat dur GCTF sur les bonnes pratiques pour des actions efficaces de lutte contre le terrorisme dans le secteur de la justice p\u00e9nale<\/em>,&nbsp;<em>les Recommandations sur l\u2019utilisation et la protection du renseignement lors d\u2019enqu\u00eates et de poursuites men\u00e9es par le secteur de la justice p\u00e9nale et fond\u00e9es sur l\u2019\u00c9tat de droit<\/em>. (clarifiant la bonne pratique 6 du&nbsp;<em>M\u00e9morandum de Rabat<\/em>),<em>&nbsp;les<\/em>&nbsp;<em>Recommandations d\u2019Abuja sur la collecte, l\u2019utilisation et l\u2019\u00e9change d\u2019\u00e9l\u00e9ments de preuve aux fins des poursuites p\u00e9nales de terroristes pr\u00e9sum\u00e9s<\/em>&nbsp;ainsi que le&nbsp;<em>Guide pratique de l\u2019ONUDC pour les demandes de preuves \u00e9lectroniques internationales.<\/em><\/p>\n\n\n\n<p>Pour plus d\u2019informations sur les phases pr\u00e9c\u00e9dentes de ce projet novateur, reportez-vous aux phases&nbsp;<a href=\"http:\/\/657.0cb.myftpupload.com\/fr\/events\/iij-initiative-enquetes-phase-1-portee-du-renforcement-de-competences-dans-les-enquetes-antiterroristes-pluri-organes-dirigees-par-le-renseignement-et-tournees-vers-les-elements-de-preuve\/\">1<\/a>,&nbsp;<a href=\"http:\/\/657.0cb.myftpupload.com\/fr\/events\/linitiative-de-liij-relative-aux-enquetes-2eme-volet-renforcer-les-capacites-en-matiere-denquetes-interinstitutionnelles-fondees-sur-le-renseignement-et-la-collecte-de-pr\/\">2<\/a>&nbsp;et&nbsp;<a href=\"http:\/\/657.0cb.myftpupload.com\/fr\/events\/initiative-de-liij-sur-les-enquetes-phase-3-renforcement-des-competences-dans-les-enquetes-antiterroristes-pluri-organes-basees-sur-le-renseignement-et-guidees-par-les-preuves-cameroun\/\">3<\/a>.<\/p>\n\n\n\n<p><em>Pour plus d\u2019informations sur cet atelier ou sur l\u2019initiative de l\u2019IIJ en mati\u00e8re d\u2019enqu\u00eates, contactez M.&nbsp;<a href=\"mailto:tuckerp@theiij.org\">Philip Tucker<\/a>, conseiller principal de l\u2019IIJ.<\/em><\/p>\n","protected":false},"featured_media":3713,"template":"","event_type":[187],"event_topic":[215],"pages_relationship":[73],"event_category":[],"class_list":["post-6701","event","type-event","status-publish","has-post-thumbnail","hentry","event_type-workshops-fr","event_topic-investigations-fr","pages_relationship-investigations-initiative"],"acf":[],"yoast_head":"<!-- This site is optimized with the Yoast SEO plugin v26.5 - https:\/\/yoast.com\/wordpress\/plugins\/seo\/ -->\n<title>Initiative de l\u2019IIJ sur les enqu\u00eates : Phase finale \u2013 Renforcement des comp\u00e9tences dans les enqu\u00eates antiterroristes pluri-organes bas\u00e9es sur le renseignement et guid\u00e9es par les preuves, Cameroun - L&#039;Institut International pour La Justice et l&#039;Etat de Droit<\/title>\n<meta name=\"robots\" content=\"index, follow, max-snippet:-1, max-image-preview:large, max-video-preview:-1\" \/>\n<link rel=\"canonical\" href=\"https:\/\/52.28.163.17\/fr\/event\/iij-investigations-initiative-final-phase-multi-agency-intelligence-led-evidence-driven-counterterrorism-investigation-capacity-building-cameroon\/\" \/>\n<meta property=\"og:locale\" content=\"fr_FR\" \/>\n<meta property=\"og:type\" content=\"article\" \/>\n<meta property=\"og:title\" content=\"Initiative de l\u2019IIJ sur les enqu\u00eates : Phase finale \u2013 Renforcement des comp\u00e9tences dans les enqu\u00eates antiterroristes pluri-organes bas\u00e9es sur le renseignement et guid\u00e9es par les preuves, Cameroun - L&#039;Institut International pour La Justice et l&#039;Etat de Droit\" \/>\n<meta property=\"og:description\" content=\"Les 24 et 25 novembre 2020, l\u2019IIJ a proc\u00e9d\u00e9 \u00e0 la derni\u00e8re phase de son programme de renforcement des comp\u00e9tences dans les enqu\u00eates antiterroristes pluri-organes bas\u00e9es sur le renseignement et guid\u00e9es par les preuves dans le...\" \/>\n<meta property=\"og:url\" content=\"https:\/\/52.28.163.17\/fr\/event\/iij-investigations-initiative-final-phase-multi-agency-intelligence-led-evidence-driven-counterterrorism-investigation-capacity-building-cameroon\/\" \/>\n<meta property=\"og:site_name\" content=\"L&#039;Institut International pour La Justice et l&#039;Etat de Droit\" \/>\n<meta property=\"article:modified_time\" content=\"2021-11-05T18:22:22+00:00\" \/>\n<meta property=\"og:image\" content=\"https:\/\/52.28.163.17\/wp-content\/uploads\/2021\/09\/Picture1-1.jpg\" \/>\n\t<meta property=\"og:image:width\" content=\"584\" \/>\n\t<meta property=\"og:image:height\" content=\"326\" \/>\n\t<meta property=\"og:image:type\" content=\"image\/jpeg\" \/>\n<meta name=\"twitter:card\" content=\"summary_large_image\" \/>\n<meta name=\"twitter:label1\" content=\"Dur\u00e9e de lecture estim\u00e9e\" \/>\n\t<meta name=\"twitter:data1\" content=\"3 minutes\" \/>\n<script type=\"application\/ld+json\" class=\"yoast-schema-graph\">{\"@context\":\"https:\/\/schema.org\",\"@graph\":[{\"@type\":\"WebPage\",\"@id\":\"https:\/\/52.28.163.17\/fr\/event\/iij-investigations-initiative-final-phase-multi-agency-intelligence-led-evidence-driven-counterterrorism-investigation-capacity-building-cameroon\/\",\"url\":\"https:\/\/52.28.163.17\/fr\/event\/iij-investigations-initiative-final-phase-multi-agency-intelligence-led-evidence-driven-counterterrorism-investigation-capacity-building-cameroon\/\",\"name\":\"Initiative de l\u2019IIJ sur les enqu\u00eates : Phase finale \u2013 Renforcement des comp\u00e9tences dans les enqu\u00eates antiterroristes pluri-organes bas\u00e9es sur le renseignement et guid\u00e9es par les preuves, Cameroun - L&#039;Institut International pour La Justice et l&#039;Etat de Droit\",\"isPartOf\":{\"@id\":\"https:\/\/cms.soundme.app\/#website\"},\"primaryImageOfPage\":{\"@id\":\"https:\/\/52.28.163.17\/fr\/event\/iij-investigations-initiative-final-phase-multi-agency-intelligence-led-evidence-driven-counterterrorism-investigation-capacity-building-cameroon\/#primaryimage\"},\"image\":{\"@id\":\"https:\/\/52.28.163.17\/fr\/event\/iij-investigations-initiative-final-phase-multi-agency-intelligence-led-evidence-driven-counterterrorism-investigation-capacity-building-cameroon\/#primaryimage\"},\"thumbnailUrl\":\"https:\/\/theiij.org\/wp-content\/uploads\/2021\/09\/Picture1-1.jpg\",\"datePublished\":\"2020-11-25T21:01:00+00:00\",\"dateModified\":\"2021-11-05T18:22:22+00:00\",\"breadcrumb\":{\"@id\":\"https:\/\/52.28.163.17\/fr\/event\/iij-investigations-initiative-final-phase-multi-agency-intelligence-led-evidence-driven-counterterrorism-investigation-capacity-building-cameroon\/#breadcrumb\"},\"inLanguage\":\"fr-FR\",\"potentialAction\":[{\"@type\":\"ReadAction\",\"target\":[\"https:\/\/52.28.163.17\/fr\/event\/iij-investigations-initiative-final-phase-multi-agency-intelligence-led-evidence-driven-counterterrorism-investigation-capacity-building-cameroon\/\"]}]},{\"@type\":\"ImageObject\",\"inLanguage\":\"fr-FR\",\"@id\":\"https:\/\/52.28.163.17\/fr\/event\/iij-investigations-initiative-final-phase-multi-agency-intelligence-led-evidence-driven-counterterrorism-investigation-capacity-building-cameroon\/#primaryimage\",\"url\":\"https:\/\/theiij.org\/wp-content\/uploads\/2021\/09\/Picture1-1.jpg\",\"contentUrl\":\"https:\/\/theiij.org\/wp-content\/uploads\/2021\/09\/Picture1-1.jpg\",\"width\":584,\"height\":326},{\"@type\":\"BreadcrumbList\",\"@id\":\"https:\/\/52.28.163.17\/fr\/event\/iij-investigations-initiative-final-phase-multi-agency-intelligence-led-evidence-driven-counterterrorism-investigation-capacity-building-cameroon\/#breadcrumb\",\"itemListElement\":[{\"@type\":\"ListItem\",\"position\":1,\"name\":\"Home\",\"item\":\"https:\/\/theiij.org\/fr\/\"},{\"@type\":\"ListItem\",\"position\":2,\"name\":\"Initiative de l\u2019IIJ sur les enqu\u00eates : Phase finale \u2013 Renforcement des comp\u00e9tences dans les enqu\u00eates antiterroristes pluri-organes bas\u00e9es sur le renseignement et guid\u00e9es par les preuves, Cameroun\"}]},{\"@type\":\"WebSite\",\"@id\":\"https:\/\/cms.soundme.app\/#website\",\"url\":\"https:\/\/cms.soundme.app\/\",\"name\":\"The International Institute for Justice and the Rule of Law\",\"description\":\"Building the Capacity of Criminal Justice Practitioners\",\"publisher\":{\"@id\":\"https:\/\/cms.soundme.app\/#organization\"},\"potentialAction\":[{\"@type\":\"SearchAction\",\"target\":{\"@type\":\"EntryPoint\",\"urlTemplate\":\"https:\/\/cms.soundme.app\/?s={search_term_string}\"},\"query-input\":{\"@type\":\"PropertyValueSpecification\",\"valueRequired\":true,\"valueName\":\"search_term_string\"}}],\"inLanguage\":\"fr-FR\"},{\"@type\":\"Organization\",\"@id\":\"https:\/\/cms.soundme.app\/#organization\",\"name\":\"The International Institute for Justice and the Rule of Law\",\"url\":\"https:\/\/cms.soundme.app\/\",\"logo\":{\"@type\":\"ImageObject\",\"inLanguage\":\"fr-FR\",\"@id\":\"https:\/\/cms.soundme.app\/#\/schema\/logo\/image\/\",\"url\":\"https:\/\/theiij.org\/wp-content\/uploads\/2024\/06\/IIJ-Logo.svg\",\"contentUrl\":\"https:\/\/theiij.org\/wp-content\/uploads\/2024\/06\/IIJ-Logo.svg\",\"caption\":\"The International Institute for Justice and the Rule of Law\"},\"image\":{\"@id\":\"https:\/\/cms.soundme.app\/#\/schema\/logo\/image\/\"}}]}<\/script>\n<!-- \/ Yoast SEO plugin. -->","yoast_head_json":{"title":"Initiative de l\u2019IIJ sur les enqu\u00eates : Phase finale \u2013 Renforcement des comp\u00e9tences dans les enqu\u00eates antiterroristes pluri-organes bas\u00e9es sur le renseignement et guid\u00e9es par les preuves, Cameroun - L&#039;Institut International pour La Justice et l&#039;Etat de Droit","robots":{"index":"index","follow":"follow","max-snippet":"max-snippet:-1","max-image-preview":"max-image-preview:large","max-video-preview":"max-video-preview:-1"},"canonical":"https:\/\/52.28.163.17\/fr\/event\/iij-investigations-initiative-final-phase-multi-agency-intelligence-led-evidence-driven-counterterrorism-investigation-capacity-building-cameroon\/","og_locale":"fr_FR","og_type":"article","og_title":"Initiative de l\u2019IIJ sur les enqu\u00eates : Phase finale \u2013 Renforcement des comp\u00e9tences dans les enqu\u00eates antiterroristes pluri-organes bas\u00e9es sur le renseignement et guid\u00e9es par les preuves, Cameroun - L&#039;Institut International pour La Justice et l&#039;Etat de Droit","og_description":"Les 24 et 25 novembre 2020, l\u2019IIJ a proc\u00e9d\u00e9 \u00e0 la derni\u00e8re phase de son programme de renforcement des comp\u00e9tences dans les enqu\u00eates antiterroristes pluri-organes bas\u00e9es sur le renseignement et guid\u00e9es par les preuves dans le...","og_url":"https:\/\/52.28.163.17\/fr\/event\/iij-investigations-initiative-final-phase-multi-agency-intelligence-led-evidence-driven-counterterrorism-investigation-capacity-building-cameroon\/","og_site_name":"L&#039;Institut International pour La Justice et l&#039;Etat de Droit","article_modified_time":"2021-11-05T18:22:22+00:00","og_image":[{"width":584,"height":326,"url":"https:\/\/52.28.163.17\/wp-content\/uploads\/2021\/09\/Picture1-1.jpg","type":"image\/jpeg"}],"twitter_card":"summary_large_image","twitter_misc":{"Dur\u00e9e de lecture estim\u00e9e":"3 minutes"},"schema":{"@context":"https:\/\/schema.org","@graph":[{"@type":"WebPage","@id":"https:\/\/52.28.163.17\/fr\/event\/iij-investigations-initiative-final-phase-multi-agency-intelligence-led-evidence-driven-counterterrorism-investigation-capacity-building-cameroon\/","url":"https:\/\/52.28.163.17\/fr\/event\/iij-investigations-initiative-final-phase-multi-agency-intelligence-led-evidence-driven-counterterrorism-investigation-capacity-building-cameroon\/","name":"Initiative de l\u2019IIJ sur les enqu\u00eates : Phase finale \u2013 Renforcement des comp\u00e9tences dans les enqu\u00eates antiterroristes pluri-organes bas\u00e9es sur le renseignement et guid\u00e9es par les preuves, Cameroun - L&#039;Institut International pour La Justice et l&#039;Etat de Droit","isPartOf":{"@id":"https:\/\/cms.soundme.app\/#website"},"primaryImageOfPage":{"@id":"https:\/\/52.28.163.17\/fr\/event\/iij-investigations-initiative-final-phase-multi-agency-intelligence-led-evidence-driven-counterterrorism-investigation-capacity-building-cameroon\/#primaryimage"},"image":{"@id":"https:\/\/52.28.163.17\/fr\/event\/iij-investigations-initiative-final-phase-multi-agency-intelligence-led-evidence-driven-counterterrorism-investigation-capacity-building-cameroon\/#primaryimage"},"thumbnailUrl":"https:\/\/theiij.org\/wp-content\/uploads\/2021\/09\/Picture1-1.jpg","datePublished":"2020-11-25T21:01:00+00:00","dateModified":"2021-11-05T18:22:22+00:00","breadcrumb":{"@id":"https:\/\/52.28.163.17\/fr\/event\/iij-investigations-initiative-final-phase-multi-agency-intelligence-led-evidence-driven-counterterrorism-investigation-capacity-building-cameroon\/#breadcrumb"},"inLanguage":"fr-FR","potentialAction":[{"@type":"ReadAction","target":["https:\/\/52.28.163.17\/fr\/event\/iij-investigations-initiative-final-phase-multi-agency-intelligence-led-evidence-driven-counterterrorism-investigation-capacity-building-cameroon\/"]}]},{"@type":"ImageObject","inLanguage":"fr-FR","@id":"https:\/\/52.28.163.17\/fr\/event\/iij-investigations-initiative-final-phase-multi-agency-intelligence-led-evidence-driven-counterterrorism-investigation-capacity-building-cameroon\/#primaryimage","url":"https:\/\/theiij.org\/wp-content\/uploads\/2021\/09\/Picture1-1.jpg","contentUrl":"https:\/\/theiij.org\/wp-content\/uploads\/2021\/09\/Picture1-1.jpg","width":584,"height":326},{"@type":"BreadcrumbList","@id":"https:\/\/52.28.163.17\/fr\/event\/iij-investigations-initiative-final-phase-multi-agency-intelligence-led-evidence-driven-counterterrorism-investigation-capacity-building-cameroon\/#breadcrumb","itemListElement":[{"@type":"ListItem","position":1,"name":"Home","item":"https:\/\/theiij.org\/fr\/"},{"@type":"ListItem","position":2,"name":"Initiative de l\u2019IIJ sur les enqu\u00eates : Phase finale \u2013 Renforcement des comp\u00e9tences dans les enqu\u00eates antiterroristes pluri-organes bas\u00e9es sur le renseignement et guid\u00e9es par les preuves, Cameroun"}]},{"@type":"WebSite","@id":"https:\/\/cms.soundme.app\/#website","url":"https:\/\/cms.soundme.app\/","name":"The International Institute for Justice and the Rule of Law","description":"Building the Capacity of Criminal Justice Practitioners","publisher":{"@id":"https:\/\/cms.soundme.app\/#organization"},"potentialAction":[{"@type":"SearchAction","target":{"@type":"EntryPoint","urlTemplate":"https:\/\/cms.soundme.app\/?s={search_term_string}"},"query-input":{"@type":"PropertyValueSpecification","valueRequired":true,"valueName":"search_term_string"}}],"inLanguage":"fr-FR"},{"@type":"Organization","@id":"https:\/\/cms.soundme.app\/#organization","name":"The International Institute for Justice and the Rule of Law","url":"https:\/\/cms.soundme.app\/","logo":{"@type":"ImageObject","inLanguage":"fr-FR","@id":"https:\/\/cms.soundme.app\/#\/schema\/logo\/image\/","url":"https:\/\/theiij.org\/wp-content\/uploads\/2024\/06\/IIJ-Logo.svg","contentUrl":"https:\/\/theiij.org\/wp-content\/uploads\/2024\/06\/IIJ-Logo.svg","caption":"The International Institute for Justice and the Rule of Law"},"image":{"@id":"https:\/\/cms.soundme.app\/#\/schema\/logo\/image\/"}}]}},"_links":{"self":[{"href":"https:\/\/theiij.org\/fr\/wp-json\/wp\/v2\/event\/6701","targetHints":{"allow":["GET"]}}],"collection":[{"href":"https:\/\/theiij.org\/fr\/wp-json\/wp\/v2\/event"}],"about":[{"href":"https:\/\/theiij.org\/fr\/wp-json\/wp\/v2\/types\/event"}],"wp:featuredmedia":[{"embeddable":true,"href":"https:\/\/theiij.org\/fr\/wp-json\/wp\/v2\/media\/3713"}],"wp:attachment":[{"href":"https:\/\/theiij.org\/fr\/wp-json\/wp\/v2\/media?parent=6701"}],"wp:term":[{"taxonomy":"event_type","embeddable":true,"href":"https:\/\/theiij.org\/fr\/wp-json\/wp\/v2\/event_type?post=6701"},{"taxonomy":"event_topic","embeddable":true,"href":"https:\/\/theiij.org\/fr\/wp-json\/wp\/v2\/event_topic?post=6701"},{"taxonomy":"pages_relationship","embeddable":true,"href":"https:\/\/theiij.org\/fr\/wp-json\/wp\/v2\/pages_relationship?post=6701"},{"taxonomy":"event_category","embeddable":true,"href":"https:\/\/theiij.org\/fr\/wp-json\/wp\/v2\/event_category?post=6701"}],"curies":[{"name":"wp","href":"https:\/\/api.w.org\/{rel}","templated":true}]}}