{"id":6706,"date":"2020-10-28T17:36:00","date_gmt":"2020-10-28T17:36:00","guid":{"rendered":"https:\/\/iij.fifthtribe.com\/event\/iij-remve-initiative-first-online-expert-meeting-on-countering-racially-or-ethnically-motivated-violent-extremism-remve\/"},"modified":"2021-11-05T18:27:05","modified_gmt":"2021-11-05T18:27:05","slug":"iij-remve-initiative-first-online-expert-meeting-on-countering-racially-or-ethnically-motivated-violent-extremism-remve","status":"publish","type":"event","link":"https:\/\/theiij.org\/fr\/event\/iij-remve-initiative-first-online-expert-meeting-on-countering-racially-or-ethnically-motivated-violent-extremism-remve\/","title":{"rendered":"Initiative de l\u2019IIJ sur le extr\u00e9misme violent \u00e0 motivation raciale ou ethnique : Premi\u00e8re r\u00e9union d\u2019experts en ligne"},"content":{"rendered":"\n<p>Le 28 octobre 2020, l\u2019IIJ a organis\u00e9 une premi\u00e8re r\u00e9union d\u2019experts en ligne sur la lutte contre le extr\u00e9misme violent \u00e0 motivation raciale ou ethnique dans le cadre de sa nouvelle initiative, dont la mise en \u0153uvre est soutenue par les gouvernements des \u00c9tats-Unis et du Royaume-Uni. Pr\u00e9cisons que le extr\u00e9misme violent \u00e0 motivation raciale ou ethnique<br>(REMVE en anglais) est \u00e9galement appel\u00e9 \u00ab&nbsp;extr\u00e9misme de droite violent&nbsp;\u00bb par le Royaume-Uni et d\u2019autres gouvernements europ\u00e9ens.<\/p>\n\n\n\n<p>Le nombre croissant de cas de extr\u00e9misme violent \u00e0 motivation raciale ou ethnique repr\u00e9sente une menace dangereuse qui est de plus en plus transnationale. Les acteurs de la justice p\u00e9nale ont un r\u00f4le essentiel \u00e0 jouer contre cette menace. Qu\u2019il s\u2019agisse d\u2019identifier, d\u2019enqu\u00eater, de d\u00e9manteler et de poursuivre en justice les cellules, les r\u00e9seaux et les acteurs isol\u00e9s de ce terrorisme, d\u2019incarc\u00e9rer les terroristes, d\u2019\u00e9tendre la d\u00e9tention provisoire, de mettre en place des programmes de r\u00e9insertion dans les prisons ou d\u2019assurer un suivi apr\u00e8s la lib\u00e9ration, les responsabilit\u00e9s des praticiens de la justice p\u00e9nale dans ce domaine sont vastes et vari\u00e9es. Au cours des vingt derni\u00e8res ann\u00e9es, les praticiens de la justice p\u00e9nale ont acquis une exp\u00e9rience significative dans la lutte contre le terrorisme, principalement en s\u2019attaquant \u00e0 la menace pos\u00e9e par Daech, Al-Qa\u00efda, leurs filiales et succursales, ainsi que par ceux et celles inspir\u00e9s par leur rh\u00e9torique. Si une partie de cette exp\u00e9rience et de cette expertise est pertinente pour la lutte contre le extr\u00e9misme violent \u00e0 motivation raciale ou ethnique, il existe \u00e9galement des diff\u00e9rences importantes qui n\u00e9cessitent de nouvelles connaissances, approches, strat\u00e9gies et outils. Par exemple, alors que Daech et Al-Qa\u00efda sont des organisations structur\u00e9es et hi\u00e9rarchis\u00e9es, la plupart des personnes impliqu\u00e9es dans l\u2019incitation, le recrutement et la radicalisation au terrorisme \u00e0 motivation raciale ou ethnique ne sont pas ou peu reli\u00e9es, si ce n\u2019est sur Internet, ce qui pose de grandes difficult\u00e9s aux forces de l\u2019ordre pour d\u00e9couvrir et d\u00e9jouer les complots de ce terrorisme et de ses activit\u00e9s connexes.<\/p>\n\n\n\n<figure class=\"wp-block-image\"><img decoding=\"async\" src=\"https:\/\/mlqwhsp1u9p8.i.optimole.com\/pCBxbW8-cLGp8mVc\/w:auto\/h:auto\/q:auto\/http:\/\/657.0cb.myftpupload.com\/wp-content\/uploads\/ElbctEFWMAI3c_B.jpg\" alt=\"ElbctEFWMAI3c_B\"\/><\/figure>\n\n\n\n<p>L\u2019objectif principal de l\u2019Initiative de l\u2019IIJ sur le extr\u00e9misme violent \u00e0 motivation raciale ou ethnique est de d\u00e9terminer comment les acteurs de la justice p\u00e9nale peuvent s\u2019attaquer le plus efficacement possible \u00e0 ce ph\u00e9nom\u00e8ne, en tirant parti de la vaste exp\u00e9rience des gouvernements dans la lutte contre ce type de menaces \u2013 \u00e0 la fois actuelles et historiques. Il s\u2019agit ici d\u2019une opportunit\u00e9 pour les praticiens de la justice p\u00e9nale de partager et de renforcer leurs capacit\u00e9s. Gr\u00e2ce \u00e0 une s\u00e9rie de r\u00e9unions d\u2019experts, l\u2019IIJ \u00e9laborera un&nbsp;<em>guide du praticien de la justice p\u00e9nale pour lutter contre le extr\u00e9misme violent \u00e0 motivation raciale ou ethnique<\/em>, mettant l\u2019accent sur la collaboration des services r\u00e9pressifs avec la soci\u00e9t\u00e9 civile et les acteurs communautaires concern\u00e9s.<\/p>\n\n\n\n<p>Cette premi\u00e8re r\u00e9union d\u2019experts en ligne a rassembl\u00e9 43 praticiens et experts en la mati\u00e8re, parmi lesquels des procureurs, des policiers, des enqu\u00eateurs et des d\u00e9cideurs politiques de 15 pays, dont l\u2019Allemagne, l\u2019Australie, le Canada, l\u2019Estonie, les \u00c9tats-Unis, la Finlande, la Gr\u00e8ce, l\u2019Italie, la Norv\u00e8ge, les Pays-Bas, le Portugal, le Royaume-Uni, la Serbie, la Slovaquie et la Su\u00e8de. Des repr\u00e9sentants d\u2019Eurojust, de la Commission europ\u00e9enne (CE), du Conseil de l\u2019Europe (COE), d\u2019Europol, du R\u00e9seau de sensibilisation \u00e0 la radicalisation (RAN) de l\u2019Union europ\u00e9enne, de l\u2019Institut allemand d\u2019\u00e9tudes sur la radicalisation et la d\u00e9radicalisation (GIRDS), de l\u2019Organisation pour la s\u00e9curit\u00e9 et la coop\u00e9ration en Europe (OSCE), du Centre pour la recherche sur l\u2019extr\u00e9misme de l\u2019Universit\u00e9 d\u2019Oslo (C-REX) et du Bureau des Nations Unies pour la lutte contre le terrorisme (UNOCT) se sont joints \u00e0 eux.<\/p>\n\n\n\n<p>Au cours de la r\u00e9union, les procureurs et les enqu\u00eateurs qui se sont pench\u00e9s sur les menaces li\u00e9es au extr\u00e9misme violent \u00e0 motivation raciale ou ethnique dans leurs juridictions respectives ont d\u00e9crit en d\u00e9tail les r\u00e9cents efforts d\u00e9ploy\u00e9s au niveau national pour am\u00e9liorer les capacit\u00e9s des services r\u00e9pressifs \u00e0 cet \u00e9gard. Le Dr Tore Bj\u00f8rgo, Directeur du C-REX, a pr\u00e9sent\u00e9 une recherche r\u00e9cente et approfondie sur l\u2019impact que les fronti\u00e8res juridiques nationales ont eu sur les activit\u00e9s du \u00ab Mouvement de r\u00e9sistance nordique \u00bb (NRM), un groupe terroriste \u00e0 motivation raciale ou ethnique au r\u00e9seau transnational, et les obstacles connexes rencontr\u00e9s dans les enqu\u00eates et les poursuites contre les membres du groupe.<\/p>\n\n\n\n<p>Les participants ont ensuite discut\u00e9 des probl\u00e8mes et des obstacles qui se posent pour d\u00e9tecter, enqu\u00eater, d\u00e9manteler et poursuivre en justice les cellules, les r\u00e9seaux et les acteurs isol\u00e9s de ce terrorisme, incarc\u00e9rer les terroristes, coordonner et partager les informations au niveau international, collaborer avec les acteurs de la communaut\u00e9, pr\u00e9voir des programmes de r\u00e9insertion dans les prisons et effectuer un suivi apr\u00e8s la lib\u00e9ration.<\/p>\n\n\n\n<p>L\u2019IIJ continuera \u00e0 faire avancer son Initiative sur le extr\u00e9misme violent \u00e0 motivation raciale ou ethnique avec une deuxi\u00e8me r\u00e9union d\u2019experts en ligne qui se tiendra \u00e0 la fin de 2020. Les principaux d\u00e9fis \u2013 juridiques, proc\u00e9duraux et structurels \u2013 identifi\u00e9s au cours de ces r\u00e9unions seront abord\u00e9s dans le&nbsp;<em>Guide du praticien de la justice p\u00e9nale pour lutter contre le extr\u00e9misme violent \u00e0 motivation raciale ou ethnique<\/em>, qui sera publi\u00e9 en 2021.<\/p>\n","protected":false},"featured_media":2989,"template":"","event_type":[187],"event_topic":[201],"pages_relationship":[78],"event_category":[],"class_list":["post-6706","event","type-event","status-publish","has-post-thumbnail","hentry","event_type-workshops-fr","event_topic-remve-fr","pages_relationship-remve-initiative"],"acf":[],"yoast_head":"<!-- This site is optimized with the Yoast SEO plugin v26.5 - https:\/\/yoast.com\/wordpress\/plugins\/seo\/ -->\n<title>Initiative de l\u2019IIJ sur le extr\u00e9misme violent \u00e0 motivation raciale ou ethnique : Premi\u00e8re r\u00e9union d\u2019experts en ligne - L&#039;Institut International pour La Justice et l&#039;Etat de Droit<\/title>\n<meta name=\"robots\" content=\"index, follow, max-snippet:-1, max-image-preview:large, max-video-preview:-1\" \/>\n<link rel=\"canonical\" href=\"https:\/\/soundme.app\/fr\/event\/iij-remve-initiative-first-online-expert-meeting-on-countering-racially-or-ethnically-motivated-violent-extremism-remve\/\" \/>\n<meta property=\"og:locale\" content=\"fr_FR\" \/>\n<meta property=\"og:type\" content=\"article\" \/>\n<meta property=\"og:title\" content=\"Initiative de l\u2019IIJ sur le extr\u00e9misme violent \u00e0 motivation raciale ou ethnique : Premi\u00e8re r\u00e9union d\u2019experts en ligne - L&#039;Institut International pour La Justice et l&#039;Etat de Droit\" \/>\n<meta property=\"og:description\" content=\"Le 28 octobre 2020, l\u2019IIJ a organis\u00e9 une premi\u00e8re r\u00e9union d\u2019experts en ligne sur la lutte contre le extr\u00e9misme violent \u00e0 motivation raciale ou ethnique dans le cadre de sa nouvelle initiative, dont la mise en...\" \/>\n<meta property=\"og:url\" content=\"https:\/\/soundme.app\/fr\/event\/iij-remve-initiative-first-online-expert-meeting-on-countering-racially-or-ethnically-motivated-violent-extremism-remve\/\" \/>\n<meta property=\"og:site_name\" content=\"L&#039;Institut International pour La Justice et l&#039;Etat de Droit\" \/>\n<meta property=\"article:modified_time\" content=\"2021-11-05T18:27:05+00:00\" \/>\n<meta property=\"og:image\" content=\"https:\/\/soundme.app\/wp-content\/uploads\/2021\/09\/First-Online-Expert-Meeting-on-Countering-Racially-or-Ethnically-Motivated-Violent-Extremism.jpg\" \/>\n\t<meta property=\"og:image:width\" content=\"1210\" \/>\n\t<meta property=\"og:image:height\" content=\"676\" \/>\n\t<meta property=\"og:image:type\" content=\"image\/jpeg\" \/>\n<meta name=\"twitter:card\" content=\"summary_large_image\" \/>\n<meta name=\"twitter:label1\" content=\"Dur\u00e9e de lecture estim\u00e9e\" \/>\n\t<meta name=\"twitter:data1\" content=\"4 minutes\" \/>\n<script type=\"application\/ld+json\" class=\"yoast-schema-graph\">{\"@context\":\"https:\/\/schema.org\",\"@graph\":[{\"@type\":\"WebPage\",\"@id\":\"https:\/\/soundme.app\/fr\/event\/iij-remve-initiative-first-online-expert-meeting-on-countering-racially-or-ethnically-motivated-violent-extremism-remve\/\",\"url\":\"https:\/\/soundme.app\/fr\/event\/iij-remve-initiative-first-online-expert-meeting-on-countering-racially-or-ethnically-motivated-violent-extremism-remve\/\",\"name\":\"Initiative de l\u2019IIJ sur le extr\u00e9misme violent \u00e0 motivation raciale ou ethnique : Premi\u00e8re r\u00e9union d\u2019experts en ligne - L&#039;Institut International pour La Justice et l&#039;Etat de Droit\",\"isPartOf\":{\"@id\":\"https:\/\/cms.soundme.app\/#website\"},\"primaryImageOfPage\":{\"@id\":\"https:\/\/soundme.app\/fr\/event\/iij-remve-initiative-first-online-expert-meeting-on-countering-racially-or-ethnically-motivated-violent-extremism-remve\/#primaryimage\"},\"image\":{\"@id\":\"https:\/\/soundme.app\/fr\/event\/iij-remve-initiative-first-online-expert-meeting-on-countering-racially-or-ethnically-motivated-violent-extremism-remve\/#primaryimage\"},\"thumbnailUrl\":\"https:\/\/theiij.org\/wp-content\/uploads\/2021\/09\/First-Online-Expert-Meeting-on-Countering-Racially-or-Ethnically-Motivated-Violent-Extremism.jpg\",\"datePublished\":\"2020-10-28T17:36:00+00:00\",\"dateModified\":\"2021-11-05T18:27:05+00:00\",\"breadcrumb\":{\"@id\":\"https:\/\/soundme.app\/fr\/event\/iij-remve-initiative-first-online-expert-meeting-on-countering-racially-or-ethnically-motivated-violent-extremism-remve\/#breadcrumb\"},\"inLanguage\":\"fr-FR\",\"potentialAction\":[{\"@type\":\"ReadAction\",\"target\":[\"https:\/\/soundme.app\/fr\/event\/iij-remve-initiative-first-online-expert-meeting-on-countering-racially-or-ethnically-motivated-violent-extremism-remve\/\"]}]},{\"@type\":\"ImageObject\",\"inLanguage\":\"fr-FR\",\"@id\":\"https:\/\/soundme.app\/fr\/event\/iij-remve-initiative-first-online-expert-meeting-on-countering-racially-or-ethnically-motivated-violent-extremism-remve\/#primaryimage\",\"url\":\"https:\/\/theiij.org\/wp-content\/uploads\/2021\/09\/First-Online-Expert-Meeting-on-Countering-Racially-or-Ethnically-Motivated-Violent-Extremism.jpg\",\"contentUrl\":\"https:\/\/theiij.org\/wp-content\/uploads\/2021\/09\/First-Online-Expert-Meeting-on-Countering-Racially-or-Ethnically-Motivated-Violent-Extremism.jpg\",\"width\":1210,\"height\":676},{\"@type\":\"BreadcrumbList\",\"@id\":\"https:\/\/soundme.app\/fr\/event\/iij-remve-initiative-first-online-expert-meeting-on-countering-racially-or-ethnically-motivated-violent-extremism-remve\/#breadcrumb\",\"itemListElement\":[{\"@type\":\"ListItem\",\"position\":1,\"name\":\"Home\",\"item\":\"https:\/\/theiij.org\/fr\/\"},{\"@type\":\"ListItem\",\"position\":2,\"name\":\"Initiative de l\u2019IIJ sur le extr\u00e9misme violent \u00e0 motivation raciale ou ethnique : Premi\u00e8re r\u00e9union d\u2019experts en ligne\"}]},{\"@type\":\"WebSite\",\"@id\":\"https:\/\/cms.soundme.app\/#website\",\"url\":\"https:\/\/cms.soundme.app\/\",\"name\":\"The International Institute for Justice and the Rule of Law\",\"description\":\"Building the Capacity of Criminal Justice Practitioners\",\"publisher\":{\"@id\":\"https:\/\/cms.soundme.app\/#organization\"},\"potentialAction\":[{\"@type\":\"SearchAction\",\"target\":{\"@type\":\"EntryPoint\",\"urlTemplate\":\"https:\/\/cms.soundme.app\/?s={search_term_string}\"},\"query-input\":{\"@type\":\"PropertyValueSpecification\",\"valueRequired\":true,\"valueName\":\"search_term_string\"}}],\"inLanguage\":\"fr-FR\"},{\"@type\":\"Organization\",\"@id\":\"https:\/\/cms.soundme.app\/#organization\",\"name\":\"The International Institute for Justice and the Rule of Law\",\"url\":\"https:\/\/cms.soundme.app\/\",\"logo\":{\"@type\":\"ImageObject\",\"inLanguage\":\"fr-FR\",\"@id\":\"https:\/\/cms.soundme.app\/#\/schema\/logo\/image\/\",\"url\":\"https:\/\/theiij.org\/wp-content\/uploads\/2024\/06\/IIJ-Logo.svg\",\"contentUrl\":\"https:\/\/theiij.org\/wp-content\/uploads\/2024\/06\/IIJ-Logo.svg\",\"caption\":\"The International Institute for Justice and the Rule of Law\"},\"image\":{\"@id\":\"https:\/\/cms.soundme.app\/#\/schema\/logo\/image\/\"}}]}<\/script>\n<!-- \/ Yoast SEO plugin. -->","yoast_head_json":{"title":"Initiative de l\u2019IIJ sur le extr\u00e9misme violent \u00e0 motivation raciale ou ethnique : Premi\u00e8re r\u00e9union d\u2019experts en ligne - L&#039;Institut International pour La Justice et l&#039;Etat de Droit","robots":{"index":"index","follow":"follow","max-snippet":"max-snippet:-1","max-image-preview":"max-image-preview:large","max-video-preview":"max-video-preview:-1"},"canonical":"https:\/\/soundme.app\/fr\/event\/iij-remve-initiative-first-online-expert-meeting-on-countering-racially-or-ethnically-motivated-violent-extremism-remve\/","og_locale":"fr_FR","og_type":"article","og_title":"Initiative de l\u2019IIJ sur le extr\u00e9misme violent \u00e0 motivation raciale ou ethnique : Premi\u00e8re r\u00e9union d\u2019experts en ligne - L&#039;Institut International pour La Justice et l&#039;Etat de Droit","og_description":"Le 28 octobre 2020, l\u2019IIJ a organis\u00e9 une premi\u00e8re r\u00e9union d\u2019experts en ligne sur la lutte contre le extr\u00e9misme violent \u00e0 motivation raciale ou ethnique dans le cadre de sa nouvelle initiative, dont la mise en...","og_url":"https:\/\/soundme.app\/fr\/event\/iij-remve-initiative-first-online-expert-meeting-on-countering-racially-or-ethnically-motivated-violent-extremism-remve\/","og_site_name":"L&#039;Institut International pour La Justice et l&#039;Etat de Droit","article_modified_time":"2021-11-05T18:27:05+00:00","og_image":[{"width":1210,"height":676,"url":"https:\/\/soundme.app\/wp-content\/uploads\/2021\/09\/First-Online-Expert-Meeting-on-Countering-Racially-or-Ethnically-Motivated-Violent-Extremism.jpg","type":"image\/jpeg"}],"twitter_card":"summary_large_image","twitter_misc":{"Dur\u00e9e de lecture estim\u00e9e":"4 minutes"},"schema":{"@context":"https:\/\/schema.org","@graph":[{"@type":"WebPage","@id":"https:\/\/soundme.app\/fr\/event\/iij-remve-initiative-first-online-expert-meeting-on-countering-racially-or-ethnically-motivated-violent-extremism-remve\/","url":"https:\/\/soundme.app\/fr\/event\/iij-remve-initiative-first-online-expert-meeting-on-countering-racially-or-ethnically-motivated-violent-extremism-remve\/","name":"Initiative de l\u2019IIJ sur le extr\u00e9misme violent \u00e0 motivation raciale ou ethnique : Premi\u00e8re r\u00e9union d\u2019experts en ligne - L&#039;Institut International pour La Justice et l&#039;Etat de Droit","isPartOf":{"@id":"https:\/\/cms.soundme.app\/#website"},"primaryImageOfPage":{"@id":"https:\/\/soundme.app\/fr\/event\/iij-remve-initiative-first-online-expert-meeting-on-countering-racially-or-ethnically-motivated-violent-extremism-remve\/#primaryimage"},"image":{"@id":"https:\/\/soundme.app\/fr\/event\/iij-remve-initiative-first-online-expert-meeting-on-countering-racially-or-ethnically-motivated-violent-extremism-remve\/#primaryimage"},"thumbnailUrl":"https:\/\/theiij.org\/wp-content\/uploads\/2021\/09\/First-Online-Expert-Meeting-on-Countering-Racially-or-Ethnically-Motivated-Violent-Extremism.jpg","datePublished":"2020-10-28T17:36:00+00:00","dateModified":"2021-11-05T18:27:05+00:00","breadcrumb":{"@id":"https:\/\/soundme.app\/fr\/event\/iij-remve-initiative-first-online-expert-meeting-on-countering-racially-or-ethnically-motivated-violent-extremism-remve\/#breadcrumb"},"inLanguage":"fr-FR","potentialAction":[{"@type":"ReadAction","target":["https:\/\/soundme.app\/fr\/event\/iij-remve-initiative-first-online-expert-meeting-on-countering-racially-or-ethnically-motivated-violent-extremism-remve\/"]}]},{"@type":"ImageObject","inLanguage":"fr-FR","@id":"https:\/\/soundme.app\/fr\/event\/iij-remve-initiative-first-online-expert-meeting-on-countering-racially-or-ethnically-motivated-violent-extremism-remve\/#primaryimage","url":"https:\/\/theiij.org\/wp-content\/uploads\/2021\/09\/First-Online-Expert-Meeting-on-Countering-Racially-or-Ethnically-Motivated-Violent-Extremism.jpg","contentUrl":"https:\/\/theiij.org\/wp-content\/uploads\/2021\/09\/First-Online-Expert-Meeting-on-Countering-Racially-or-Ethnically-Motivated-Violent-Extremism.jpg","width":1210,"height":676},{"@type":"BreadcrumbList","@id":"https:\/\/soundme.app\/fr\/event\/iij-remve-initiative-first-online-expert-meeting-on-countering-racially-or-ethnically-motivated-violent-extremism-remve\/#breadcrumb","itemListElement":[{"@type":"ListItem","position":1,"name":"Home","item":"https:\/\/theiij.org\/fr\/"},{"@type":"ListItem","position":2,"name":"Initiative de l\u2019IIJ sur le extr\u00e9misme violent \u00e0 motivation raciale ou ethnique : Premi\u00e8re r\u00e9union d\u2019experts en ligne"}]},{"@type":"WebSite","@id":"https:\/\/cms.soundme.app\/#website","url":"https:\/\/cms.soundme.app\/","name":"The International Institute for Justice and the Rule of Law","description":"Building the Capacity of Criminal Justice Practitioners","publisher":{"@id":"https:\/\/cms.soundme.app\/#organization"},"potentialAction":[{"@type":"SearchAction","target":{"@type":"EntryPoint","urlTemplate":"https:\/\/cms.soundme.app\/?s={search_term_string}"},"query-input":{"@type":"PropertyValueSpecification","valueRequired":true,"valueName":"search_term_string"}}],"inLanguage":"fr-FR"},{"@type":"Organization","@id":"https:\/\/cms.soundme.app\/#organization","name":"The International Institute for Justice and the Rule of Law","url":"https:\/\/cms.soundme.app\/","logo":{"@type":"ImageObject","inLanguage":"fr-FR","@id":"https:\/\/cms.soundme.app\/#\/schema\/logo\/image\/","url":"https:\/\/theiij.org\/wp-content\/uploads\/2024\/06\/IIJ-Logo.svg","contentUrl":"https:\/\/theiij.org\/wp-content\/uploads\/2024\/06\/IIJ-Logo.svg","caption":"The International Institute for Justice and the Rule of Law"},"image":{"@id":"https:\/\/cms.soundme.app\/#\/schema\/logo\/image\/"}}]}},"_links":{"self":[{"href":"https:\/\/theiij.org\/fr\/wp-json\/wp\/v2\/event\/6706","targetHints":{"allow":["GET"]}}],"collection":[{"href":"https:\/\/theiij.org\/fr\/wp-json\/wp\/v2\/event"}],"about":[{"href":"https:\/\/theiij.org\/fr\/wp-json\/wp\/v2\/types\/event"}],"wp:featuredmedia":[{"embeddable":true,"href":"https:\/\/theiij.org\/fr\/wp-json\/wp\/v2\/media\/2989"}],"wp:attachment":[{"href":"https:\/\/theiij.org\/fr\/wp-json\/wp\/v2\/media?parent=6706"}],"wp:term":[{"taxonomy":"event_type","embeddable":true,"href":"https:\/\/theiij.org\/fr\/wp-json\/wp\/v2\/event_type?post=6706"},{"taxonomy":"event_topic","embeddable":true,"href":"https:\/\/theiij.org\/fr\/wp-json\/wp\/v2\/event_topic?post=6706"},{"taxonomy":"pages_relationship","embeddable":true,"href":"https:\/\/theiij.org\/fr\/wp-json\/wp\/v2\/pages_relationship?post=6706"},{"taxonomy":"event_category","embeddable":true,"href":"https:\/\/theiij.org\/fr\/wp-json\/wp\/v2\/event_category?post=6706"}],"curies":[{"name":"wp","href":"https:\/\/api.w.org\/{rel}","templated":true}]}}