{"id":6740,"date":"2019-12-13T17:45:00","date_gmt":"2019-12-13T17:45:00","guid":{"rendered":"https:\/\/iij.fifthtribe.com\/event\/iij-judicial-capacity-building-initiative-east-africa-workshop-on-evidence-abuja-recommendations\/"},"modified":"2021-11-05T18:30:35","modified_gmt":"2021-11-05T18:30:35","slug":"iij-judicial-capacity-building-initiative-east-africa-workshop-on-evidence-abuja-recommendations","status":"publish","type":"event","link":"https:\/\/theiij.org\/fr\/event\/iij-judicial-capacity-building-initiative-east-africa-workshop-on-evidence-abuja-recommendations\/","title":{"rendered":"Initiative de l\u2019IIJ sur le renforcement des capacit\u00e9s judiciaires : Atelier r\u00e9gional de l\u2019Afrique de l\u2019Est sur les \u00e9l\u00e9ments de preuves \u2013 Recommandations d\u2019Abuja"},"content":{"rendered":"\n<p>Du 11 au 13 d\u00e9cembre 2019, l\u2019Institut international pour la justice et l\u2019\u00e9tat de droit (IIJ) a organis\u00e9 \u00e0 Istanbul (Turquie) l\u2019atelier r\u00e9gional d\u2019Afrique de l\u2019Est sur les \u00e9l\u00e9ments de preuve, avec le soutien de la Conf\u00e9d\u00e9ration suisse et de la R\u00e9publique de Turquie. L\u2019atelier s\u2019inscrit dans l\u2019Initiative de l\u2019IIJ sur le renforcement des capacit\u00e9s judiciaires, l\u2019une des huit initiatives principales de l\u2019IIJ, et a \u00e9t\u00e9 mis en place avec l\u2019aide de l\u2019Acad\u00e9mie de justice turque (Adalet Akademisi) bas\u00e9e \u00e0 Ankara.<\/p>\n\n\n\n<figure class=\"wp-block-image\"><img decoding=\"async\" src=\"https:\/\/mlqwhsp1u9p8.i.optimole.com\/pCBxbW8-xhINskoE\/w:auto\/h:auto\/q:auto\/http:\/\/657.0cb.myftpupload.com\/wp-content\/uploads\/group-photo-IIJ-scaled.jpg\" alt=\"IMG_2890\"\/><\/figure>\n\n\n\n<p>L\u2019atelier a rassembl\u00e9 plus de 60 praticiens de toute l\u2019Afrique de l\u2019Est, notamment de Djibouti, d\u2019\u00c9thiopie, du Kenya, de l\u2019Ouganda, du Mozambique, de la Somalie, du Soudan et de la Tanzanie, mais aussi des \u00c9tats-Unis, du Nigeria, des Pays-Bas, de la Suisse et de la Turquie. Ils ont \u00e9t\u00e9 rejoints par des repr\u00e9sentants de plusieurs organisations internationales partenaires, notamment la Direction ex\u00e9cutive du Comit\u00e9 contre le terrorisme des Nations Unies (CTED), l\u2019Office des Nations Unies contre la drogue et le crime (UNODC) et le Centre international de lutte contre le terrorisme \u2013 La Haye (ICCT).<\/p>\n\n\n\n<p>Les allocutions d\u2019ouverture ont \u00e9t\u00e9 donn\u00e9es par Son Excellence l\u2019Ambassadrice Aylin Tashan, membre du conseil d\u2019administration de l\u2019IIJ et directrice g\u00e9n\u00e9rale de la recherche et des affaires de s\u00e9curit\u00e9 au sein du minist\u00e8re turc des Affaires \u00e9trang\u00e8res, M. Tiziano Balmelli, chef de mission suppl\u00e9ant \u00e0 l\u2019ambassade de Suisse \u00e0 Ankara, M. Muhittin Ozdemir, Pr\u00e9sident de l\u2019Acad\u00e9mie turque de justice, le contre-amiral Yaminu Musa, coordonnateur au bureau du conseiller \u00e0 la s\u00e9curit\u00e9 nationale du Centre nig\u00e9rian de lutte contre le terrorisme, et M. Thomas Wuchte, secr\u00e9taire ex\u00e9cutif de l\u2019IIJ.<\/p>\n\n\n\n<figure class=\"wp-block-image\"><img decoding=\"async\" src=\"https:\/\/mlqwhsp1u9p8.i.optimole.com\/pCBxbW8-x_EdeF1e\/w:auto\/h:auto\/q:auto\/http:\/\/657.0cb.myftpupload.com\/wp-content\/uploads\/PEP_5314-scaled.jpg\" alt=\"IMG_2890\"\/><\/figure>\n\n\n\n<p>L\u2019atelier de l\u2019Afrique de l\u2019Est s\u2019est concentr\u00e9 sur la mise en \u0153uvre des&nbsp;<em>Recommandations d\u2019Abuja du GCTF sur la collecte, l\u2019utilisation et l\u2019\u00e9change d\u2019\u00e9l\u00e9ments de preuve aux fins des poursuites p\u00e9nales de terroristes pr\u00e9sum\u00e9s (ci-apr\u00e8s Recommandations d\u2019Abuja)<\/em>. Cet important recueil de recommandations reconnues au niveau international, approuv\u00e9 par les membres du GCTF lors de la r\u00e9union pl\u00e9ni\u00e8re minist\u00e9rielle de 2018, offre des conseils pratiques aux enqu\u00eateurs et aux procureurs charg\u00e9s des affaires de terrorisme sur la mani\u00e8re de constituer des dossiers solides bas\u00e9s sur des preuves solides et recevables.<\/p>\n\n\n\n<figure class=\"wp-block-image\"><img decoding=\"async\" src=\"https:\/\/mlqwhsp1u9p8.i.optimole.com\/pCBxbW8-2hw3jdFn\/w:803\/h:451\/q:auto\/http:\/\/657.0cb.myftpupload.com\/wp-content\/uploads\/IMG_2890-scaled.jpg\" alt=\"IMG_2890\"\/><\/figure>\n\n\n\n<p>Ont particip\u00e9 \u00e0 l\u2019atelier des juges, des procureurs, des enqu\u00eateurs et des officiers de police judiciaire qui ont recours \u00e0 la criminalistique pour leurs enqu\u00eates et poursuites, ainsi que des officiers de l\u2019arm\u00e9e travaillant sur les affaires de terrorisme. Cette diversit\u00e9 de praticiens a suscit\u00e9 des discussions dynamiques sur les d\u00e9fis et les possibilit\u00e9s que pr\u00e9sentent la collecte, le stockage et l\u2019utilisation des preuves m\u00e9dico-l\u00e9gales et \u00e9lectroniques ainsi que les d\u00e9positions dans le cadre des enqu\u00eates et des poursuites en mati\u00e8re de terrorisme. Les participants ont \u00e9galement travaill\u00e9 en petits groupes sur des \u00e9tudes de cas dans le but d\u2019identifier des solutions efficaces aux probl\u00e8mes de preuve auxquels ils sont confront\u00e9s dans de telles affaires et des possibilit\u00e9s de coop\u00e9ration r\u00e9gionale et internationale \u2013 un des principes centraux des Recommandations d\u2019Abuja et du travail de l\u2019IIJ. De plus, un groupe compos\u00e9 d\u2019un membre de chaque d\u00e9l\u00e9gation a \u00e9t\u00e9 invit\u00e9 par les procureurs d\u2019Istanbul \u00e0 visiter le Palais de justice de Caglayan, ses multiples salles d\u2019audience et installations.<\/p>\n\n\n\n<figure class=\"wp-block-image\"><img decoding=\"async\" src=\"https:\/\/mlqwhsp1u9p8.i.optimole.com\/pCBxbW8-2arjtEti\/w:803\/h:451\/q:auto\/http:\/\/657.0cb.myftpupload.com\/wp-content\/uploads\/EL5WXy0XkAAUUXb.jpg\" alt=\"IMG_2890\"\/><\/figure>\n","protected":false},"featured_media":3626,"template":"","event_type":[187],"event_topic":[190],"pages_relationship":[74],"event_category":[],"class_list":["post-6740","event","type-event","status-publish","has-post-thumbnail","hentry","event_type-workshops-fr","event_topic-judicial-capacity-building-fr","pages_relationship-judicial-capacity-building-initiative"],"acf":[],"yoast_head":"<!-- This site is optimized with the Yoast SEO plugin v26.5 - https:\/\/yoast.com\/wordpress\/plugins\/seo\/ -->\n<title>Initiative de l\u2019IIJ sur le renforcement des capacit\u00e9s judiciaires : Atelier r\u00e9gional de l\u2019Afrique de l\u2019Est sur les \u00e9l\u00e9ments de preuves \u2013 Recommandations d\u2019Abuja - L&#039;Institut International pour La Justice et l&#039;Etat de Droit<\/title>\n<meta name=\"robots\" content=\"index, follow, max-snippet:-1, max-image-preview:large, max-video-preview:-1\" \/>\n<link rel=\"canonical\" href=\"https:\/\/soundme.app\/event\/iij-judicial-capacity-building-initiative-east-africa-workshop-on-evidence-abuja-recommendations\/\" \/>\n<meta property=\"og:locale\" content=\"fr_FR\" \/>\n<meta property=\"og:type\" content=\"article\" \/>\n<meta property=\"og:title\" content=\"Initiative de l\u2019IIJ sur le renforcement des capacit\u00e9s judiciaires : Atelier r\u00e9gional de l\u2019Afrique de l\u2019Est sur les \u00e9l\u00e9ments de preuves \u2013 Recommandations d\u2019Abuja - L&#039;Institut International pour La Justice et l&#039;Etat de Droit\" \/>\n<meta property=\"og:description\" content=\"Du 11 au 13 d\u00e9cembre 2019, l\u2019Institut international pour la justice et l\u2019\u00e9tat de droit (IIJ) a organis\u00e9 \u00e0 Istanbul (Turquie) l\u2019atelier r\u00e9gional d\u2019Afrique de l\u2019Est sur les \u00e9l\u00e9ments de preuve, avec le soutien de la...\" \/>\n<meta property=\"og:url\" content=\"https:\/\/soundme.app\/event\/iij-judicial-capacity-building-initiative-east-africa-workshop-on-evidence-abuja-recommendations\/\" \/>\n<meta property=\"og:site_name\" content=\"L&#039;Institut International pour La Justice et l&#039;Etat de Droit\" \/>\n<meta property=\"article:modified_time\" content=\"2021-11-05T18:30:35+00:00\" \/>\n<meta property=\"og:image\" content=\"https:\/\/soundme.app\/wp-content\/uploads\/2021\/09\/group-photo-IIJ-scaled-1.jpg\" \/>\n\t<meta property=\"og:image:width\" content=\"1920\" \/>\n\t<meta property=\"og:image:height\" content=\"814\" \/>\n\t<meta property=\"og:image:type\" content=\"image\/jpeg\" \/>\n<meta name=\"twitter:card\" content=\"summary_large_image\" \/>\n<meta name=\"twitter:label1\" content=\"Dur\u00e9e de lecture estim\u00e9e\" \/>\n\t<meta name=\"twitter:data1\" content=\"4 minutes\" \/>\n<script type=\"application\/ld+json\" class=\"yoast-schema-graph\">{\"@context\":\"https:\/\/schema.org\",\"@graph\":[{\"@type\":\"WebPage\",\"@id\":\"https:\/\/soundme.app\/event\/iij-judicial-capacity-building-initiative-east-africa-workshop-on-evidence-abuja-recommendations\/\",\"url\":\"https:\/\/soundme.app\/event\/iij-judicial-capacity-building-initiative-east-africa-workshop-on-evidence-abuja-recommendations\/\",\"name\":\"Initiative de l\u2019IIJ sur le renforcement des capacit\u00e9s judiciaires : Atelier r\u00e9gional de l\u2019Afrique de l\u2019Est sur les \u00e9l\u00e9ments de preuves \u2013 Recommandations d\u2019Abuja - L&#039;Institut International pour La Justice et l&#039;Etat de Droit\",\"isPartOf\":{\"@id\":\"https:\/\/cms.soundme.app\/#website\"},\"primaryImageOfPage\":{\"@id\":\"https:\/\/soundme.app\/event\/iij-judicial-capacity-building-initiative-east-africa-workshop-on-evidence-abuja-recommendations\/#primaryimage\"},\"image\":{\"@id\":\"https:\/\/soundme.app\/event\/iij-judicial-capacity-building-initiative-east-africa-workshop-on-evidence-abuja-recommendations\/#primaryimage\"},\"thumbnailUrl\":\"https:\/\/theiij.org\/wp-content\/uploads\/2021\/09\/group-photo-IIJ-scaled-1.jpg\",\"datePublished\":\"2019-12-13T17:45:00+00:00\",\"dateModified\":\"2021-11-05T18:30:35+00:00\",\"breadcrumb\":{\"@id\":\"https:\/\/soundme.app\/event\/iij-judicial-capacity-building-initiative-east-africa-workshop-on-evidence-abuja-recommendations\/#breadcrumb\"},\"inLanguage\":\"fr-FR\",\"potentialAction\":[{\"@type\":\"ReadAction\",\"target\":[\"https:\/\/soundme.app\/event\/iij-judicial-capacity-building-initiative-east-africa-workshop-on-evidence-abuja-recommendations\/\"]}]},{\"@type\":\"ImageObject\",\"inLanguage\":\"fr-FR\",\"@id\":\"https:\/\/soundme.app\/event\/iij-judicial-capacity-building-initiative-east-africa-workshop-on-evidence-abuja-recommendations\/#primaryimage\",\"url\":\"https:\/\/theiij.org\/wp-content\/uploads\/2021\/09\/group-photo-IIJ-scaled-1.jpg\",\"contentUrl\":\"https:\/\/theiij.org\/wp-content\/uploads\/2021\/09\/group-photo-IIJ-scaled-1.jpg\",\"width\":1920,\"height\":814},{\"@type\":\"BreadcrumbList\",\"@id\":\"https:\/\/soundme.app\/event\/iij-judicial-capacity-building-initiative-east-africa-workshop-on-evidence-abuja-recommendations\/#breadcrumb\",\"itemListElement\":[{\"@type\":\"ListItem\",\"position\":1,\"name\":\"Home\",\"item\":\"https:\/\/theiij.org\/fr\/\"},{\"@type\":\"ListItem\",\"position\":2,\"name\":\"Initiative de l\u2019IIJ sur le renforcement des capacit\u00e9s judiciaires : Atelier r\u00e9gional de l\u2019Afrique de l\u2019Est sur les \u00e9l\u00e9ments de preuves \u2013 Recommandations d\u2019Abuja\"}]},{\"@type\":\"WebSite\",\"@id\":\"https:\/\/cms.soundme.app\/#website\",\"url\":\"https:\/\/cms.soundme.app\/\",\"name\":\"The International Institute for Justice and the Rule of Law\",\"description\":\"Building the Capacity of Criminal Justice Practitioners\",\"publisher\":{\"@id\":\"https:\/\/cms.soundme.app\/#organization\"},\"potentialAction\":[{\"@type\":\"SearchAction\",\"target\":{\"@type\":\"EntryPoint\",\"urlTemplate\":\"https:\/\/cms.soundme.app\/?s={search_term_string}\"},\"query-input\":{\"@type\":\"PropertyValueSpecification\",\"valueRequired\":true,\"valueName\":\"search_term_string\"}}],\"inLanguage\":\"fr-FR\"},{\"@type\":\"Organization\",\"@id\":\"https:\/\/cms.soundme.app\/#organization\",\"name\":\"The International Institute for Justice and the Rule of Law\",\"url\":\"https:\/\/cms.soundme.app\/\",\"logo\":{\"@type\":\"ImageObject\",\"inLanguage\":\"fr-FR\",\"@id\":\"https:\/\/cms.soundme.app\/#\/schema\/logo\/image\/\",\"url\":\"https:\/\/theiij.org\/wp-content\/uploads\/2024\/06\/IIJ-Logo.svg\",\"contentUrl\":\"https:\/\/theiij.org\/wp-content\/uploads\/2024\/06\/IIJ-Logo.svg\",\"caption\":\"The International Institute for Justice and the Rule of Law\"},\"image\":{\"@id\":\"https:\/\/cms.soundme.app\/#\/schema\/logo\/image\/\"}}]}<\/script>\n<!-- \/ Yoast SEO plugin. -->","yoast_head_json":{"title":"Initiative de l\u2019IIJ sur le renforcement des capacit\u00e9s judiciaires : Atelier r\u00e9gional de l\u2019Afrique de l\u2019Est sur les \u00e9l\u00e9ments de preuves \u2013 Recommandations d\u2019Abuja - L&#039;Institut International pour La Justice et l&#039;Etat de Droit","robots":{"index":"index","follow":"follow","max-snippet":"max-snippet:-1","max-image-preview":"max-image-preview:large","max-video-preview":"max-video-preview:-1"},"canonical":"https:\/\/soundme.app\/event\/iij-judicial-capacity-building-initiative-east-africa-workshop-on-evidence-abuja-recommendations\/","og_locale":"fr_FR","og_type":"article","og_title":"Initiative de l\u2019IIJ sur le renforcement des capacit\u00e9s judiciaires : Atelier r\u00e9gional de l\u2019Afrique de l\u2019Est sur les \u00e9l\u00e9ments de preuves \u2013 Recommandations d\u2019Abuja - L&#039;Institut International pour La Justice et l&#039;Etat de Droit","og_description":"Du 11 au 13 d\u00e9cembre 2019, l\u2019Institut international pour la justice et l\u2019\u00e9tat de droit (IIJ) a organis\u00e9 \u00e0 Istanbul (Turquie) l\u2019atelier r\u00e9gional d\u2019Afrique de l\u2019Est sur les \u00e9l\u00e9ments de preuve, avec le soutien de la...","og_url":"https:\/\/soundme.app\/event\/iij-judicial-capacity-building-initiative-east-africa-workshop-on-evidence-abuja-recommendations\/","og_site_name":"L&#039;Institut International pour La Justice et l&#039;Etat de Droit","article_modified_time":"2021-11-05T18:30:35+00:00","og_image":[{"width":1920,"height":814,"url":"https:\/\/soundme.app\/wp-content\/uploads\/2021\/09\/group-photo-IIJ-scaled-1.jpg","type":"image\/jpeg"}],"twitter_card":"summary_large_image","twitter_misc":{"Dur\u00e9e de lecture estim\u00e9e":"4 minutes"},"schema":{"@context":"https:\/\/schema.org","@graph":[{"@type":"WebPage","@id":"https:\/\/soundme.app\/event\/iij-judicial-capacity-building-initiative-east-africa-workshop-on-evidence-abuja-recommendations\/","url":"https:\/\/soundme.app\/event\/iij-judicial-capacity-building-initiative-east-africa-workshop-on-evidence-abuja-recommendations\/","name":"Initiative de l\u2019IIJ sur le renforcement des capacit\u00e9s judiciaires : Atelier r\u00e9gional de l\u2019Afrique de l\u2019Est sur les \u00e9l\u00e9ments de preuves \u2013 Recommandations d\u2019Abuja - L&#039;Institut International pour La Justice et l&#039;Etat de Droit","isPartOf":{"@id":"https:\/\/cms.soundme.app\/#website"},"primaryImageOfPage":{"@id":"https:\/\/soundme.app\/event\/iij-judicial-capacity-building-initiative-east-africa-workshop-on-evidence-abuja-recommendations\/#primaryimage"},"image":{"@id":"https:\/\/soundme.app\/event\/iij-judicial-capacity-building-initiative-east-africa-workshop-on-evidence-abuja-recommendations\/#primaryimage"},"thumbnailUrl":"https:\/\/theiij.org\/wp-content\/uploads\/2021\/09\/group-photo-IIJ-scaled-1.jpg","datePublished":"2019-12-13T17:45:00+00:00","dateModified":"2021-11-05T18:30:35+00:00","breadcrumb":{"@id":"https:\/\/soundme.app\/event\/iij-judicial-capacity-building-initiative-east-africa-workshop-on-evidence-abuja-recommendations\/#breadcrumb"},"inLanguage":"fr-FR","potentialAction":[{"@type":"ReadAction","target":["https:\/\/soundme.app\/event\/iij-judicial-capacity-building-initiative-east-africa-workshop-on-evidence-abuja-recommendations\/"]}]},{"@type":"ImageObject","inLanguage":"fr-FR","@id":"https:\/\/soundme.app\/event\/iij-judicial-capacity-building-initiative-east-africa-workshop-on-evidence-abuja-recommendations\/#primaryimage","url":"https:\/\/theiij.org\/wp-content\/uploads\/2021\/09\/group-photo-IIJ-scaled-1.jpg","contentUrl":"https:\/\/theiij.org\/wp-content\/uploads\/2021\/09\/group-photo-IIJ-scaled-1.jpg","width":1920,"height":814},{"@type":"BreadcrumbList","@id":"https:\/\/soundme.app\/event\/iij-judicial-capacity-building-initiative-east-africa-workshop-on-evidence-abuja-recommendations\/#breadcrumb","itemListElement":[{"@type":"ListItem","position":1,"name":"Home","item":"https:\/\/theiij.org\/fr\/"},{"@type":"ListItem","position":2,"name":"Initiative de l\u2019IIJ sur le renforcement des capacit\u00e9s judiciaires : Atelier r\u00e9gional de l\u2019Afrique de l\u2019Est sur les \u00e9l\u00e9ments de preuves \u2013 Recommandations d\u2019Abuja"}]},{"@type":"WebSite","@id":"https:\/\/cms.soundme.app\/#website","url":"https:\/\/cms.soundme.app\/","name":"The International Institute for Justice and the Rule of Law","description":"Building the Capacity of Criminal Justice Practitioners","publisher":{"@id":"https:\/\/cms.soundme.app\/#organization"},"potentialAction":[{"@type":"SearchAction","target":{"@type":"EntryPoint","urlTemplate":"https:\/\/cms.soundme.app\/?s={search_term_string}"},"query-input":{"@type":"PropertyValueSpecification","valueRequired":true,"valueName":"search_term_string"}}],"inLanguage":"fr-FR"},{"@type":"Organization","@id":"https:\/\/cms.soundme.app\/#organization","name":"The International Institute for Justice and the Rule of Law","url":"https:\/\/cms.soundme.app\/","logo":{"@type":"ImageObject","inLanguage":"fr-FR","@id":"https:\/\/cms.soundme.app\/#\/schema\/logo\/image\/","url":"https:\/\/theiij.org\/wp-content\/uploads\/2024\/06\/IIJ-Logo.svg","contentUrl":"https:\/\/theiij.org\/wp-content\/uploads\/2024\/06\/IIJ-Logo.svg","caption":"The International Institute for Justice and the Rule of Law"},"image":{"@id":"https:\/\/cms.soundme.app\/#\/schema\/logo\/image\/"}}]}},"_links":{"self":[{"href":"https:\/\/theiij.org\/fr\/wp-json\/wp\/v2\/event\/6740","targetHints":{"allow":["GET"]}}],"collection":[{"href":"https:\/\/theiij.org\/fr\/wp-json\/wp\/v2\/event"}],"about":[{"href":"https:\/\/theiij.org\/fr\/wp-json\/wp\/v2\/types\/event"}],"wp:featuredmedia":[{"embeddable":true,"href":"https:\/\/theiij.org\/fr\/wp-json\/wp\/v2\/media\/3626"}],"wp:attachment":[{"href":"https:\/\/theiij.org\/fr\/wp-json\/wp\/v2\/media?parent=6740"}],"wp:term":[{"taxonomy":"event_type","embeddable":true,"href":"https:\/\/theiij.org\/fr\/wp-json\/wp\/v2\/event_type?post=6740"},{"taxonomy":"event_topic","embeddable":true,"href":"https:\/\/theiij.org\/fr\/wp-json\/wp\/v2\/event_topic?post=6740"},{"taxonomy":"pages_relationship","embeddable":true,"href":"https:\/\/theiij.org\/fr\/wp-json\/wp\/v2\/pages_relationship?post=6740"},{"taxonomy":"event_category","embeddable":true,"href":"https:\/\/theiij.org\/fr\/wp-json\/wp\/v2\/event_category?post=6740"}],"curies":[{"name":"wp","href":"https:\/\/api.w.org\/{rel}","templated":true}]}}