{"id":6746,"date":"2019-11-05T22:19:06","date_gmt":"2019-11-05T22:19:06","guid":{"rendered":"https:\/\/iij.fifthtribe.com\/event\/iij-addressing-homegrown-terrorism-initiative-scoping-working-on-addressing-racially-or-ethnically-motivated-violent-extremism-remve\/"},"modified":"2021-11-05T18:35:23","modified_gmt":"2021-11-05T18:35:23","slug":"iij-addressing-homegrown-terrorism-initiative-scoping-working-on-addressing-racially-or-ethnically-motivated-violent-extremism-remve","status":"publish","type":"event","link":"https:\/\/theiij.org\/fr\/event\/iij-addressing-homegrown-terrorism-initiative-scoping-working-on-addressing-racially-or-ethnically-motivated-violent-extremism-remve\/","title":{"rendered":"Initiative de l\u2019IIJ pour lutter contre le terrorisme \u00ab domestique \u00bb : Lutter contre le terrorisme ob\u00e9issant \u00e0 des motifs de nature raciale ou ethnique"},"content":{"rendered":"\n<p>Entre le 5 et le 7 novembre 2019, l\u2019IIJ a convi\u00e9 36 d\u00e9cideurs politiques, universitaires et praticiens \u00e0 un atelier exploratoire sur le extr\u00e9misme violent \u00e0 motivation raciale ou ethnique, \u00e0 La Valette, Malte.&nbsp; L\u2019atelier, organis\u00e9 dans le cadre de l\u2019Initiative de l\u2019IIJ relative au terrorisme domestique, et soutenu par les gouvernements am\u00e9ricain et espagnol, a r\u00e9uni des praticiens venus de 12 pays d\u2019Afrique, d\u2019Asie, d\u2019Am\u00e9rique du Nord et des Cara\u00efbes, ainsi que les repr\u00e9sentants de 13 organisations internationales.<\/p>\n\n\n\n<p>Le nombre croissant d\u2019actes de terrorisme ob\u00e9issant \u00e0 des motifs de nature raciale ou ethnique \u00e0 travers le monde refl\u00e8te une tendance inqui\u00e9tante dont les manifestations et les r\u00e9percussions peuvent \u00eatre multiples.&nbsp; Des recherches r\u00e9centes sugg\u00e8rent \u00e9galement une transition inqui\u00e9tante vers une menace transnationale, illustrant notamment une \u00e9volution dans la mani\u00e8re dont les organisations cr\u00e9ent des liens et collaborent.<\/p>\n\n\n\n<figure class=\"wp-block-image\"><img decoding=\"async\" src=\"https:\/\/mlqwhsp1u9p8.i.optimole.com\/pCBxbW8-kZXjVqvb\/w:auto\/h:auto\/q:auto\/http:\/\/657.0cb.myftpupload.com\/wp-content\/uploads\/EIrWt_sW4AEjvnX-scaled.jpeg\" alt=\"EIrWt_zXYAAwjCD\"\/><\/figure>\n\n\n\n<p>L\u2019IIJ a organis\u00e9 cet atelier de r\u00e9flexion afin de mieux d\u00e9finir et comprendre la menace que repr\u00e9sente leextr\u00e9misme violent \u00e0 motivation raciale ou ethnique, d\u2019examiner les le\u00e7ons \u00e0 retenir des efforts d\u00e9ploy\u00e9s pour \u00e9liminer les organisations djihadistes mondiales et de d\u00e9finir les prochaines \u00e9tapes pour faire face \u00e0 ce ph\u00e9nom\u00e8ne r\u00e9cemment g\u00e9n\u00e9ralis\u00e9, probablement sous la forme d\u2019un plan d\u2019action destin\u00e9 \u00e0 \u00eatre mis en \u0153uvre par l\u2019ensemble des acteurs de la lutte antiterroriste, mais pour le moment, la priorit\u00e9 est donn\u00e9e \u00e0 l\u2019examen d\u2019approches g\u00e9n\u00e9rales et ax\u00e9es sur les praticiens au niveau des communaut\u00e9s locales.<\/p>\n\n\n\n<p>Lors de l\u2019atelier, les participants ont examin\u00e9 les modus operandi les plus r\u00e9cents en mati\u00e8re de terrorisme \u00e0 caract\u00e8re racial ou ethnique ainsi que le fonctionnement des organisations terroristes. Ils ont cherch\u00e9 \u00e0 identifier des moyens d\u2019\u00e9valuation et de hi\u00e9rarchisation des risques, des voies de partage d\u2019informations, des dispositifs et processus \u00e0 mettre en place pour d\u00e9tecter et d\u00e9jouer les activit\u00e9s terroristes \u00e0 caract\u00e8re racial ou ethnique et pour traduire les auteurs de ces actes en justice, ainsi que les le\u00e7ons tir\u00e9es de l\u2019\u00e9laboration de r\u00e9ponses int\u00e9gr\u00e9es et efficaces. Nos participants praticiens ont partag\u00e9 leurs exp\u00e9riences, leurs observations et leurs acquis tout au long de cet atelier dynamique et hautement interactif.<\/p>\n\n\n\n<figure class=\"wp-block-image\"><img decoding=\"async\" src=\"https:\/\/mlqwhsp1u9p8.i.optimole.com\/pCBxbW8-ytjh99Cv\/w:auto\/h:auto\/q:auto\/http:\/\/657.0cb.myftpupload.com\/wp-content\/uploads\/EIx6YnuWkAAMJkL-scaled.jpeg\" alt=\"EIrWt_zXYAAwjCD\"\/><\/figure>\n\n\n\n<p>Les participants ont \u00e9t\u00e9 r\u00e9partis en petits groupes de travail ce qui leur a permis de d\u00e9battre plus longuement des questions soulev\u00e9es en s\u00e9ance pl\u00e9ni\u00e8re. Les th\u00e8mes principaux, les lacunes en mati\u00e8re d\u2019information, les points de vue partag\u00e9s, les bonnes pratiques et les recommandations qui sont ressortis de cet atelier serviront de base aux futures interventions. Les trois derni\u00e8res s\u00e9ances se sont concentr\u00e9es sur l\u2019\u00e9laboration de toute une liste de r\u00e9ponses pour faire face au terrorisme \u00e0 caract\u00e8re racial ou ethnique qui permettra de d\u00e9terminer la marche \u00e0 suivre de l\u2019Institut en ce domaine.<\/p>\n\n\n\n<p>Les participants ont fait savoir que l\u2019atelier leur avait permis d\u2019am\u00e9liorer leur connaissance et leur compr\u00e9hension du terrorisme \u00e0 caract\u00e8re racial ou ethnique, en particulier de l\u2019extr\u00e9misme de droite.&nbsp; Tous ont reconnu les nombreuses similitudes entre le terrorisme ob\u00e9issant \u00e0 des motifs de nature raciale ou ethnique et le Djihadisme islamique, mais ils ont \u00e9galement mis l\u2019accent sur les diff\u00e9rences qui font de cette forme particuli\u00e8re du terrorisme un ph\u00e9nom\u00e8ne unique.&nbsp; De nombreux participants ont indiqu\u00e9 qu\u2019ils continueraient \u00e0 mener des recherches, \u00e0 partager des renseignements et \u00e0 coordonner leurs efforts avec l\u2019IIJ et les autres participants afin de faire face au d\u00e9fi que repr\u00e9sente le terrorisme \u00e0 caract\u00e8re racial ou ethnique \u00e0 l\u2019\u00e9chelle nationale et internationale.<\/p>\n","protected":false},"featured_media":3252,"template":"","event_type":[187],"event_topic":[201],"pages_relationship":[78],"event_category":[],"class_list":["post-6746","event","type-event","status-publish","has-post-thumbnail","hentry","event_type-workshops-fr","event_topic-remve-fr","pages_relationship-remve-initiative"],"acf":[],"yoast_head":"<!-- This site is optimized with the Yoast SEO plugin v26.5 - https:\/\/yoast.com\/wordpress\/plugins\/seo\/ -->\n<title>Initiative de l\u2019IIJ pour lutter contre le terrorisme \u00ab domestique \u00bb : Lutter contre le terrorisme ob\u00e9issant \u00e0 des motifs de nature raciale ou ethnique - L&#039;Institut International pour La Justice et l&#039;Etat de Droit<\/title>\n<meta name=\"robots\" content=\"index, follow, max-snippet:-1, max-image-preview:large, max-video-preview:-1\" \/>\n<link rel=\"canonical\" href=\"https:\/\/soundme.app\/fr\/event\/iij-addressing-homegrown-terrorism-initiative-scoping-working-on-addressing-racially-or-ethnically-motivated-violent-extremism-remve\/\" \/>\n<meta property=\"og:locale\" content=\"fr_FR\" \/>\n<meta property=\"og:type\" content=\"article\" \/>\n<meta property=\"og:title\" content=\"Initiative de l\u2019IIJ pour lutter contre le terrorisme \u00ab domestique \u00bb : Lutter contre le terrorisme ob\u00e9issant \u00e0 des motifs de nature raciale ou ethnique - L&#039;Institut International pour La Justice et l&#039;Etat de Droit\" \/>\n<meta property=\"og:description\" content=\"Entre le 5 et le 7 novembre 2019, l\u2019IIJ a convi\u00e9 36 d\u00e9cideurs politiques, universitaires et praticiens \u00e0 un atelier exploratoire sur le extr\u00e9misme violent \u00e0 motivation raciale ou ethnique, \u00e0 La Valette, Malte.&nbsp; L\u2019atelier, organis\u00e9...\" \/>\n<meta property=\"og:url\" content=\"https:\/\/soundme.app\/fr\/event\/iij-addressing-homegrown-terrorism-initiative-scoping-working-on-addressing-racially-or-ethnically-motivated-violent-extremism-remve\/\" \/>\n<meta property=\"og:site_name\" content=\"L&#039;Institut International pour La Justice et l&#039;Etat de Droit\" \/>\n<meta property=\"article:modified_time\" content=\"2021-11-05T18:35:23+00:00\" \/>\n<meta property=\"og:image\" content=\"https:\/\/soundme.app\/wp-content\/uploads\/2019\/11\/Scoping-Meeting-Pic.png\" \/>\n\t<meta property=\"og:image:width\" content=\"1601\" \/>\n\t<meta property=\"og:image:height\" content=\"1072\" \/>\n\t<meta property=\"og:image:type\" content=\"image\/png\" \/>\n<meta name=\"twitter:card\" content=\"summary_large_image\" \/>\n<meta name=\"twitter:label1\" content=\"Dur\u00e9e de lecture estim\u00e9e\" \/>\n\t<meta name=\"twitter:data1\" content=\"3 minutes\" \/>\n<script type=\"application\/ld+json\" class=\"yoast-schema-graph\">{\"@context\":\"https:\/\/schema.org\",\"@graph\":[{\"@type\":\"WebPage\",\"@id\":\"https:\/\/soundme.app\/fr\/event\/iij-addressing-homegrown-terrorism-initiative-scoping-working-on-addressing-racially-or-ethnically-motivated-violent-extremism-remve\/\",\"url\":\"https:\/\/soundme.app\/fr\/event\/iij-addressing-homegrown-terrorism-initiative-scoping-working-on-addressing-racially-or-ethnically-motivated-violent-extremism-remve\/\",\"name\":\"Initiative de l\u2019IIJ pour lutter contre le terrorisme \u00ab domestique \u00bb : Lutter contre le terrorisme ob\u00e9issant \u00e0 des motifs de nature raciale ou ethnique - L&#039;Institut International pour La Justice et l&#039;Etat de Droit\",\"isPartOf\":{\"@id\":\"https:\/\/cms.soundme.app\/#website\"},\"primaryImageOfPage\":{\"@id\":\"https:\/\/soundme.app\/fr\/event\/iij-addressing-homegrown-terrorism-initiative-scoping-working-on-addressing-racially-or-ethnically-motivated-violent-extremism-remve\/#primaryimage\"},\"image\":{\"@id\":\"https:\/\/soundme.app\/fr\/event\/iij-addressing-homegrown-terrorism-initiative-scoping-working-on-addressing-racially-or-ethnically-motivated-violent-extremism-remve\/#primaryimage\"},\"thumbnailUrl\":\"https:\/\/theiij.org\/wp-content\/uploads\/2019\/11\/Scoping-Meeting-Pic.png\",\"datePublished\":\"2019-11-05T22:19:06+00:00\",\"dateModified\":\"2021-11-05T18:35:23+00:00\",\"breadcrumb\":{\"@id\":\"https:\/\/soundme.app\/fr\/event\/iij-addressing-homegrown-terrorism-initiative-scoping-working-on-addressing-racially-or-ethnically-motivated-violent-extremism-remve\/#breadcrumb\"},\"inLanguage\":\"fr-FR\",\"potentialAction\":[{\"@type\":\"ReadAction\",\"target\":[\"https:\/\/soundme.app\/fr\/event\/iij-addressing-homegrown-terrorism-initiative-scoping-working-on-addressing-racially-or-ethnically-motivated-violent-extremism-remve\/\"]}]},{\"@type\":\"ImageObject\",\"inLanguage\":\"fr-FR\",\"@id\":\"https:\/\/soundme.app\/fr\/event\/iij-addressing-homegrown-terrorism-initiative-scoping-working-on-addressing-racially-or-ethnically-motivated-violent-extremism-remve\/#primaryimage\",\"url\":\"https:\/\/theiij.org\/wp-content\/uploads\/2019\/11\/Scoping-Meeting-Pic.png\",\"contentUrl\":\"https:\/\/theiij.org\/wp-content\/uploads\/2019\/11\/Scoping-Meeting-Pic.png\",\"width\":1601,\"height\":1072},{\"@type\":\"BreadcrumbList\",\"@id\":\"https:\/\/soundme.app\/fr\/event\/iij-addressing-homegrown-terrorism-initiative-scoping-working-on-addressing-racially-or-ethnically-motivated-violent-extremism-remve\/#breadcrumb\",\"itemListElement\":[{\"@type\":\"ListItem\",\"position\":1,\"name\":\"Home\",\"item\":\"https:\/\/theiij.org\/fr\/\"},{\"@type\":\"ListItem\",\"position\":2,\"name\":\"Initiative de l\u2019IIJ pour lutter contre le terrorisme \u00ab domestique \u00bb : Lutter contre le terrorisme ob\u00e9issant \u00e0 des motifs de nature raciale ou ethnique\"}]},{\"@type\":\"WebSite\",\"@id\":\"https:\/\/cms.soundme.app\/#website\",\"url\":\"https:\/\/cms.soundme.app\/\",\"name\":\"The International Institute for Justice and the Rule of Law\",\"description\":\"Building the Capacity of Criminal Justice Practitioners\",\"publisher\":{\"@id\":\"https:\/\/cms.soundme.app\/#organization\"},\"potentialAction\":[{\"@type\":\"SearchAction\",\"target\":{\"@type\":\"EntryPoint\",\"urlTemplate\":\"https:\/\/cms.soundme.app\/?s={search_term_string}\"},\"query-input\":{\"@type\":\"PropertyValueSpecification\",\"valueRequired\":true,\"valueName\":\"search_term_string\"}}],\"inLanguage\":\"fr-FR\"},{\"@type\":\"Organization\",\"@id\":\"https:\/\/cms.soundme.app\/#organization\",\"name\":\"The International Institute for Justice and the Rule of Law\",\"url\":\"https:\/\/cms.soundme.app\/\",\"logo\":{\"@type\":\"ImageObject\",\"inLanguage\":\"fr-FR\",\"@id\":\"https:\/\/cms.soundme.app\/#\/schema\/logo\/image\/\",\"url\":\"https:\/\/theiij.org\/wp-content\/uploads\/2024\/06\/IIJ-Logo.svg\",\"contentUrl\":\"https:\/\/theiij.org\/wp-content\/uploads\/2024\/06\/IIJ-Logo.svg\",\"caption\":\"The International Institute for Justice and the Rule of Law\"},\"image\":{\"@id\":\"https:\/\/cms.soundme.app\/#\/schema\/logo\/image\/\"}}]}<\/script>\n<!-- \/ Yoast SEO plugin. -->","yoast_head_json":{"title":"Initiative de l\u2019IIJ pour lutter contre le terrorisme \u00ab domestique \u00bb : Lutter contre le terrorisme ob\u00e9issant \u00e0 des motifs de nature raciale ou ethnique - L&#039;Institut International pour La Justice et l&#039;Etat de Droit","robots":{"index":"index","follow":"follow","max-snippet":"max-snippet:-1","max-image-preview":"max-image-preview:large","max-video-preview":"max-video-preview:-1"},"canonical":"https:\/\/soundme.app\/fr\/event\/iij-addressing-homegrown-terrorism-initiative-scoping-working-on-addressing-racially-or-ethnically-motivated-violent-extremism-remve\/","og_locale":"fr_FR","og_type":"article","og_title":"Initiative de l\u2019IIJ pour lutter contre le terrorisme \u00ab domestique \u00bb : Lutter contre le terrorisme ob\u00e9issant \u00e0 des motifs de nature raciale ou ethnique - L&#039;Institut International pour La Justice et l&#039;Etat de Droit","og_description":"Entre le 5 et le 7 novembre 2019, l\u2019IIJ a convi\u00e9 36 d\u00e9cideurs politiques, universitaires et praticiens \u00e0 un atelier exploratoire sur le extr\u00e9misme violent \u00e0 motivation raciale ou ethnique, \u00e0 La Valette, Malte.&nbsp; L\u2019atelier, organis\u00e9...","og_url":"https:\/\/soundme.app\/fr\/event\/iij-addressing-homegrown-terrorism-initiative-scoping-working-on-addressing-racially-or-ethnically-motivated-violent-extremism-remve\/","og_site_name":"L&#039;Institut International pour La Justice et l&#039;Etat de Droit","article_modified_time":"2021-11-05T18:35:23+00:00","og_image":[{"width":1601,"height":1072,"url":"https:\/\/soundme.app\/wp-content\/uploads\/2019\/11\/Scoping-Meeting-Pic.png","type":"image\/png"}],"twitter_card":"summary_large_image","twitter_misc":{"Dur\u00e9e de lecture estim\u00e9e":"3 minutes"},"schema":{"@context":"https:\/\/schema.org","@graph":[{"@type":"WebPage","@id":"https:\/\/soundme.app\/fr\/event\/iij-addressing-homegrown-terrorism-initiative-scoping-working-on-addressing-racially-or-ethnically-motivated-violent-extremism-remve\/","url":"https:\/\/soundme.app\/fr\/event\/iij-addressing-homegrown-terrorism-initiative-scoping-working-on-addressing-racially-or-ethnically-motivated-violent-extremism-remve\/","name":"Initiative de l\u2019IIJ pour lutter contre le terrorisme \u00ab domestique \u00bb : Lutter contre le terrorisme ob\u00e9issant \u00e0 des motifs de nature raciale ou ethnique - L&#039;Institut International pour La Justice et l&#039;Etat de Droit","isPartOf":{"@id":"https:\/\/cms.soundme.app\/#website"},"primaryImageOfPage":{"@id":"https:\/\/soundme.app\/fr\/event\/iij-addressing-homegrown-terrorism-initiative-scoping-working-on-addressing-racially-or-ethnically-motivated-violent-extremism-remve\/#primaryimage"},"image":{"@id":"https:\/\/soundme.app\/fr\/event\/iij-addressing-homegrown-terrorism-initiative-scoping-working-on-addressing-racially-or-ethnically-motivated-violent-extremism-remve\/#primaryimage"},"thumbnailUrl":"https:\/\/theiij.org\/wp-content\/uploads\/2019\/11\/Scoping-Meeting-Pic.png","datePublished":"2019-11-05T22:19:06+00:00","dateModified":"2021-11-05T18:35:23+00:00","breadcrumb":{"@id":"https:\/\/soundme.app\/fr\/event\/iij-addressing-homegrown-terrorism-initiative-scoping-working-on-addressing-racially-or-ethnically-motivated-violent-extremism-remve\/#breadcrumb"},"inLanguage":"fr-FR","potentialAction":[{"@type":"ReadAction","target":["https:\/\/soundme.app\/fr\/event\/iij-addressing-homegrown-terrorism-initiative-scoping-working-on-addressing-racially-or-ethnically-motivated-violent-extremism-remve\/"]}]},{"@type":"ImageObject","inLanguage":"fr-FR","@id":"https:\/\/soundme.app\/fr\/event\/iij-addressing-homegrown-terrorism-initiative-scoping-working-on-addressing-racially-or-ethnically-motivated-violent-extremism-remve\/#primaryimage","url":"https:\/\/theiij.org\/wp-content\/uploads\/2019\/11\/Scoping-Meeting-Pic.png","contentUrl":"https:\/\/theiij.org\/wp-content\/uploads\/2019\/11\/Scoping-Meeting-Pic.png","width":1601,"height":1072},{"@type":"BreadcrumbList","@id":"https:\/\/soundme.app\/fr\/event\/iij-addressing-homegrown-terrorism-initiative-scoping-working-on-addressing-racially-or-ethnically-motivated-violent-extremism-remve\/#breadcrumb","itemListElement":[{"@type":"ListItem","position":1,"name":"Home","item":"https:\/\/theiij.org\/fr\/"},{"@type":"ListItem","position":2,"name":"Initiative de l\u2019IIJ pour lutter contre le terrorisme \u00ab domestique \u00bb : Lutter contre le terrorisme ob\u00e9issant \u00e0 des motifs de nature raciale ou ethnique"}]},{"@type":"WebSite","@id":"https:\/\/cms.soundme.app\/#website","url":"https:\/\/cms.soundme.app\/","name":"The International Institute for Justice and the Rule of Law","description":"Building the Capacity of Criminal Justice Practitioners","publisher":{"@id":"https:\/\/cms.soundme.app\/#organization"},"potentialAction":[{"@type":"SearchAction","target":{"@type":"EntryPoint","urlTemplate":"https:\/\/cms.soundme.app\/?s={search_term_string}"},"query-input":{"@type":"PropertyValueSpecification","valueRequired":true,"valueName":"search_term_string"}}],"inLanguage":"fr-FR"},{"@type":"Organization","@id":"https:\/\/cms.soundme.app\/#organization","name":"The International Institute for Justice and the Rule of Law","url":"https:\/\/cms.soundme.app\/","logo":{"@type":"ImageObject","inLanguage":"fr-FR","@id":"https:\/\/cms.soundme.app\/#\/schema\/logo\/image\/","url":"https:\/\/theiij.org\/wp-content\/uploads\/2024\/06\/IIJ-Logo.svg","contentUrl":"https:\/\/theiij.org\/wp-content\/uploads\/2024\/06\/IIJ-Logo.svg","caption":"The International Institute for Justice and the Rule of Law"},"image":{"@id":"https:\/\/cms.soundme.app\/#\/schema\/logo\/image\/"}}]}},"_links":{"self":[{"href":"https:\/\/theiij.org\/fr\/wp-json\/wp\/v2\/event\/6746","targetHints":{"allow":["GET"]}}],"collection":[{"href":"https:\/\/theiij.org\/fr\/wp-json\/wp\/v2\/event"}],"about":[{"href":"https:\/\/theiij.org\/fr\/wp-json\/wp\/v2\/types\/event"}],"wp:featuredmedia":[{"embeddable":true,"href":"https:\/\/theiij.org\/fr\/wp-json\/wp\/v2\/media\/3252"}],"wp:attachment":[{"href":"https:\/\/theiij.org\/fr\/wp-json\/wp\/v2\/media?parent=6746"}],"wp:term":[{"taxonomy":"event_type","embeddable":true,"href":"https:\/\/theiij.org\/fr\/wp-json\/wp\/v2\/event_type?post=6746"},{"taxonomy":"event_topic","embeddable":true,"href":"https:\/\/theiij.org\/fr\/wp-json\/wp\/v2\/event_topic?post=6746"},{"taxonomy":"pages_relationship","embeddable":true,"href":"https:\/\/theiij.org\/fr\/wp-json\/wp\/v2\/pages_relationship?post=6746"},{"taxonomy":"event_category","embeddable":true,"href":"https:\/\/theiij.org\/fr\/wp-json\/wp\/v2\/event_category?post=6746"}],"curies":[{"name":"wp","href":"https:\/\/api.w.org\/{rel}","templated":true}]}}