{"id":6748,"date":"2019-10-24T18:28:00","date_gmt":"2019-10-24T18:28:00","guid":{"rendered":"https:\/\/iij.fifthtribe.com\/event\/iij-juvenile-justice-initiative-sectoral-workshop-for-judges\/"},"modified":"2021-11-05T18:36:15","modified_gmt":"2021-11-05T18:36:15","slug":"iij-juvenile-justice-initiative-sectoral-workshop-for-judges","status":"publish","type":"event","link":"https:\/\/theiij.org\/fr\/event\/iij-juvenile-justice-initiative-sectoral-workshop-for-judges\/","title":{"rendered":"Initiative de l\u2019IIJ en mati\u00e8re de justice pour mineurs : Ateliers sectoriels des juges"},"content":{"rendered":"\n<p>Entre le 22 et le 24 octobre 2019, l\u2019IIJ a organis\u00e9 \u00e0 Malte un atelier sectoriel destin\u00e9 aux juges dans le cadre de son Initiative relative \u00e0 la justice des mineurs, l\u2019une des huit initiatives principales de l\u2019IIJ. 60 praticiens ont pris part \u00e0 cet atelier sectoriel, parmi lesquels des juges, des enqu\u00eateurs, des procureurs, des avocats de la d\u00e9fense et des experts venus de 25 pays d\u2019Afrique, d\u2019Asie, d\u2019Europe, du Moyen-Orient et d\u2019Am\u00e9rique du Nord. L\u2019objectif de l\u2019atelier \u00e9tait de renforcer les comp\u00e9tences des juges en ce qui concerne le traitement \u00e9quitable et efficace des affaires de terrorisme impliquant des mineurs en faisant toujours pr\u00e9valoir l\u2019int\u00e9r\u00eat sup\u00e9rieur de l\u2019enfant, et de mettre en lumi\u00e8re les recommandations \u00e9nonc\u00e9es dans le Guide \u00e0 l\u2019usage des juges en mati\u00e8re de justice pour mineurs \u00e9labor\u00e9 par l\u2019IIJ. Cet atelier a notamment permis aux praticiens d\u2019examiner et de mettre en perspective les recommandations contenues dans le nouveau Guide \u00e0 l\u2019usage des juges en mati\u00e8re de justice pour mineurs (ci-apr\u00e8s le Guide des juges de l\u2019IIJ) par rapport \u00e0 leurs exp\u00e9riences nationales respectives, lesquelles viennent appuyer la mise en \u0153uvre du M\u00e9morandum de Neuch\u00e2tel sur les bonnes pratiques de justice pour mineurs dans le contexte de la lutte contre le terrorisme (ci-apr\u00e8s le M\u00e9morandum de Neuch\u00e2tel) \u00e9labor\u00e9 par le Forum mondial de lutte contre le terrorisme (GCTF).<\/p>\n\n\n\n<figure class=\"wp-block-image\"><img decoding=\"async\" src=\"https:\/\/mlqwhsp1u9p8.i.optimole.com\/pCBxbW8-rfjIKmZw\/w:auto\/h:auto\/q:auto\/http:\/\/657.0cb.myftpupload.com\/wp-content\/uploads\/5DM_6712.jpg\" alt=\"5DM_6761\"\/><\/figure>\n\n\n\n<p>Durant cet atelier interactif, les praticiens ont pris connaissance pour la premi\u00e8re fois du Guide des juges de l\u2019IIJ et de ses quinze recommandations destin\u00e9es \u00e0 orienter les juges dans la mise en \u0153uvre du M\u00e9morandum de Neuch\u00e2tel, chacune illustr\u00e9e par des exemples provenant des pays desservis par l\u2019IIJ. Pendant leurs \u00e9changes, les participants se sont concentr\u00e9s sur le r\u00f4le que jouent les juges dans la protection de tous les droits des mineurs avant, pendant et apr\u00e8s le proc\u00e8s, sur les mesures de d\u00e9judiciarisation et les proc\u00e9dures sp\u00e9cifiques aux mineurs, telles que le respect du droit \u00e0 la vie priv\u00e9e des mineurs. Les praticiens ont men\u00e9 des d\u00e9bats extr\u00eamement productifs durant les s\u00e9ances de groupes, en \u00e9tudiant quatre sc\u00e9narios hypoth\u00e9tiques reprenant les principaux d\u00e9fis rencontr\u00e9s lors du traitement des affaires impliquant des mineurs en conflit avec la loi dans un contexte de lutte contre le terrorisme. Les sc\u00e9narios hypoth\u00e9tiques ont apport\u00e9 un \u00e9clairage sur les recommandations du Guide des juges de l\u2019IIJ et ont donn\u00e9 l\u2019occasion aux praticiens d\u2019\u00e9changer autour des modalit\u00e9s relatives \u00e0 l\u2019application des recommandations du Guide dans leurs pays respectifs, venant ainsi soutenir la mise en \u0153uvre effective des bonnes pratiques expos\u00e9es dans le M\u00e9morandum de Neuch\u00e2tel. La protection des droits de l\u2019enfant et la primaut\u00e9 de l\u2019int\u00e9r\u00eat sup\u00e9rieur de l\u2019enfant, conform\u00e9ment au droit international et aux normes relatives \u00e0 la justice pour mineurs, \u00e9taient au c\u0153ur de l\u2019atelier.<\/p>\n\n\n\n<figure class=\"wp-block-image\"><img decoding=\"async\" src=\"https:\/\/mlqwhsp1u9p8.i.optimole.com\/pCBxbW8-pZ2-YHnr\/w:auto\/h:auto\/q:auto\/http:\/\/657.0cb.myftpupload.com\/wp-content\/uploads\/5DM_6466.jpg\" alt=\"5DM_6761\"\/><\/figure>\n\n\n\n<p>\u00c0 l\u2019issue des trois jours d\u2019atelier, les participants ont formul\u00e9 des suggestions et des commentaires pr\u00e9cieux qui ont permis d\u2019apporter de nouveaux \u00e9l\u00e9ments au Guide avant qu\u2019il ne soit finalis\u00e9.<\/p>\n\n\n\n<p>Le Guide \u00e0 usage des praticiens de l\u2019IIJ s\u2019inscrit dans le cadre d\u2019une initiative plus large visant \u00e0 \u00e9laborer des guides pratiques sp\u00e9cifiques \u00e0 chaque secteur, destin\u00e9s notamment aux juges, aux enqu\u00eateurs, aux procureurs, aux avocats et aux agents p\u00e9nitentiaires. Chaque guide sera publi\u00e9 s\u00e9par\u00e9ment, mais aussi dans un ouvrage consolid\u00e9 d\u00e9but 2020 et constituera un instrument unique en son genre \u00e0 l\u2019usage des praticiens du secteur de la justice.<\/p>\n\n\n\n<figure class=\"wp-block-image\"><img decoding=\"async\" src=\"https:\/\/mlqwhsp1u9p8.i.optimole.com\/pCBxbW8-EvwRslQ8\/w:803\/h:535\/q:auto\/http:\/\/657.0cb.myftpupload.com\/wp-content\/uploads\/5DM_6429.jpg\" alt=\"5DM_6761\"\/><\/figure>\n","protected":false},"featured_media":3671,"template":"","event_type":[187],"event_topic":[203],"pages_relationship":[75],"event_category":[],"class_list":["post-6748","event","type-event","status-publish","has-post-thumbnail","hentry","event_type-workshops-fr","event_topic-juvenile-justice-fr","pages_relationship-juvenile-justice-initiative"],"acf":[],"yoast_head":"<!-- This site is optimized with the Yoast SEO plugin v26.5 - https:\/\/yoast.com\/wordpress\/plugins\/seo\/ -->\n<title>Initiative de l\u2019IIJ en mati\u00e8re de justice pour mineurs : Ateliers sectoriels des juges - L&#039;Institut International pour La Justice et l&#039;Etat de Droit<\/title>\n<meta name=\"robots\" content=\"index, follow, max-snippet:-1, max-image-preview:large, max-video-preview:-1\" \/>\n<link rel=\"canonical\" href=\"https:\/\/soundme.app\/fr\/event\/iij-juvenile-justice-initiative-sectoral-workshop-for-judges\/\" \/>\n<meta property=\"og:locale\" content=\"fr_FR\" \/>\n<meta property=\"og:type\" content=\"article\" \/>\n<meta property=\"og:title\" content=\"Initiative de l\u2019IIJ en mati\u00e8re de justice pour mineurs : Ateliers sectoriels des juges - L&#039;Institut International pour La Justice et l&#039;Etat de Droit\" \/>\n<meta property=\"og:description\" content=\"Entre le 22 et le 24 octobre 2019, l\u2019IIJ a organis\u00e9 \u00e0 Malte un atelier sectoriel destin\u00e9 aux juges dans le cadre de son Initiative relative \u00e0 la justice des mineurs, l\u2019une des huit initiatives principales...\" \/>\n<meta property=\"og:url\" content=\"https:\/\/soundme.app\/fr\/event\/iij-juvenile-justice-initiative-sectoral-workshop-for-judges\/\" \/>\n<meta property=\"og:site_name\" content=\"L&#039;Institut International pour La Justice et l&#039;Etat de Droit\" \/>\n<meta property=\"article:modified_time\" content=\"2021-11-05T18:36:15+00:00\" \/>\n<meta property=\"og:image\" content=\"https:\/\/soundme.app\/wp-content\/uploads\/2021\/09\/5DM_6712-1.jpg\" \/>\n\t<meta property=\"og:image:width\" content=\"1920\" \/>\n\t<meta property=\"og:image:height\" content=\"1280\" \/>\n\t<meta property=\"og:image:type\" content=\"image\/jpeg\" \/>\n<meta name=\"twitter:card\" content=\"summary_large_image\" \/>\n<meta name=\"twitter:label1\" content=\"Dur\u00e9e de lecture estim\u00e9e\" \/>\n\t<meta name=\"twitter:data1\" content=\"4 minutes\" \/>\n<script type=\"application\/ld+json\" class=\"yoast-schema-graph\">{\"@context\":\"https:\/\/schema.org\",\"@graph\":[{\"@type\":\"WebPage\",\"@id\":\"https:\/\/soundme.app\/fr\/event\/iij-juvenile-justice-initiative-sectoral-workshop-for-judges\/\",\"url\":\"https:\/\/soundme.app\/fr\/event\/iij-juvenile-justice-initiative-sectoral-workshop-for-judges\/\",\"name\":\"Initiative de l\u2019IIJ en mati\u00e8re de justice pour mineurs : Ateliers sectoriels des juges - L&#039;Institut International pour La Justice et l&#039;Etat de Droit\",\"isPartOf\":{\"@id\":\"https:\/\/cms.soundme.app\/#website\"},\"primaryImageOfPage\":{\"@id\":\"https:\/\/soundme.app\/fr\/event\/iij-juvenile-justice-initiative-sectoral-workshop-for-judges\/#primaryimage\"},\"image\":{\"@id\":\"https:\/\/soundme.app\/fr\/event\/iij-juvenile-justice-initiative-sectoral-workshop-for-judges\/#primaryimage\"},\"thumbnailUrl\":\"https:\/\/theiij.org\/wp-content\/uploads\/2021\/09\/5DM_6712-1.jpg\",\"datePublished\":\"2019-10-24T18:28:00+00:00\",\"dateModified\":\"2021-11-05T18:36:15+00:00\",\"breadcrumb\":{\"@id\":\"https:\/\/soundme.app\/fr\/event\/iij-juvenile-justice-initiative-sectoral-workshop-for-judges\/#breadcrumb\"},\"inLanguage\":\"fr-FR\",\"potentialAction\":[{\"@type\":\"ReadAction\",\"target\":[\"https:\/\/soundme.app\/fr\/event\/iij-juvenile-justice-initiative-sectoral-workshop-for-judges\/\"]}]},{\"@type\":\"ImageObject\",\"inLanguage\":\"fr-FR\",\"@id\":\"https:\/\/soundme.app\/fr\/event\/iij-juvenile-justice-initiative-sectoral-workshop-for-judges\/#primaryimage\",\"url\":\"https:\/\/theiij.org\/wp-content\/uploads\/2021\/09\/5DM_6712-1.jpg\",\"contentUrl\":\"https:\/\/theiij.org\/wp-content\/uploads\/2021\/09\/5DM_6712-1.jpg\",\"width\":1920,\"height\":1280},{\"@type\":\"BreadcrumbList\",\"@id\":\"https:\/\/soundme.app\/fr\/event\/iij-juvenile-justice-initiative-sectoral-workshop-for-judges\/#breadcrumb\",\"itemListElement\":[{\"@type\":\"ListItem\",\"position\":1,\"name\":\"Home\",\"item\":\"https:\/\/theiij.org\/fr\/\"},{\"@type\":\"ListItem\",\"position\":2,\"name\":\"Initiative de l\u2019IIJ en mati\u00e8re de justice pour mineurs : Ateliers sectoriels des juges\"}]},{\"@type\":\"WebSite\",\"@id\":\"https:\/\/cms.soundme.app\/#website\",\"url\":\"https:\/\/cms.soundme.app\/\",\"name\":\"The International Institute for Justice and the Rule of Law\",\"description\":\"Building the Capacity of Criminal Justice Practitioners\",\"publisher\":{\"@id\":\"https:\/\/cms.soundme.app\/#organization\"},\"potentialAction\":[{\"@type\":\"SearchAction\",\"target\":{\"@type\":\"EntryPoint\",\"urlTemplate\":\"https:\/\/cms.soundme.app\/?s={search_term_string}\"},\"query-input\":{\"@type\":\"PropertyValueSpecification\",\"valueRequired\":true,\"valueName\":\"search_term_string\"}}],\"inLanguage\":\"fr-FR\"},{\"@type\":\"Organization\",\"@id\":\"https:\/\/cms.soundme.app\/#organization\",\"name\":\"The International Institute for Justice and the Rule of Law\",\"url\":\"https:\/\/cms.soundme.app\/\",\"logo\":{\"@type\":\"ImageObject\",\"inLanguage\":\"fr-FR\",\"@id\":\"https:\/\/cms.soundme.app\/#\/schema\/logo\/image\/\",\"url\":\"https:\/\/theiij.org\/wp-content\/uploads\/2024\/06\/IIJ-Logo.svg\",\"contentUrl\":\"https:\/\/theiij.org\/wp-content\/uploads\/2024\/06\/IIJ-Logo.svg\",\"caption\":\"The International Institute for Justice and the Rule of Law\"},\"image\":{\"@id\":\"https:\/\/cms.soundme.app\/#\/schema\/logo\/image\/\"}}]}<\/script>\n<!-- \/ Yoast SEO plugin. -->","yoast_head_json":{"title":"Initiative de l\u2019IIJ en mati\u00e8re de justice pour mineurs : Ateliers sectoriels des juges - L&#039;Institut International pour La Justice et l&#039;Etat de Droit","robots":{"index":"index","follow":"follow","max-snippet":"max-snippet:-1","max-image-preview":"max-image-preview:large","max-video-preview":"max-video-preview:-1"},"canonical":"https:\/\/soundme.app\/fr\/event\/iij-juvenile-justice-initiative-sectoral-workshop-for-judges\/","og_locale":"fr_FR","og_type":"article","og_title":"Initiative de l\u2019IIJ en mati\u00e8re de justice pour mineurs : Ateliers sectoriels des juges - L&#039;Institut International pour La Justice et l&#039;Etat de Droit","og_description":"Entre le 22 et le 24 octobre 2019, l\u2019IIJ a organis\u00e9 \u00e0 Malte un atelier sectoriel destin\u00e9 aux juges dans le cadre de son Initiative relative \u00e0 la justice des mineurs, l\u2019une des huit initiatives principales...","og_url":"https:\/\/soundme.app\/fr\/event\/iij-juvenile-justice-initiative-sectoral-workshop-for-judges\/","og_site_name":"L&#039;Institut International pour La Justice et l&#039;Etat de Droit","article_modified_time":"2021-11-05T18:36:15+00:00","og_image":[{"width":1920,"height":1280,"url":"https:\/\/soundme.app\/wp-content\/uploads\/2021\/09\/5DM_6712-1.jpg","type":"image\/jpeg"}],"twitter_card":"summary_large_image","twitter_misc":{"Dur\u00e9e de lecture estim\u00e9e":"4 minutes"},"schema":{"@context":"https:\/\/schema.org","@graph":[{"@type":"WebPage","@id":"https:\/\/soundme.app\/fr\/event\/iij-juvenile-justice-initiative-sectoral-workshop-for-judges\/","url":"https:\/\/soundme.app\/fr\/event\/iij-juvenile-justice-initiative-sectoral-workshop-for-judges\/","name":"Initiative de l\u2019IIJ en mati\u00e8re de justice pour mineurs : Ateliers sectoriels des juges - L&#039;Institut International pour La Justice et l&#039;Etat de Droit","isPartOf":{"@id":"https:\/\/cms.soundme.app\/#website"},"primaryImageOfPage":{"@id":"https:\/\/soundme.app\/fr\/event\/iij-juvenile-justice-initiative-sectoral-workshop-for-judges\/#primaryimage"},"image":{"@id":"https:\/\/soundme.app\/fr\/event\/iij-juvenile-justice-initiative-sectoral-workshop-for-judges\/#primaryimage"},"thumbnailUrl":"https:\/\/theiij.org\/wp-content\/uploads\/2021\/09\/5DM_6712-1.jpg","datePublished":"2019-10-24T18:28:00+00:00","dateModified":"2021-11-05T18:36:15+00:00","breadcrumb":{"@id":"https:\/\/soundme.app\/fr\/event\/iij-juvenile-justice-initiative-sectoral-workshop-for-judges\/#breadcrumb"},"inLanguage":"fr-FR","potentialAction":[{"@type":"ReadAction","target":["https:\/\/soundme.app\/fr\/event\/iij-juvenile-justice-initiative-sectoral-workshop-for-judges\/"]}]},{"@type":"ImageObject","inLanguage":"fr-FR","@id":"https:\/\/soundme.app\/fr\/event\/iij-juvenile-justice-initiative-sectoral-workshop-for-judges\/#primaryimage","url":"https:\/\/theiij.org\/wp-content\/uploads\/2021\/09\/5DM_6712-1.jpg","contentUrl":"https:\/\/theiij.org\/wp-content\/uploads\/2021\/09\/5DM_6712-1.jpg","width":1920,"height":1280},{"@type":"BreadcrumbList","@id":"https:\/\/soundme.app\/fr\/event\/iij-juvenile-justice-initiative-sectoral-workshop-for-judges\/#breadcrumb","itemListElement":[{"@type":"ListItem","position":1,"name":"Home","item":"https:\/\/theiij.org\/fr\/"},{"@type":"ListItem","position":2,"name":"Initiative de l\u2019IIJ en mati\u00e8re de justice pour mineurs : Ateliers sectoriels des juges"}]},{"@type":"WebSite","@id":"https:\/\/cms.soundme.app\/#website","url":"https:\/\/cms.soundme.app\/","name":"The International Institute for Justice and the Rule of Law","description":"Building the Capacity of Criminal Justice Practitioners","publisher":{"@id":"https:\/\/cms.soundme.app\/#organization"},"potentialAction":[{"@type":"SearchAction","target":{"@type":"EntryPoint","urlTemplate":"https:\/\/cms.soundme.app\/?s={search_term_string}"},"query-input":{"@type":"PropertyValueSpecification","valueRequired":true,"valueName":"search_term_string"}}],"inLanguage":"fr-FR"},{"@type":"Organization","@id":"https:\/\/cms.soundme.app\/#organization","name":"The International Institute for Justice and the Rule of Law","url":"https:\/\/cms.soundme.app\/","logo":{"@type":"ImageObject","inLanguage":"fr-FR","@id":"https:\/\/cms.soundme.app\/#\/schema\/logo\/image\/","url":"https:\/\/theiij.org\/wp-content\/uploads\/2024\/06\/IIJ-Logo.svg","contentUrl":"https:\/\/theiij.org\/wp-content\/uploads\/2024\/06\/IIJ-Logo.svg","caption":"The International Institute for Justice and the Rule of Law"},"image":{"@id":"https:\/\/cms.soundme.app\/#\/schema\/logo\/image\/"}}]}},"_links":{"self":[{"href":"https:\/\/theiij.org\/fr\/wp-json\/wp\/v2\/event\/6748","targetHints":{"allow":["GET"]}}],"collection":[{"href":"https:\/\/theiij.org\/fr\/wp-json\/wp\/v2\/event"}],"about":[{"href":"https:\/\/theiij.org\/fr\/wp-json\/wp\/v2\/types\/event"}],"wp:featuredmedia":[{"embeddable":true,"href":"https:\/\/theiij.org\/fr\/wp-json\/wp\/v2\/media\/3671"}],"wp:attachment":[{"href":"https:\/\/theiij.org\/fr\/wp-json\/wp\/v2\/media?parent=6748"}],"wp:term":[{"taxonomy":"event_type","embeddable":true,"href":"https:\/\/theiij.org\/fr\/wp-json\/wp\/v2\/event_type?post=6748"},{"taxonomy":"event_topic","embeddable":true,"href":"https:\/\/theiij.org\/fr\/wp-json\/wp\/v2\/event_topic?post=6748"},{"taxonomy":"pages_relationship","embeddable":true,"href":"https:\/\/theiij.org\/fr\/wp-json\/wp\/v2\/pages_relationship?post=6748"},{"taxonomy":"event_category","embeddable":true,"href":"https:\/\/theiij.org\/fr\/wp-json\/wp\/v2\/event_category?post=6748"}],"curies":[{"name":"wp","href":"https:\/\/api.w.org\/{rel}","templated":true}]}}