{"id":6770,"date":"2019-06-27T17:48:00","date_gmt":"2019-06-27T17:48:00","guid":{"rendered":"https:\/\/iij.fifthtribe.com\/event\/iij-judicial-capacity-building-initiative-evidence-workshop-for-west-africa\/"},"modified":"2021-11-05T18:15:02","modified_gmt":"2021-11-05T18:15:02","slug":"iij-judicial-capacity-building-initiative-evidence-workshop-for-west-africa","status":"publish","type":"event","link":"https:\/\/theiij.org\/fr\/event\/iij-judicial-capacity-building-initiative-evidence-workshop-for-west-africa\/","title":{"rendered":"Initiative de l\u2019IIJ sur le renforcement de comp\u00e9tences judiciaires : Atelier sur les \u00e9l\u00e9ments de preuves \u2013 Afrique de l\u2019Ouest"},"content":{"rendered":"\n<p>Du 25 au 27 juin 2019, l\u2019Institut international pour la justice et l\u2019\u00c9tat de droit (IIJ) a organis\u00e9 \u00e0 Dakar, au S\u00e9n\u00e9gal, un atelier r\u00e9gional sur les preuves. Cet atelier pour l\u2019Afrique de l\u2019Ouest, coorganis\u00e9 avec le gouvernement du S\u00e9n\u00e9gal et soutenu par les gouvernements du Canada et de la Suisse, s\u2019est tenu dans le cadre de l\u2019Initiative de l\u2019IIJ sur le renforcement des comp\u00e9tences judiciaires, l\u2019une de ses huit initiatives principales.<\/p>\n\n\n\n<p>L\u2019atelier a rassembl\u00e9 66 praticiens et experts, parmi lesquels des repr\u00e9sentants de 16 pays d\u2019Afrique de l\u2019Ouest et des pays voisins \u2013 dont l\u2019Alg\u00e9rie, le B\u00e9nin, le Burkina Faso, le Cameroun, la C\u00f4te d\u2019Ivoire, le Ghana, la Guin\u00e9e, le Mali, le Maroc, la Mauritanie, le Niger, le Nigeria, le S\u00e9n\u00e9gal, la Sierra Leone, le Tchad et le Togo.<\/p>\n\n\n\n<p>La formation s\u2019est concentr\u00e9e sur la mise en pratique des&nbsp;<a href=\"https:\/\/www.thegctf.org\/Portals\/1\/Documents\/Framework%20Documents\/2018\/GCTF-Abuja-Recommendations_FR.pdf?ver=2018-09-21-122246-523&amp;timestamp=1580219187808\"><em>Recommandations d\u2019Abuja sur la collecte, l\u2019utilisation et l\u2019\u00e9change d\u2019\u00e9l\u00e9ments de preuve aux fins des poursuites p\u00e9nales de terroristes pr\u00e9sum\u00e9s<\/em><\/a>&nbsp;(ci-apr\u00e8s les recommandations d\u2019Abuja), \u00e9labor\u00e9es par le groupe de travail sur la justice p\u00e9nale et l\u2019\u00c9tat de droit (CJ-RoL) du Forum mondial de lutte contre le terrorisme (GCTF). Ce texte, publi\u00e9 en juin 2018, pr\u00e9sent\u00e9 et adopt\u00e9 lors de la r\u00e9union pl\u00e9ni\u00e8re minist\u00e9rielle du GCTF \u00e0 New York, pr\u00e9sente des recommandations aux enqu\u00eateurs et aux procureurs charg\u00e9s des affaires de terrorisme sur la mani\u00e8re de constituer des dossiers solides bas\u00e9s sur des preuves concr\u00e8tes et recevables.<\/p>\n\n\n\n<figure class=\"wp-block-image\"><img decoding=\"async\" src=\"https:\/\/mlqwhsp1u9p8.i.optimole.com\/pCBxbW8-MtDgVZIb\/w:auto\/h:auto\/q:auto\/http:\/\/657.0cb.myftpupload.com\/wp-content\/uploads\/Open.jpg\" alt=\"Open\"\/><\/figure>\n\n\n\n<p>Ont particip\u00e9 \u00e0 l\u2019atelier des procureurs, des enqu\u00eateurs et des officiers de police judiciaire sp\u00e9cialis\u00e9s en criminalistique, ainsi que des officiers militaires ayant une exp\u00e9rience des affaires de terrorisme. Il s\u2019agit du premier atelier de l\u2019IIJ qui inclut des officiers militaires parmi ses participants, une \u00e9tape importante pour les formations de l\u2019IIJ dans les r\u00e9gions o\u00f9 l\u2019arm\u00e9e exerce une fonction de maintien de l\u2019ordre et est souvent la premi\u00e8re sur les lieux pour d\u00e9jouer les complots terroristes et r\u00e9pondre aux attaques \u2013 jouant ainsi un r\u00f4le cl\u00e9 dans la collecte de preuves pour les enqu\u00eates de justice p\u00e9nale et les poursuites des crimes terroristes.<\/p>\n\n\n\n<p>Son Excellence Ma\u00eetre Malick Sall, ministre de la Justice du S\u00e9n\u00e9gal, a ouvert l\u2019atelier par des remarques inspirantes appelant les praticiens \u00e0 travailler ensemble au-del\u00e0 des fronti\u00e8res pour mettre en pratique les recommandations du GCTF. Son Excellence Marion Weichelt Krupski, Ambassadrice de Suisse, M. Matthieu Kimmell, Charg\u00e9 d\u2019affaires canadien, et le Capitaine Sadeeq Garba, repr\u00e9sentant le Nigeria, ont tous prononc\u00e9 des remarques rappelant l\u2019importance du renforcement de la coop\u00e9ration internationale et de l\u2019\u00c9tat de droit. Au cours de cette formation de trois jours, des experts praticiens d\u2019Afrique de l\u2019Ouest, d\u2019Europe et d\u2019Am\u00e9rique du Nord ont pr\u00e9sent\u00e9 des cas r\u00e9els, en mettant l\u2019accent sur trois principaux types de preuves abord\u00e9s par les&nbsp;<em>Recommandations d\u2019Abuja<\/em>&nbsp;\u2013 les preuves scientifiques mat\u00e9rielles, les preuves \u00e9lectroniques et les t\u00e9moignages \u2013 ainsi que les preuves obtenues sur le champ de bataille et la coop\u00e9ration judiciaire. Les participants ont \u00e9chang\u00e9 leurs exp\u00e9riences en mati\u00e8re de collecte, de partage et d\u2019utilisation de ces types de preuves, et ont appliqu\u00e9 les&nbsp;<em>Recommandations d\u2019Abuja<\/em>&nbsp;\u00e0 une s\u00e9rie d\u2019exercices hypoth\u00e9tiques complexes sp\u00e9cialement d\u00e9velopp\u00e9s par l\u2019IIJ pour cette formation, et ce, gr\u00e2ce \u00e0 un financement de la Suisse. Les participants ont identifi\u00e9 les principaux d\u00e9fis \u00e0 relever pour utiliser efficacement les preuves dans les affaires de terrorisme et ont discut\u00e9 des strat\u00e9gies \u00e0 mettre en \u0153uvre pour y parvenir dans leurs propres syst\u00e8mes nationaux de justice p\u00e9nale.<\/p>\n\n\n\n<figure class=\"wp-block-image\"><img decoding=\"async\" src=\"https:\/\/mlqwhsp1u9p8.i.optimole.com\/pCBxbW8-VoMEq9zi\/w:auto\/h:auto\/q:auto\/http:\/\/657.0cb.myftpupload.com\/wp-content\/uploads\/unnamed-copy.jpg\" alt=\"Open\"\/><\/figure>\n\n\n\n<p>Les premi\u00e8res r\u00e9actions indiquent que l\u2019atelier a permis d\u2019am\u00e9liorer les connaissances des praticiens sur les&nbsp;<em>Recommandations d\u2019Abuja&nbsp;<\/em>et de renforcer leur capacit\u00e9 \u00e0 mettre en pratique ces bonnes pratiques dans leur travail. L\u2019IIJ pr\u00e9voit de poursuivre la mise en application des&nbsp;<em>Recommandations d\u2019Abuja<\/em>&nbsp;en organisant en 2020 un atelier de suivi sur les preuves en Afrique de l\u2019Est. Cette formation vient \u00e9galement compl\u00e9ter le projet de l\u2019IIJ sur le renforcement des capacit\u00e9s en mati\u00e8re de preuves obtenues sur le champ de bataille, qui a d\u00e9but\u00e9 par un atelier mondial et suivi d\u2019un atelier pour les juges plus t\u00f4t en 2019, ainsi que le nouveau programme sur les fondamentaux quant \u00e0 l\u2019utilisation d\u2019informations issues du renseignement pour g\u00e9n\u00e9rer des preuves dans le cadre d\u2019enqu\u00eates et de poursuites pour terrorisme, dont le premier cours aura lieu en juillet 2019.<\/p>\n","protected":false},"featured_media":3620,"template":"","event_type":[187],"event_topic":[190],"pages_relationship":[74],"event_category":[],"class_list":["post-6770","event","type-event","status-publish","has-post-thumbnail","hentry","event_type-workshops-fr","event_topic-judicial-capacity-building-fr","pages_relationship-judicial-capacity-building-initiative"],"acf":[],"yoast_head":"<!-- This site is optimized with the Yoast SEO plugin v26.5 - https:\/\/yoast.com\/wordpress\/plugins\/seo\/ -->\n<title>Initiative de l\u2019IIJ sur le renforcement de comp\u00e9tences judiciaires : Atelier sur les \u00e9l\u00e9ments de preuves \u2013 Afrique de l\u2019Ouest - L&#039;Institut International pour La Justice et l&#039;Etat de Droit<\/title>\n<meta name=\"robots\" content=\"index, follow, max-snippet:-1, max-image-preview:large, max-video-preview:-1\" \/>\n<link rel=\"canonical\" href=\"https:\/\/52.28.163.17\/fr\/event\/iij-judicial-capacity-building-initiative-evidence-workshop-for-west-africa\/\" \/>\n<meta property=\"og:locale\" content=\"fr_FR\" \/>\n<meta property=\"og:type\" content=\"article\" \/>\n<meta property=\"og:title\" content=\"Initiative de l\u2019IIJ sur le renforcement de comp\u00e9tences judiciaires : Atelier sur les \u00e9l\u00e9ments de preuves \u2013 Afrique de l\u2019Ouest - L&#039;Institut International pour La Justice et l&#039;Etat de Droit\" \/>\n<meta property=\"og:description\" content=\"Du 25 au 27 juin 2019, l\u2019Institut international pour la justice et l\u2019\u00c9tat de droit (IIJ) a organis\u00e9 \u00e0 Dakar, au S\u00e9n\u00e9gal, un atelier r\u00e9gional sur les preuves. Cet atelier pour l\u2019Afrique de l\u2019Ouest, coorganis\u00e9 avec...\" \/>\n<meta property=\"og:url\" content=\"https:\/\/52.28.163.17\/fr\/event\/iij-judicial-capacity-building-initiative-evidence-workshop-for-west-africa\/\" \/>\n<meta property=\"og:site_name\" content=\"L&#039;Institut International pour La Justice et l&#039;Etat de Droit\" \/>\n<meta property=\"article:modified_time\" content=\"2021-11-05T18:15:02+00:00\" \/>\n<meta property=\"og:image\" content=\"https:\/\/52.28.163.17\/wp-content\/uploads\/2021\/09\/Open.jpg\" \/>\n\t<meta property=\"og:image:width\" content=\"1920\" \/>\n\t<meta property=\"og:image:height\" content=\"1080\" \/>\n\t<meta property=\"og:image:type\" content=\"image\/jpeg\" \/>\n<meta name=\"twitter:card\" content=\"summary_large_image\" \/>\n<meta name=\"twitter:label1\" content=\"Dur\u00e9e de lecture estim\u00e9e\" \/>\n\t<meta name=\"twitter:data1\" content=\"4 minutes\" \/>\n<script type=\"application\/ld+json\" class=\"yoast-schema-graph\">{\"@context\":\"https:\/\/schema.org\",\"@graph\":[{\"@type\":\"WebPage\",\"@id\":\"https:\/\/52.28.163.17\/fr\/event\/iij-judicial-capacity-building-initiative-evidence-workshop-for-west-africa\/\",\"url\":\"https:\/\/52.28.163.17\/fr\/event\/iij-judicial-capacity-building-initiative-evidence-workshop-for-west-africa\/\",\"name\":\"Initiative de l\u2019IIJ sur le renforcement de comp\u00e9tences judiciaires : Atelier sur les \u00e9l\u00e9ments de preuves \u2013 Afrique de l\u2019Ouest - L&#039;Institut International pour La Justice et l&#039;Etat de Droit\",\"isPartOf\":{\"@id\":\"https:\/\/cms.soundme.app\/#website\"},\"primaryImageOfPage\":{\"@id\":\"https:\/\/52.28.163.17\/fr\/event\/iij-judicial-capacity-building-initiative-evidence-workshop-for-west-africa\/#primaryimage\"},\"image\":{\"@id\":\"https:\/\/52.28.163.17\/fr\/event\/iij-judicial-capacity-building-initiative-evidence-workshop-for-west-africa\/#primaryimage\"},\"thumbnailUrl\":\"https:\/\/theiij.org\/wp-content\/uploads\/2021\/09\/Open.jpg\",\"datePublished\":\"2019-06-27T17:48:00+00:00\",\"dateModified\":\"2021-11-05T18:15:02+00:00\",\"breadcrumb\":{\"@id\":\"https:\/\/52.28.163.17\/fr\/event\/iij-judicial-capacity-building-initiative-evidence-workshop-for-west-africa\/#breadcrumb\"},\"inLanguage\":\"fr-FR\",\"potentialAction\":[{\"@type\":\"ReadAction\",\"target\":[\"https:\/\/52.28.163.17\/fr\/event\/iij-judicial-capacity-building-initiative-evidence-workshop-for-west-africa\/\"]}]},{\"@type\":\"ImageObject\",\"inLanguage\":\"fr-FR\",\"@id\":\"https:\/\/52.28.163.17\/fr\/event\/iij-judicial-capacity-building-initiative-evidence-workshop-for-west-africa\/#primaryimage\",\"url\":\"https:\/\/theiij.org\/wp-content\/uploads\/2021\/09\/Open.jpg\",\"contentUrl\":\"https:\/\/theiij.org\/wp-content\/uploads\/2021\/09\/Open.jpg\",\"width\":1920,\"height\":1080},{\"@type\":\"BreadcrumbList\",\"@id\":\"https:\/\/52.28.163.17\/fr\/event\/iij-judicial-capacity-building-initiative-evidence-workshop-for-west-africa\/#breadcrumb\",\"itemListElement\":[{\"@type\":\"ListItem\",\"position\":1,\"name\":\"Home\",\"item\":\"https:\/\/theiij.org\/fr\/\"},{\"@type\":\"ListItem\",\"position\":2,\"name\":\"Initiative de l\u2019IIJ sur le renforcement de comp\u00e9tences judiciaires : Atelier sur les \u00e9l\u00e9ments de preuves \u2013 Afrique de l\u2019Ouest\"}]},{\"@type\":\"WebSite\",\"@id\":\"https:\/\/cms.soundme.app\/#website\",\"url\":\"https:\/\/cms.soundme.app\/\",\"name\":\"The International Institute for Justice and the Rule of Law\",\"description\":\"Building the Capacity of Criminal Justice Practitioners\",\"publisher\":{\"@id\":\"https:\/\/cms.soundme.app\/#organization\"},\"potentialAction\":[{\"@type\":\"SearchAction\",\"target\":{\"@type\":\"EntryPoint\",\"urlTemplate\":\"https:\/\/cms.soundme.app\/?s={search_term_string}\"},\"query-input\":{\"@type\":\"PropertyValueSpecification\",\"valueRequired\":true,\"valueName\":\"search_term_string\"}}],\"inLanguage\":\"fr-FR\"},{\"@type\":\"Organization\",\"@id\":\"https:\/\/cms.soundme.app\/#organization\",\"name\":\"The International Institute for Justice and the Rule of Law\",\"url\":\"https:\/\/cms.soundme.app\/\",\"logo\":{\"@type\":\"ImageObject\",\"inLanguage\":\"fr-FR\",\"@id\":\"https:\/\/cms.soundme.app\/#\/schema\/logo\/image\/\",\"url\":\"https:\/\/theiij.org\/wp-content\/uploads\/2024\/06\/IIJ-Logo.svg\",\"contentUrl\":\"https:\/\/theiij.org\/wp-content\/uploads\/2024\/06\/IIJ-Logo.svg\",\"caption\":\"The International Institute for Justice and the Rule of Law\"},\"image\":{\"@id\":\"https:\/\/cms.soundme.app\/#\/schema\/logo\/image\/\"}}]}<\/script>\n<!-- \/ Yoast SEO plugin. -->","yoast_head_json":{"title":"Initiative de l\u2019IIJ sur le renforcement de comp\u00e9tences judiciaires : Atelier sur les \u00e9l\u00e9ments de preuves \u2013 Afrique de l\u2019Ouest - L&#039;Institut International pour La Justice et l&#039;Etat de Droit","robots":{"index":"index","follow":"follow","max-snippet":"max-snippet:-1","max-image-preview":"max-image-preview:large","max-video-preview":"max-video-preview:-1"},"canonical":"https:\/\/52.28.163.17\/fr\/event\/iij-judicial-capacity-building-initiative-evidence-workshop-for-west-africa\/","og_locale":"fr_FR","og_type":"article","og_title":"Initiative de l\u2019IIJ sur le renforcement de comp\u00e9tences judiciaires : Atelier sur les \u00e9l\u00e9ments de preuves \u2013 Afrique de l\u2019Ouest - L&#039;Institut International pour La Justice et l&#039;Etat de Droit","og_description":"Du 25 au 27 juin 2019, l\u2019Institut international pour la justice et l\u2019\u00c9tat de droit (IIJ) a organis\u00e9 \u00e0 Dakar, au S\u00e9n\u00e9gal, un atelier r\u00e9gional sur les preuves. Cet atelier pour l\u2019Afrique de l\u2019Ouest, coorganis\u00e9 avec...","og_url":"https:\/\/52.28.163.17\/fr\/event\/iij-judicial-capacity-building-initiative-evidence-workshop-for-west-africa\/","og_site_name":"L&#039;Institut International pour La Justice et l&#039;Etat de Droit","article_modified_time":"2021-11-05T18:15:02+00:00","og_image":[{"width":1920,"height":1080,"url":"https:\/\/52.28.163.17\/wp-content\/uploads\/2021\/09\/Open.jpg","type":"image\/jpeg"}],"twitter_card":"summary_large_image","twitter_misc":{"Dur\u00e9e de lecture estim\u00e9e":"4 minutes"},"schema":{"@context":"https:\/\/schema.org","@graph":[{"@type":"WebPage","@id":"https:\/\/52.28.163.17\/fr\/event\/iij-judicial-capacity-building-initiative-evidence-workshop-for-west-africa\/","url":"https:\/\/52.28.163.17\/fr\/event\/iij-judicial-capacity-building-initiative-evidence-workshop-for-west-africa\/","name":"Initiative de l\u2019IIJ sur le renforcement de comp\u00e9tences judiciaires : Atelier sur les \u00e9l\u00e9ments de preuves \u2013 Afrique de l\u2019Ouest - L&#039;Institut International pour La Justice et l&#039;Etat de Droit","isPartOf":{"@id":"https:\/\/cms.soundme.app\/#website"},"primaryImageOfPage":{"@id":"https:\/\/52.28.163.17\/fr\/event\/iij-judicial-capacity-building-initiative-evidence-workshop-for-west-africa\/#primaryimage"},"image":{"@id":"https:\/\/52.28.163.17\/fr\/event\/iij-judicial-capacity-building-initiative-evidence-workshop-for-west-africa\/#primaryimage"},"thumbnailUrl":"https:\/\/theiij.org\/wp-content\/uploads\/2021\/09\/Open.jpg","datePublished":"2019-06-27T17:48:00+00:00","dateModified":"2021-11-05T18:15:02+00:00","breadcrumb":{"@id":"https:\/\/52.28.163.17\/fr\/event\/iij-judicial-capacity-building-initiative-evidence-workshop-for-west-africa\/#breadcrumb"},"inLanguage":"fr-FR","potentialAction":[{"@type":"ReadAction","target":["https:\/\/52.28.163.17\/fr\/event\/iij-judicial-capacity-building-initiative-evidence-workshop-for-west-africa\/"]}]},{"@type":"ImageObject","inLanguage":"fr-FR","@id":"https:\/\/52.28.163.17\/fr\/event\/iij-judicial-capacity-building-initiative-evidence-workshop-for-west-africa\/#primaryimage","url":"https:\/\/theiij.org\/wp-content\/uploads\/2021\/09\/Open.jpg","contentUrl":"https:\/\/theiij.org\/wp-content\/uploads\/2021\/09\/Open.jpg","width":1920,"height":1080},{"@type":"BreadcrumbList","@id":"https:\/\/52.28.163.17\/fr\/event\/iij-judicial-capacity-building-initiative-evidence-workshop-for-west-africa\/#breadcrumb","itemListElement":[{"@type":"ListItem","position":1,"name":"Home","item":"https:\/\/theiij.org\/fr\/"},{"@type":"ListItem","position":2,"name":"Initiative de l\u2019IIJ sur le renforcement de comp\u00e9tences judiciaires : Atelier sur les \u00e9l\u00e9ments de preuves \u2013 Afrique de l\u2019Ouest"}]},{"@type":"WebSite","@id":"https:\/\/cms.soundme.app\/#website","url":"https:\/\/cms.soundme.app\/","name":"The International Institute for Justice and the Rule of Law","description":"Building the Capacity of Criminal Justice Practitioners","publisher":{"@id":"https:\/\/cms.soundme.app\/#organization"},"potentialAction":[{"@type":"SearchAction","target":{"@type":"EntryPoint","urlTemplate":"https:\/\/cms.soundme.app\/?s={search_term_string}"},"query-input":{"@type":"PropertyValueSpecification","valueRequired":true,"valueName":"search_term_string"}}],"inLanguage":"fr-FR"},{"@type":"Organization","@id":"https:\/\/cms.soundme.app\/#organization","name":"The International Institute for Justice and the Rule of Law","url":"https:\/\/cms.soundme.app\/","logo":{"@type":"ImageObject","inLanguage":"fr-FR","@id":"https:\/\/cms.soundme.app\/#\/schema\/logo\/image\/","url":"https:\/\/theiij.org\/wp-content\/uploads\/2024\/06\/IIJ-Logo.svg","contentUrl":"https:\/\/theiij.org\/wp-content\/uploads\/2024\/06\/IIJ-Logo.svg","caption":"The International Institute for Justice and the Rule of Law"},"image":{"@id":"https:\/\/cms.soundme.app\/#\/schema\/logo\/image\/"}}]}},"_links":{"self":[{"href":"https:\/\/theiij.org\/fr\/wp-json\/wp\/v2\/event\/6770","targetHints":{"allow":["GET"]}}],"collection":[{"href":"https:\/\/theiij.org\/fr\/wp-json\/wp\/v2\/event"}],"about":[{"href":"https:\/\/theiij.org\/fr\/wp-json\/wp\/v2\/types\/event"}],"wp:featuredmedia":[{"embeddable":true,"href":"https:\/\/theiij.org\/fr\/wp-json\/wp\/v2\/media\/3620"}],"wp:attachment":[{"href":"https:\/\/theiij.org\/fr\/wp-json\/wp\/v2\/media?parent=6770"}],"wp:term":[{"taxonomy":"event_type","embeddable":true,"href":"https:\/\/theiij.org\/fr\/wp-json\/wp\/v2\/event_type?post=6770"},{"taxonomy":"event_topic","embeddable":true,"href":"https:\/\/theiij.org\/fr\/wp-json\/wp\/v2\/event_topic?post=6770"},{"taxonomy":"pages_relationship","embeddable":true,"href":"https:\/\/theiij.org\/fr\/wp-json\/wp\/v2\/pages_relationship?post=6770"},{"taxonomy":"event_category","embeddable":true,"href":"https:\/\/theiij.org\/fr\/wp-json\/wp\/v2\/event_category?post=6770"}],"curies":[{"name":"wp","href":"https:\/\/api.w.org\/{rel}","templated":true}]}}