{"id":6780,"date":"2019-03-29T17:18:00","date_gmt":"2019-03-29T17:18:00","guid":{"rendered":"https:\/\/iij.fifthtribe.com\/event\/iij-core-curriculum-successful-prosecution-of-terrorism-cases-curriculum-development-expert-meeting\/"},"modified":"2021-11-05T18:05:18","modified_gmt":"2021-11-05T18:05:18","slug":"iij-core-curriculum-successful-prosecution-of-terrorism-cases-curriculum-development-expert-meeting","status":"publish","type":"event","link":"https:\/\/theiij.org\/fr\/event\/iij-core-curriculum-successful-prosecution-of-terrorism-cases-curriculum-development-expert-meeting\/","title":{"rendered":"Programme d\u2019\u00e9tudes de l\u2019IIJ : Poursuite r\u00e9ussie des affaires de terrorisme \u2013 R\u00e9union d\u2019experts sur le d\u00e9veloppement du programme"},"content":{"rendered":"\n<p>Les 28 et 29 mars 2019, l\u2019Institut international pour la justice et l\u2019\u00c9tat de droit (IIJ) a convoqu\u00e9 une r\u00e9union d\u2019experts sur l\u2019\u00e9laboration d\u2019un nouveau cours fondamental portant sur les poursuites r\u00e9ussies dans les affaires de terrorisme. Cette r\u00e9union d\u2019experts, qui s\u2019est tenue \u00e0 La Valette, Malte, a rassembl\u00e9 27 praticiens (dont des enqu\u00eateurs, des procureurs, des juges et des avocats \u2013 tous dot\u00e9s d\u2019une exp\u00e9rience inestimable dans les affaires de terrorisme) de 23 pays d\u2019Afrique du Nord, de l\u2019Ouest et de l\u2019Est, d\u2019Asie du Sud-Est, d\u2019Europe et d\u2019Am\u00e9rique du Nord.<\/p>\n\n\n\n<p>Au cours de cette r\u00e9union de deux jours, les praticiens ont partag\u00e9 leurs exp\u00e9riences et les difficult\u00e9s rencontr\u00e9es dans les enqu\u00eates, les poursuites, la d\u00e9fense et le jugement des affaires de terrorisme. Pr\u00e9sentant des cas r\u00e9els dans lesquels ils ont eux-m\u00eames jou\u00e9 un r\u00f4le, les praticiens ont discut\u00e9 de la mani\u00e8re dont leurs syst\u00e8mes juridiques respectifs abordent les principaux d\u00e9fis qui se posent dans les poursuites pour terrorisme. Les praticiens ont apport\u00e9 une contribution significative au d\u00e9veloppement du nouveau programme d\u2019\u00e9tudes principal, que l\u2019IIJ offrira aux praticiens du secteur de la justice deux fois par an, \u00e0 partir de septembre 2019.<\/p>\n\n\n\n<figure class=\"wp-block-image\"><img decoding=\"async\" src=\"https:\/\/mlqwhsp1u9p8.i.optimole.com\/pCBxbW8-QUucXvcg\/w:auto\/h:auto\/q:auto\/http:\/\/657.0cb.myftpupload.com\/wp-content\/uploads\/1417.jpg\" alt=\"_286\"\/><\/figure>\n","protected":false},"featured_media":3547,"template":"","event_type":[187],"event_topic":[211],"pages_relationship":[81],"event_category":[],"class_list":["post-6780","event","type-event","status-publish","has-post-thumbnail","hentry","event_type-workshops-fr","event_topic-core-fr","pages_relationship-iij-core-course"],"acf":[],"yoast_head":"<!-- This site is optimized with the Yoast SEO plugin v26.5 - https:\/\/yoast.com\/wordpress\/plugins\/seo\/ -->\n<title>Programme d\u2019\u00e9tudes de l\u2019IIJ : Poursuite r\u00e9ussie des affaires de terrorisme \u2013 R\u00e9union d\u2019experts sur le d\u00e9veloppement du programme - L&#039;Institut International pour La Justice et l&#039;Etat de Droit<\/title>\n<meta name=\"robots\" content=\"index, follow, max-snippet:-1, max-image-preview:large, max-video-preview:-1\" \/>\n<link rel=\"canonical\" href=\"https:\/\/52.28.163.17\/fr\/event\/iij-core-curriculum-successful-prosecution-of-terrorism-cases-curriculum-development-expert-meeting\/\" \/>\n<meta property=\"og:locale\" content=\"fr_FR\" \/>\n<meta property=\"og:type\" content=\"article\" \/>\n<meta property=\"og:title\" content=\"Programme d\u2019\u00e9tudes de l\u2019IIJ : Poursuite r\u00e9ussie des affaires de terrorisme \u2013 R\u00e9union d\u2019experts sur le d\u00e9veloppement du programme - L&#039;Institut International pour La Justice et l&#039;Etat de Droit\" \/>\n<meta property=\"og:description\" content=\"Les 28 et 29 mars 2019, l\u2019Institut international pour la justice et l\u2019\u00c9tat de droit (IIJ) a convoqu\u00e9 une r\u00e9union d\u2019experts sur l\u2019\u00e9laboration d\u2019un nouveau cours fondamental portant sur les poursuites r\u00e9ussies dans les affaires de...\" \/>\n<meta property=\"og:url\" content=\"https:\/\/52.28.163.17\/fr\/event\/iij-core-curriculum-successful-prosecution-of-terrorism-cases-curriculum-development-expert-meeting\/\" \/>\n<meta property=\"og:site_name\" content=\"L&#039;Institut International pour La Justice et l&#039;Etat de Droit\" \/>\n<meta property=\"article:modified_time\" content=\"2021-11-05T18:05:18+00:00\" \/>\n<meta property=\"og:image\" content=\"https:\/\/52.28.163.17\/wp-content\/uploads\/2021\/09\/1417.jpg\" \/>\n\t<meta property=\"og:image:width\" content=\"1920\" \/>\n\t<meta property=\"og:image:height\" content=\"1079\" \/>\n\t<meta property=\"og:image:type\" content=\"image\/jpeg\" \/>\n<meta name=\"twitter:card\" content=\"summary_large_image\" \/>\n<meta name=\"twitter:label1\" content=\"Dur\u00e9e de lecture estim\u00e9e\" \/>\n\t<meta name=\"twitter:data1\" content=\"2 minutes\" \/>\n<script type=\"application\/ld+json\" class=\"yoast-schema-graph\">{\"@context\":\"https:\/\/schema.org\",\"@graph\":[{\"@type\":\"WebPage\",\"@id\":\"https:\/\/52.28.163.17\/fr\/event\/iij-core-curriculum-successful-prosecution-of-terrorism-cases-curriculum-development-expert-meeting\/\",\"url\":\"https:\/\/52.28.163.17\/fr\/event\/iij-core-curriculum-successful-prosecution-of-terrorism-cases-curriculum-development-expert-meeting\/\",\"name\":\"Programme d\u2019\u00e9tudes de l\u2019IIJ : Poursuite r\u00e9ussie des affaires de terrorisme \u2013 R\u00e9union d\u2019experts sur le d\u00e9veloppement du programme - L&#039;Institut International pour La Justice et l&#039;Etat de Droit\",\"isPartOf\":{\"@id\":\"https:\/\/cms.soundme.app\/#website\"},\"primaryImageOfPage\":{\"@id\":\"https:\/\/52.28.163.17\/fr\/event\/iij-core-curriculum-successful-prosecution-of-terrorism-cases-curriculum-development-expert-meeting\/#primaryimage\"},\"image\":{\"@id\":\"https:\/\/52.28.163.17\/fr\/event\/iij-core-curriculum-successful-prosecution-of-terrorism-cases-curriculum-development-expert-meeting\/#primaryimage\"},\"thumbnailUrl\":\"https:\/\/theiij.org\/wp-content\/uploads\/2021\/09\/1417.jpg\",\"datePublished\":\"2019-03-29T17:18:00+00:00\",\"dateModified\":\"2021-11-05T18:05:18+00:00\",\"breadcrumb\":{\"@id\":\"https:\/\/52.28.163.17\/fr\/event\/iij-core-curriculum-successful-prosecution-of-terrorism-cases-curriculum-development-expert-meeting\/#breadcrumb\"},\"inLanguage\":\"fr-FR\",\"potentialAction\":[{\"@type\":\"ReadAction\",\"target\":[\"https:\/\/52.28.163.17\/fr\/event\/iij-core-curriculum-successful-prosecution-of-terrorism-cases-curriculum-development-expert-meeting\/\"]}]},{\"@type\":\"ImageObject\",\"inLanguage\":\"fr-FR\",\"@id\":\"https:\/\/52.28.163.17\/fr\/event\/iij-core-curriculum-successful-prosecution-of-terrorism-cases-curriculum-development-expert-meeting\/#primaryimage\",\"url\":\"https:\/\/theiij.org\/wp-content\/uploads\/2021\/09\/1417.jpg\",\"contentUrl\":\"https:\/\/theiij.org\/wp-content\/uploads\/2021\/09\/1417.jpg\",\"width\":1920,\"height\":1079},{\"@type\":\"BreadcrumbList\",\"@id\":\"https:\/\/52.28.163.17\/fr\/event\/iij-core-curriculum-successful-prosecution-of-terrorism-cases-curriculum-development-expert-meeting\/#breadcrumb\",\"itemListElement\":[{\"@type\":\"ListItem\",\"position\":1,\"name\":\"Home\",\"item\":\"https:\/\/theiij.org\/fr\/\"},{\"@type\":\"ListItem\",\"position\":2,\"name\":\"Programme d\u2019\u00e9tudes de l\u2019IIJ : Poursuite r\u00e9ussie des affaires de terrorisme \u2013 R\u00e9union d\u2019experts sur le d\u00e9veloppement du programme\"}]},{\"@type\":\"WebSite\",\"@id\":\"https:\/\/cms.soundme.app\/#website\",\"url\":\"https:\/\/cms.soundme.app\/\",\"name\":\"The International Institute for Justice and the Rule of Law\",\"description\":\"Building the Capacity of Criminal Justice Practitioners\",\"publisher\":{\"@id\":\"https:\/\/cms.soundme.app\/#organization\"},\"potentialAction\":[{\"@type\":\"SearchAction\",\"target\":{\"@type\":\"EntryPoint\",\"urlTemplate\":\"https:\/\/cms.soundme.app\/?s={search_term_string}\"},\"query-input\":{\"@type\":\"PropertyValueSpecification\",\"valueRequired\":true,\"valueName\":\"search_term_string\"}}],\"inLanguage\":\"fr-FR\"},{\"@type\":\"Organization\",\"@id\":\"https:\/\/cms.soundme.app\/#organization\",\"name\":\"The International Institute for Justice and the Rule of Law\",\"url\":\"https:\/\/cms.soundme.app\/\",\"logo\":{\"@type\":\"ImageObject\",\"inLanguage\":\"fr-FR\",\"@id\":\"https:\/\/cms.soundme.app\/#\/schema\/logo\/image\/\",\"url\":\"https:\/\/theiij.org\/wp-content\/uploads\/2024\/06\/IIJ-Logo.svg\",\"contentUrl\":\"https:\/\/theiij.org\/wp-content\/uploads\/2024\/06\/IIJ-Logo.svg\",\"caption\":\"The International Institute for Justice and the Rule of Law\"},\"image\":{\"@id\":\"https:\/\/cms.soundme.app\/#\/schema\/logo\/image\/\"}}]}<\/script>\n<!-- \/ Yoast SEO plugin. -->","yoast_head_json":{"title":"Programme d\u2019\u00e9tudes de l\u2019IIJ : Poursuite r\u00e9ussie des affaires de terrorisme \u2013 R\u00e9union d\u2019experts sur le d\u00e9veloppement du programme - L&#039;Institut International pour La Justice et l&#039;Etat de Droit","robots":{"index":"index","follow":"follow","max-snippet":"max-snippet:-1","max-image-preview":"max-image-preview:large","max-video-preview":"max-video-preview:-1"},"canonical":"https:\/\/52.28.163.17\/fr\/event\/iij-core-curriculum-successful-prosecution-of-terrorism-cases-curriculum-development-expert-meeting\/","og_locale":"fr_FR","og_type":"article","og_title":"Programme d\u2019\u00e9tudes de l\u2019IIJ : Poursuite r\u00e9ussie des affaires de terrorisme \u2013 R\u00e9union d\u2019experts sur le d\u00e9veloppement du programme - L&#039;Institut International pour La Justice et l&#039;Etat de Droit","og_description":"Les 28 et 29 mars 2019, l\u2019Institut international pour la justice et l\u2019\u00c9tat de droit (IIJ) a convoqu\u00e9 une r\u00e9union d\u2019experts sur l\u2019\u00e9laboration d\u2019un nouveau cours fondamental portant sur les poursuites r\u00e9ussies dans les affaires de...","og_url":"https:\/\/52.28.163.17\/fr\/event\/iij-core-curriculum-successful-prosecution-of-terrorism-cases-curriculum-development-expert-meeting\/","og_site_name":"L&#039;Institut International pour La Justice et l&#039;Etat de Droit","article_modified_time":"2021-11-05T18:05:18+00:00","og_image":[{"width":1920,"height":1079,"url":"https:\/\/52.28.163.17\/wp-content\/uploads\/2021\/09\/1417.jpg","type":"image\/jpeg"}],"twitter_card":"summary_large_image","twitter_misc":{"Dur\u00e9e de lecture estim\u00e9e":"2 minutes"},"schema":{"@context":"https:\/\/schema.org","@graph":[{"@type":"WebPage","@id":"https:\/\/52.28.163.17\/fr\/event\/iij-core-curriculum-successful-prosecution-of-terrorism-cases-curriculum-development-expert-meeting\/","url":"https:\/\/52.28.163.17\/fr\/event\/iij-core-curriculum-successful-prosecution-of-terrorism-cases-curriculum-development-expert-meeting\/","name":"Programme d\u2019\u00e9tudes de l\u2019IIJ : Poursuite r\u00e9ussie des affaires de terrorisme \u2013 R\u00e9union d\u2019experts sur le d\u00e9veloppement du programme - L&#039;Institut International pour La Justice et l&#039;Etat de Droit","isPartOf":{"@id":"https:\/\/cms.soundme.app\/#website"},"primaryImageOfPage":{"@id":"https:\/\/52.28.163.17\/fr\/event\/iij-core-curriculum-successful-prosecution-of-terrorism-cases-curriculum-development-expert-meeting\/#primaryimage"},"image":{"@id":"https:\/\/52.28.163.17\/fr\/event\/iij-core-curriculum-successful-prosecution-of-terrorism-cases-curriculum-development-expert-meeting\/#primaryimage"},"thumbnailUrl":"https:\/\/theiij.org\/wp-content\/uploads\/2021\/09\/1417.jpg","datePublished":"2019-03-29T17:18:00+00:00","dateModified":"2021-11-05T18:05:18+00:00","breadcrumb":{"@id":"https:\/\/52.28.163.17\/fr\/event\/iij-core-curriculum-successful-prosecution-of-terrorism-cases-curriculum-development-expert-meeting\/#breadcrumb"},"inLanguage":"fr-FR","potentialAction":[{"@type":"ReadAction","target":["https:\/\/52.28.163.17\/fr\/event\/iij-core-curriculum-successful-prosecution-of-terrorism-cases-curriculum-development-expert-meeting\/"]}]},{"@type":"ImageObject","inLanguage":"fr-FR","@id":"https:\/\/52.28.163.17\/fr\/event\/iij-core-curriculum-successful-prosecution-of-terrorism-cases-curriculum-development-expert-meeting\/#primaryimage","url":"https:\/\/theiij.org\/wp-content\/uploads\/2021\/09\/1417.jpg","contentUrl":"https:\/\/theiij.org\/wp-content\/uploads\/2021\/09\/1417.jpg","width":1920,"height":1079},{"@type":"BreadcrumbList","@id":"https:\/\/52.28.163.17\/fr\/event\/iij-core-curriculum-successful-prosecution-of-terrorism-cases-curriculum-development-expert-meeting\/#breadcrumb","itemListElement":[{"@type":"ListItem","position":1,"name":"Home","item":"https:\/\/theiij.org\/fr\/"},{"@type":"ListItem","position":2,"name":"Programme d\u2019\u00e9tudes de l\u2019IIJ : Poursuite r\u00e9ussie des affaires de terrorisme \u2013 R\u00e9union d\u2019experts sur le d\u00e9veloppement du programme"}]},{"@type":"WebSite","@id":"https:\/\/cms.soundme.app\/#website","url":"https:\/\/cms.soundme.app\/","name":"The International Institute for Justice and the Rule of Law","description":"Building the Capacity of Criminal Justice Practitioners","publisher":{"@id":"https:\/\/cms.soundme.app\/#organization"},"potentialAction":[{"@type":"SearchAction","target":{"@type":"EntryPoint","urlTemplate":"https:\/\/cms.soundme.app\/?s={search_term_string}"},"query-input":{"@type":"PropertyValueSpecification","valueRequired":true,"valueName":"search_term_string"}}],"inLanguage":"fr-FR"},{"@type":"Organization","@id":"https:\/\/cms.soundme.app\/#organization","name":"The International Institute for Justice and the Rule of Law","url":"https:\/\/cms.soundme.app\/","logo":{"@type":"ImageObject","inLanguage":"fr-FR","@id":"https:\/\/cms.soundme.app\/#\/schema\/logo\/image\/","url":"https:\/\/theiij.org\/wp-content\/uploads\/2024\/06\/IIJ-Logo.svg","contentUrl":"https:\/\/theiij.org\/wp-content\/uploads\/2024\/06\/IIJ-Logo.svg","caption":"The International Institute for Justice and the Rule of Law"},"image":{"@id":"https:\/\/cms.soundme.app\/#\/schema\/logo\/image\/"}}]}},"_links":{"self":[{"href":"https:\/\/theiij.org\/fr\/wp-json\/wp\/v2\/event\/6780","targetHints":{"allow":["GET"]}}],"collection":[{"href":"https:\/\/theiij.org\/fr\/wp-json\/wp\/v2\/event"}],"about":[{"href":"https:\/\/theiij.org\/fr\/wp-json\/wp\/v2\/types\/event"}],"wp:featuredmedia":[{"embeddable":true,"href":"https:\/\/theiij.org\/fr\/wp-json\/wp\/v2\/media\/3547"}],"wp:attachment":[{"href":"https:\/\/theiij.org\/fr\/wp-json\/wp\/v2\/media?parent=6780"}],"wp:term":[{"taxonomy":"event_type","embeddable":true,"href":"https:\/\/theiij.org\/fr\/wp-json\/wp\/v2\/event_type?post=6780"},{"taxonomy":"event_topic","embeddable":true,"href":"https:\/\/theiij.org\/fr\/wp-json\/wp\/v2\/event_topic?post=6780"},{"taxonomy":"pages_relationship","embeddable":true,"href":"https:\/\/theiij.org\/fr\/wp-json\/wp\/v2\/pages_relationship?post=6780"},{"taxonomy":"event_category","embeddable":true,"href":"https:\/\/theiij.org\/fr\/wp-json\/wp\/v2\/event_category?post=6780"}],"curies":[{"name":"wp","href":"https:\/\/api.w.org\/{rel}","templated":true}]}}